{"id":820,"date":"2018-09-20T11:23:09","date_gmt":"2018-09-20T09:23:09","guid":{"rendered":"http:\/\/www.utb.almega.se\/?page_id=820"},"modified":"2023-06-09T08:43:08","modified_gmt":"2023-06-09T06:43:08","slug":"om-webbplatsen","status":"publish","type":"page","link":"https:\/\/www.utbildningsforetagen.se\/om-oss\/om-webbplatsen\/","title":{"rendered":"Om webbplatsen"},"content":{"rendered":"<div class=\"wp-block wp-block-core-heading\" id=\"om-webbplatsen\">\n<h1 class=\"wp-block-heading\">Om webbplatsen<\/h1>\n<\/div>\n\n\n<div class=\"wp-block-columns is-layout-flex wp-container-core-columns-is-layout-9d6595d7 wp-block-columns-is-layout-flex\">\n<div class=\"wp-block-column is-layout-flow wp-block-column-is-layout-flow\"><\/div>\n<\/div>\n\n\n\n<div class=\"wp-block-columns is-layout-flex wp-container-core-columns-is-layout-9d6595d7 wp-block-columns-is-layout-flex\">\n<div class=\"wp-block-column is-layout-flow wp-block-column-is-layout-flow\" style=\"flex-basis:66.66%\"><div class=\"wp-block wp-block-core-paragraph\">\n<p class=\"has-excerpt-font-size\">Tack f\u00f6r att du bes\u00f6ker v\u00e5r webbplats, som \u00e4gs av Utbildningsf\u00f6retagen inom Almega. Har du fr\u00e5gor, synpunkter, eller tips till oss som arbetar med webbplatsen \u00e4r du alltid v\u00e4lkommen att kontakta oss.<\/p>\n<\/div>\n\n<div id=\"block-accordion-block_f2843d70aa5025b4293fe96398ab3e29\" class=\"block-accordion container\">\n      <div class=\"Accordion\">\n      <div class=\"Accordion__rows\">\n                            <div class=\"Accordion__row\" itemscope itemprop=\"mainEntity\" itemtype=\"https:\/\/schema.org\/Question\">\n            <h3 class=\"Accordion__title\" itemprop=\"name\">\n              <button class=\"Button--unstyled togglehandle\" data-toggle=\"collapse\" data-target=\"vi-anvander-oss-av-cookies-vad-ar-det\" aria-expanded=\"false\">\n                Vi anv\u00e4nder oss av Cookies \u2013 vad \u00e4r det?\n              <\/button>\n            <\/h3>\n            <div class=\"Accordion__text collapse\" id=\"vi-anvander-oss-av-cookies-vad-ar-det\" itemscope itemprop=\"acceptedAnswer\" itemtype=\"https:\/\/schema.org\/Answer\">\n              <div itemprop=\"text\">\n                <p><strong>Vad \u00e4r en kaka?<\/strong><\/p>\n<p>En kaka \u00e4r en liten textfil som webbplatser du bes\u00f6ker beg\u00e4r att f\u00e5 lagra p\u00e5 din dator. Kakor inneh\u00e5ller information och anv\u00e4nds f\u00f6r att ge dig som bes\u00f6kare tillg\u00e5ng till olika funktioner. Informationen i kakan anv\u00e4nder vi ocks\u00e5 f\u00f6r att samla in statistik om ditt surfande p\u00e5 v\u00e5r sajt. Den informationen anv\u00e4nder vi i v\u00e5rt arbete med att l\u00e4ra oss mer om v\u00e5ra bes\u00f6kare och i arbetet med utvecklingen av webbplatsen.<\/p>\n<p><strong>Kakor p\u00e5 v\u00e5r webbplats<\/strong><\/p>\n<p>Vi anv\u00e4nder kakor f\u00f6r webbanalys i syfte att f\u00f6rst\u00e5 hur webbplatsen anv\u00e4nds och f\u00f6r att f\u00f6rb\u00e4ttra webbplatsens funktionalitet.<\/p>\n<p><strong>S\u00e5 f\u00f6rhindrar du att kakor lagras<\/strong><\/p>\n<p>Om du inte vill till\u00e5ta lagring av kakor p\u00e5 din dator kan du st\u00e4nga av funktionen i din webbl\u00e4sares inst\u00e4llningar, \u201dPrivat surfning\u201d. Detta inneb\u00e4r dock att vissa funktioner p\u00e5 v\u00e5r webbplats inte kommer att fungera f\u00f6r dig.<\/p>\n<ul>\n<li>Du kan n\u00e4r som helst radera kakor fr\u00e5n din webbl\u00e4sare.<\/li>\n<li>Du kan \u00e4ndra inst\u00e4llningarna i din webbl\u00e4sare s\u00e5 att den inte till\u00e5ter att kakor sparas.<\/li>\n<li>Du kan ladda ner ett insticksprogram till din webbl\u00e4sare som g\u00f6r att Google Analytics inte\u00a0kommer att skriva kakor till din webbl\u00e4sare eller sp\u00e5ra hur du anv\u00e4nder webbplatsen. Det g\u00e4ller f\u00f6r alla webbplatser du bes\u00f6ker.<\/li>\n<\/ul>\n<p><strong>Mer om kakor<\/strong><\/p>\n<p>Allm\u00e4n information om kakor och om lagen om elektronisk information finns p\u00e5\u00a0<a href=\"http:\/\/www.pts.se\/pts\/Templates\/Page.aspx?id=35080&amp;epslanguage=SV\">Post- och telestyrelsens webbplats<\/a><\/p>\n\n              <\/div>\n            <\/div>\n          <\/div>\n                            <div class=\"Accordion__row\" itemscope itemprop=\"mainEntity\" itemtype=\"https:\/\/schema.org\/Question\">\n            <h3 class=\"Accordion__title\" itemprop=\"name\">\n              <button class=\"Button--unstyled togglehandle\" data-toggle=\"collapse\" data-target=\"inloggning-varfor-det\" aria-expanded=\"false\">\n                Inloggning \u2013 varf\u00f6r det?\n              <\/button>\n            <\/h3>\n            <div class=\"Accordion__text collapse\" id=\"inloggning-varfor-det\" itemscope itemprop=\"acceptedAnswer\" itemtype=\"https:\/\/schema.org\/Answer\">\n              <div itemprop=\"text\">\n                <p>Inloggningen har ingenting med sekretess att g\u00f6ra utan enbart f\u00f6r att g\u00f6ra det l\u00e4ttare f\u00f6r dig. Vi beh\u00f6ver veta vem du \u00e4r s\u00e5 att du f\u00e5r den f\u00e5r den information som\u00a0ber\u00f6r just dig och ditt f\u00f6retag.<\/p>\n\n              <\/div>\n            <\/div>\n          <\/div>\n              <\/div>\n    <\/div>\n  <\/div>\n<\/div>\n\n\n\n<div class=\"wp-block-column is-layout-flow wp-block-column-is-layout-flow\" style=\"flex-basis:33.33%\"><div class=\"wp-block wp-block-core-heading\" id=\"kontaktperson\">\n<h4 class=\"wp-block-heading\">Kontaktperson<\/h4>\n<\/div>\n\n<div id=\"block-contact-block_ea7ccfa9df1c8f2bdd8edf6f20614758\" class=\"Contact\">\n      <div class=\"Contact__title\">\n      \n    <\/div>\n    <div class=\" row \">\n              <div class=\"col-lg-12 pb-md-4 pb-3\">\n          <div class=\"Contact-card  \">\n          <div class=\"Contact-card__body\">\n      <h2 class=\"Contact-card__title\">Fredric Sk\u00e4lstad<\/h2>\n      <p class=\"mb-0\">N\u00e4ringspolitisk chef Kompetensf\u00f6retagen<\/p>\n      \n              <p class=\"mb-2\">Stockholm<\/p>\n                    <p>\n                      <a href=\"tel:+46 8 762 66 12\">+46 8 762 66 12<\/a>\n                                <a href=\"tel:+46 70 541 32 68\">+46 70 541 32 68<\/a>\n                                <a href=\"mailto:fredric.skalstad@kompetensforetagen.se\">E-post<\/a>\n                  <\/p>\n            <a href=\"https:\/\/www.utbildningsforetagen.se\/person\/fredricskalstad\/\" class=\"Contact-card__link\">\n        <div class=\"Contact-card__arrow\">\n          <p class=\"Contact-card__arrow__text\">L\u00e4s mer<\/p>\n          <div class=\"Contact-card__arrow__line\"><\/div>\n          <svg class='icon icon--arrow-tip'  width=\"11\" height=\"16\" viewBox=\"0 0 11 16\" fill=\"none\" xmlns=\"http:\/\/www.w3.org\/2000\/svg\">\n<path d=\"M0.858398 15L9.2304 7.99664L0.967732 1.00001\" stroke=\"black\" stroke-width=\"2\" stroke-miterlimit=\"10\"\/>\n<\/svg>\n\n          <\/div>\n      <\/a>\n\n      \n    <\/div>\n  <\/div>\n        <\/div>\n          <\/div>\n    <\/div>\n<\/div>\n<\/div>\n\n\n\n<div class=\"wp-block-columns is-layout-flex wp-container-core-columns-is-layout-9d6595d7 wp-block-columns-is-layout-flex\">\n<div class=\"wp-block-column is-layout-flow wp-block-column-is-layout-flow\"><\/div>\n<\/div>\n\n\n\n<div class=\"wp-block-columns is-layout-flex wp-container-core-columns-is-layout-9d6595d7 wp-block-columns-is-layout-flex\">\n<div class=\"wp-block-column is-layout-flow wp-block-column-is-layout-flow\"><\/div>\n<\/div>\n\n\n<div class=\"wp-block wp-block-core-paragraph\">\n<p class=\"has-excerpt-font-size\">F\u00f6r Almega och Almegas f\u00f6rbund \u00e4r personlig integritet viktigt. F\u00f6r oss \u00e4r det viktigt att du kan k\u00e4nna dig trygg med hur dina personuppgifter behandlas hos oss. Vi vill d\u00e4rf\u00f6r alltid efterstr\u00e4va en h\u00f6g niv\u00e5 av skydd f\u00f6r dina personuppgifter. I denna dataskyddspolicy informerar vi om hur vi samlar in och anv\u00e4nder dina personuppgifter. Vi beskriver ocks\u00e5 dina r\u00e4ttigheter och hur du kan g\u00f6ra dem g\u00e4llande.<\/p>\n<\/div>\n\n<div class=\"wp-block wp-block-core-paragraph\">\n<p>Almega och f\u00f6rbunden \u00e4r gemensamt personuppgiftsansvariga f\u00f6r behandlingen av dina personuppgifter.<\/p>\n<\/div>\n\n<div class=\"wp-block wp-block-core-paragraph\">\n<p>Du \u00e4r alltid v\u00e4lkommen att kontakta oss om du har fr\u00e5gor om hur vi behandlar dina personuppgifter.<\/p>\n<\/div>\n\n\n<div class=\"wp-block-columns is-layout-flex wp-container-core-columns-is-layout-9d6595d7 wp-block-columns-is-layout-flex\">\n<div class=\"wp-block-column is-layout-flow wp-block-column-is-layout-flow\"><\/div>\n<\/div>\n\n\n\n<div class=\"wp-block-group has-green-background-color has-background is-layout-constrained wp-block-group-is-layout-constrained\">\n<div class=\"wp-block-columns has-green-background-color has-background is-layout-flex wp-container-core-columns-is-layout-9d6595d7 wp-block-columns-is-layout-flex\">\n<div class=\"wp-block-column is-layout-flow wp-block-column-is-layout-flow\"><div id=\"block-accordion-block_880b694a95067758173ff88f0c445a23\" class=\"block-accordion container\">\n      <div class=\"Accordion\">\n      <div class=\"Accordion__rows\">\n                            <div class=\"Accordion__row\" itemscope itemprop=\"mainEntity\" itemtype=\"https:\/\/schema.org\/Question\">\n            <h3 class=\"Accordion__title\" itemprop=\"name\">\n              <button class=\"Button--unstyled togglehandle\" data-toggle=\"collapse\" data-target=\"vad-ar-en-personuppgift-och-vad-ar-en-behandling-av-personuppgifter\" aria-expanded=\"false\">\n                Vad \u00e4r en personuppgift och vad \u00e4r en behandling av personuppgifter?\n              <\/button>\n            <\/h3>\n            <div class=\"Accordion__text collapse\" id=\"vad-ar-en-personuppgift-och-vad-ar-en-behandling-av-personuppgifter\" itemscope itemprop=\"acceptedAnswer\" itemtype=\"https:\/\/schema.org\/Answer\">\n              <div itemprop=\"text\">\n                <p>Alla uppgifter som direkt eller indirekt kan h\u00e4rledas till en fysisk person som \u00e4r i livet \u00e4r en personuppgift. Det \u00e4r exempelvis namn, epost-adresser och personnummer men ocks\u00e5 bilder och anv\u00e4ndarnamn i digitala medier.<\/p>\n<p>Behandling av personuppgifter \u00e4r alla \u00e5tg\u00e4rder som sker med personuppgifterna i IT-system, oavsett om det handlar om mobila enheter eller datorer. Det handlar till exempel om insamling, registrering, l\u00e4sning, strukturering, lagring, bearbetning, \u00f6verf\u00f6ring och radering m m. I vissa fall kan \u00e4ven \u00e5tg\u00e4rder som sker utanf\u00f6r IT-systemen ses som behandling. Det g\u00e4ller n\u00e4r personuppgifter ing\u00e5r i register.<\/p>\n\n              <\/div>\n            <\/div>\n          <\/div>\n                            <div class=\"Accordion__row\" itemscope itemprop=\"mainEntity\" itemtype=\"https:\/\/schema.org\/Question\">\n            <h3 class=\"Accordion__title\" itemprop=\"name\">\n              <button class=\"Button--unstyled togglehandle\" data-toggle=\"collapse\" data-target=\"personuppgiftsansvarig\" aria-expanded=\"false\">\n                Personuppgiftsansvarig\n              <\/button>\n            <\/h3>\n            <div class=\"Accordion__text collapse\" id=\"personuppgiftsansvarig\" itemscope itemprop=\"acceptedAnswer\" itemtype=\"https:\/\/schema.org\/Answer\">\n              <div itemprop=\"text\">\n                <p>F\u00f6r de behandlingar som sker inom Almega och Almegas f\u00f6rbund \u00e4r Almega personuppgiftsansvarig. (Almega AB, Box 55545, 102 04 Stockholm org. nr. 556334-0941) F\u00f6r vissa behandlingar, s\u00e5som t ex medlemsregistret, \u00e4r vi gemensamt personuppgiftsansvariga tillsammans med \u00f6vriga organisationer i Svenskt N\u00e4ringsliv.<\/p>\n<p><a href=\"https:\/\/medlem.arbetsgivarguiden.se\/subjects\/190?mof=ALM\" target=\"_blank\" rel=\"noopener\">L\u00e4s mer om personuppgiftsansvarig<\/a>.<\/p>\n\n              <\/div>\n            <\/div>\n          <\/div>\n                            <div class=\"Accordion__row\" itemscope itemprop=\"mainEntity\" itemtype=\"https:\/\/schema.org\/Question\">\n            <h3 class=\"Accordion__title\" itemprop=\"name\">\n              <button class=\"Button--unstyled togglehandle\" data-toggle=\"collapse\" data-target=\"vilka-personuppgifter-samlar-vi-in-om-dig-och-varfor\" aria-expanded=\"false\">\n                Vilka personuppgifter samlar vi in om dig och varf\u00f6r?\n              <\/button>\n            <\/h3>\n            <div class=\"Accordion__text collapse\" id=\"vilka-personuppgifter-samlar-vi-in-om-dig-och-varfor\" itemscope itemprop=\"acceptedAnswer\" itemtype=\"https:\/\/schema.org\/Answer\">\n              <div itemprop=\"text\">\n                <p><strong>Generellt <\/strong><\/p>\n<p>Vi behandlar i huvudsak ditt namn, din e-postadress, ditt telefonnummer och din befattning. Ibland kan ytterligare information behandlas, till exempel om du \u00e4r riksdagsledamot eller lokalpolitiker, men bara om du sj\u00e4lv kan anses ha offentliggjort informationen. Vi behandlar \u00e4ven vissa personuppgifter vid kontakt med oss som till exempel n\u00e4r du blir medlem i n\u00e5got av Almegas f\u00f6rbund. Andra personuppgifter som kan komma att behandlas r\u00f6r kontakter med f\u00f6rhandlare och jurister i Almegas r\u00e5dgivning. Om du skapar ett anv\u00e4ndarkonto, i till exempel Arbetsgivarguiden hos oss kommer vi \u00e4ven behandla dessa kontouppgifter. Vid olika event och seminarier kommer \u00e4ven personuppgifter att behandlas.<\/p>\n<p>Vi behandlar dina personuppgifter i syfte att tillhandah\u00e5lla de tj\u00e4nster och produkter du har beg\u00e4rt (exempelvis ett nyhetsbrev, r\u00e5dgivning, juridisk hj\u00e4lp eller deltagande i en utbildning). Vi kommer \u00e4ven behandla dina personuppgifter f\u00f6r att v\u00e5rda och administrera v\u00e5r relation med dig samt, i till\u00e4mpliga fall, f\u00f6r att administrera avtalet med dig eller med din arbetsgivare. Vi kan \u00e4ven komma att informera dig om v\u00e5ra kurser, evenemang och annat som vi finner ligga i s\u00e5v\u00e4l ditt som v\u00e5rt intresse. Det kan ocks\u00e5 f\u00f6rekomma att vi skickar ut enk\u00e4ter f\u00f6r att utv\u00e4rdera kurser, seminarier och andra aktiviteter eller tj\u00e4nster.<\/p>\n<p>D\u00e4rut\u00f6ver kan vi \u00e4ven komma att anv\u00e4nda dina personuppgifter f\u00f6r att informera dig om produkter och tj\u00e4nster som vi erbjuder och som kan vara av intresse f\u00f6r dig.<\/p>\n<p>Almega och Almegas f\u00f6rbund behandlar alltid dina personuppgifter i enlighet med till\u00e4mplig lagstiftning. Vi behandlar dina personuppgifter d\u00e5 det \u00e4r n\u00f6dv\u00e4ndigt f\u00f6r att fullg\u00f6ra ett avtal med dig eller svara p\u00e5 din beg\u00e4ran om service eller d\u00e5 vi har ett annat legitimt och ber\u00e4ttigat intresse av att behandla dina personuppgifter, t ex ett intresse av att f\u00e5 marknadsf\u00f6ra v\u00e5ra tj\u00e4nster.<\/p>\n<p>Om Almega och Almegas f\u00f6rbund skulle behandla dina personuppgifter f\u00f6r n\u00e5got \u00e4ndam\u00e5l som kr\u00e4ver ditt samtycke kommer vi att inh\u00e4mta ditt samtycke i f\u00f6rv\u00e4g. Vissa personuppgifter kan vara obligatoriska att tillhandah\u00e5lla, t ex f\u00f6r att vi ska kunna tillhandah\u00e5lla en tj\u00e4nst eller fullg\u00f6ra en annan beg\u00e4ran fr\u00e5n dig. Detta kommer d\u00e5 att anges eller framg\u00e5 i samband med att uppgifterna samlas in.<\/p>\n<p><strong>F\u00f6r medarbetare i medlemsf\u00f6retag <\/strong><\/p>\n<p>F\u00f6r medarbetare i medlemsf\u00f6retag kan vi komma att behandla personuppgifter \u00e4ven p\u00e5 andra s\u00e4tt \u00e4n vad som n\u00e4mnts ovan. Detta \u00e4r fr\u00e4mst kopplat till arbetsgivarens medlemskap i n\u00e5got av Almegas f\u00f6rbund och g\u00e4ller f\u00f6r olika kontaktpersoner. Uppgifter om kontaktpersoner kan beh\u00f6vas f\u00f6r att hantera medlemskapet och fr\u00e5gor kopplade till det. Det kan r\u00f6ra exempelvis kontaktpersoner vid f\u00f6rhandlingar eller uppgifter kring medlemskap i olika arbetsgrupper.<\/p>\n\n              <\/div>\n            <\/div>\n          <\/div>\n                            <div class=\"Accordion__row\" itemscope itemprop=\"mainEntity\" itemtype=\"https:\/\/schema.org\/Question\">\n            <h3 class=\"Accordion__title\" itemprop=\"name\">\n              <button class=\"Button--unstyled togglehandle\" data-toggle=\"collapse\" data-target=\"fran-vilka-kallor-hamtar-vi-personuppgifter\" aria-expanded=\"false\">\n                Fr\u00e5n vilka k\u00e4llor h\u00e4mtar vi personuppgifter?\n              <\/button>\n            <\/h3>\n            <div class=\"Accordion__text collapse\" id=\"fran-vilka-kallor-hamtar-vi-personuppgifter\" itemscope itemprop=\"acceptedAnswer\" itemtype=\"https:\/\/schema.org\/Answer\">\n              <div itemprop=\"text\">\n                <p>Insamling av dina personuppgifter sker exempelvis d\u00e5 du anger dina uppgifter i samband med att du anm\u00e4ler dig f\u00f6r att f\u00e5 nyhetsbrev, deltar p\u00e5 seminarier och andra event, best\u00e4ller tj\u00e4nster och\/eller produkter fr\u00e5n oss eller tar kontakt med oss i olika \u00e4renden. \u00c4ven n\u00e4r det f\u00f6retag du arbetar p\u00e5 ans\u00f6ker medlemskap eller redan \u00e4r medlem kan uppgifter samlas in om personer i ledande st\u00e4llning p\u00e5 f\u00f6retaget.<\/p>\n<p><strong>Ibland h\u00e4mtar vi uppgifter fr\u00e5n tredje part. Det g\u00e4ller t ex:<\/strong><\/p>\n<ul>\n<li>Uppgifter fr\u00e5n Bolagsverket via tj\u00e4nsten Bisnode<\/li>\n<li>Uppgifter fr\u00e5n fackliga organisationer<\/li>\n<li>Uppgifter fr\u00e5n Fora<\/li>\n<li>Uppgifter fr\u00e5n externa sidor<\/li>\n<\/ul>\n<p><strong>Kakor (cookies) <\/strong><\/p>\n<p>V\u00e5r webbplats anv\u00e4nder kakor (cookies). Vi m\u00e5ste enligt lag informera v\u00e5ra bes\u00f6kare om detta, vad kakorna anv\u00e4nds till och hur man kan v\u00e4lja bort dem. Mer information hittar du h\u00e4r (l\u00e4nk till webbplats)<\/p>\n\n              <\/div>\n            <\/div>\n          <\/div>\n                            <div class=\"Accordion__row\" itemscope itemprop=\"mainEntity\" itemtype=\"https:\/\/schema.org\/Question\">\n            <h3 class=\"Accordion__title\" itemprop=\"name\">\n              <button class=\"Button--unstyled togglehandle\" data-toggle=\"collapse\" data-target=\"vilka-kan-vi-komma-att-dela-dina-personuppgifter-med\" aria-expanded=\"false\">\n                Vilka kan vi komma att dela dina personuppgifter med?\n              <\/button>\n            <\/h3>\n            <div class=\"Accordion__text collapse\" id=\"vilka-kan-vi-komma-att-dela-dina-personuppgifter-med\" itemscope itemprop=\"acceptedAnswer\" itemtype=\"https:\/\/schema.org\/Answer\">\n              <div itemprop=\"text\">\n                <p><strong>Personuppgiftsbitr\u00e4den<\/strong><\/p>\n<p>I en del situationer \u00e4r det n\u00f6dv\u00e4ndigt f\u00f6r oss att anlita andra parter f\u00f6r att kunna utf\u00f6ra v\u00e5rt arbete. Det handlar exempelvis om att vi anv\u00e4nder oss av olika IT-leverant\u00f6rer. De \u00e4r att betrakta som personuppgiftsbitr\u00e4den till oss och vi har tecknat personuppgiftsbitr\u00e4desavtal i dessa fall. Personuppgiftsansvaret ligger kvar p\u00e5 Almega och Almegas f\u00f6rbund.<\/p>\n<p>Vi kontrollerar sj\u00e4lvklart alla personuppgiftsbitr\u00e4den f\u00f6r att s\u00e4kerst\u00e4lla att de kan l\u00e4mna tillr\u00e4ckliga garantier avseende s\u00e4kerheten och sekretessen f\u00f6r personuppgifter samt tecknar personuppgiftsbitr\u00e4desavtal.<\/p>\n<p>N\u00e4r personuppgiftsbitr\u00e4den anlitas sker det bara f\u00f6r de \u00e4ndam\u00e5l som \u00e4r f\u00f6renliga med de \u00e4ndam\u00e5l vi sj\u00e4lva har f\u00f6r behandlingen eftersom vi fortfarande \u00e4r personuppgiftsansvariga.<\/p>\n<p><strong>Akt\u00f6rer som \u00e4r sj\u00e4lvst\u00e4ndigt personuppgiftsansvariga<\/strong>Vi delar \u00e4ven dina personuppgifter med vissa andra akt\u00f6rer som \u00e4r sj\u00e4lvst\u00e4ndigt personuppgiftsansvariga. Det kan handla om myndigheter, till exempel Skatteverket. Vissa uppgifter l\u00e4mnas \u00e4ven f\u00f6r statistiska \u00e4ndam\u00e5l.<\/p>\n<p>N\u00e4r dina personuppgifter delas med en akt\u00f6r som \u00e4r sj\u00e4lvst\u00e4ndigt personuppgiftsansvarig g\u00e4ller den organisationens integritetspolicy och personuppgiftshantering.<\/p>\n<p>Vi kan komma att anlita leverant\u00f6rer och partners att utf\u00f6ra uppgifter f\u00f6r Almega AB:s r\u00e4kning, t ex f\u00f6r att tillhandah\u00e5lla IT-tj\u00e4nster eller hj\u00e4lpa till med marknadsf\u00f6ring, analyser eller statistik. Utf\u00f6randet av dessa tj\u00e4nster kan inneb\u00e4ra att dessa mottagare f\u00e5r tillg\u00e5ng till dina personuppgifter.<\/p>\n<p>Almega och f\u00f6rbunden inom Almega kan i samband med kollektivavtalsf\u00f6rhandlingar och i samband med arbetsr\u00e4ttslig r\u00e5dgivning och bitr\u00e4de l\u00e4mna ut personuppgifter till fackliga organisationer.<\/p>\n<p>Almega kan \u00e4ven komma att l\u00e4mna ut personuppgifter till tredje part, som t.ex. polisen eller annan myndighet, om det r\u00f6r utredning av brott eller om vi annars \u00e4r skyldiga att l\u00e4mna ut s\u00e5dan uppgift med st\u00f6d av lag eller myndighetsbeslut.<\/p>\n\n              <\/div>\n            <\/div>\n          <\/div>\n                            <div class=\"Accordion__row\" itemscope itemprop=\"mainEntity\" itemtype=\"https:\/\/schema.org\/Question\">\n            <h3 class=\"Accordion__title\" itemprop=\"name\">\n              <button class=\"Button--unstyled togglehandle\" data-toggle=\"collapse\" data-target=\"var-behandlar-vi-dina-personuppgifter\" aria-expanded=\"false\">\n                Var behandlar vi dina personuppgifter?\n              <\/button>\n            <\/h3>\n            <div class=\"Accordion__text collapse\" id=\"var-behandlar-vi-dina-personuppgifter\" itemscope itemprop=\"acceptedAnswer\" itemtype=\"https:\/\/schema.org\/Answer\">\n              <div itemprop=\"text\">\n                <p>Vi str\u00e4var alltid efter att dina personuppgifter ska behandlas inom EU\/EES men ibland \u00e4r det inte m\u00f6jligt.<\/p>\n<p>F\u00f6r visst IT-st\u00f6d kan uppgifterna f\u00f6ras till ett land utanf\u00f6r EU\/EES. Det g\u00e4ller till exempel om vi delar dina personuppgifter med ett personuppgiftsbitr\u00e4de som, antingen sj\u00e4lv eller genom en underleverant\u00f6r, \u00e4r etablerad eller lagrar information i ett land utanf\u00f6r EU\/EES. S\u00e5som personuppgiftsansvariga \u00e4r vi ansvariga f\u00f6r att vidta alla rimliga legala, tekniska och organisatoriska \u00e5tg\u00e4rder f\u00f6r att s\u00e4kerst\u00e4lla att skyddet f\u00f6r personuppgifter \u00e4r densamma som inom EU\/EES.<\/p>\n<p>N\u00e4r personuppgifter behandlas utanf\u00f6r EU\/EES garanteras skyddsniv\u00e5n exempelvis genom ett beslut fr\u00e5n EU-kommissionen om att landet ifr\u00e5ga s\u00e4kerst\u00e4ller en adekvat skyddsniv\u00e5 eller genom anv\u00e4ndandet av s\u00e5 kallade l\u00e4mpliga skydds\u00e5tg\u00e4rder. Hit h\u00f6r bland annat \u201dPrivacy Shield\u201d anv\u00e4ndningen av \u201dBinding Corporate Rules\u201d och olika avtalsl\u00f6sningar. Om du vill ha information om skydds\u00e5tg\u00e4rderna \u00e4r du v\u00e4lkommen att kontakta oss. Standardiserade modellklausuler f\u00f6r data\u00f6verf\u00f6ring, som antagits av EU-kommissionen, finns \u00e4ven tillg\u00e4ngliga p\u00e5 EU-kommissionens webbplats.<\/p>\n\n              <\/div>\n            <\/div>\n          <\/div>\n              <\/div>\n    <\/div>\n  <\/div>\n<\/div>\n\n\n\n<div class=\"wp-block-column is-layout-flow wp-block-column-is-layout-flow\"><div id=\"block-accordion-block_83fc5f783239794b4de2b1adbec7648f\" class=\"block-accordion container\">\n      <div class=\"Accordion\">\n      <div class=\"Accordion__rows\">\n                            <div class=\"Accordion__row\" itemscope itemprop=\"mainEntity\" itemtype=\"https:\/\/schema.org\/Question\">\n            <h3 class=\"Accordion__title\" itemprop=\"name\">\n              <button class=\"Button--unstyled togglehandle\" data-toggle=\"collapse\" data-target=\"hur-lange-sparar-vi-dina-personuppgifter\" aria-expanded=\"false\">\n                Hur l\u00e4nge sparar vi dina personuppgifter?\n              <\/button>\n            <\/h3>\n            <div class=\"Accordion__text collapse\" id=\"hur-lange-sparar-vi-dina-personuppgifter\" itemscope itemprop=\"acceptedAnswer\" itemtype=\"https:\/\/schema.org\/Answer\">\n              <div itemprop=\"text\">\n                <p>Vi sparar aldrig dina personuppgifter l\u00e4ngre \u00e4n vad som \u00e4r n\u00f6dv\u00e4ndigt f\u00f6r respektive \u00e4ndam\u00e5l. Vi har utarbetat gallringsrutiner f\u00f6r att s\u00e4kerst\u00e4lla att personuppgifter inte sparas l\u00e4ngre \u00e4n vad som beh\u00f6vs f\u00f6r det specifika \u00e4ndam\u00e5let. Hur l\u00e5ng lagringstiden kan bli \u00e4r olika beroende p\u00e5 \u00e4ndam\u00e5l med behandlingen och hur l\u00e4nge uppgiften \u00e4r n\u00f6dv\u00e4ndig f\u00f6r \u00e4ndam\u00e5let. Efter det kommer vi att p\u00e5 ett s\u00e4kert s\u00e4tt gallra eller avidentifiera dina uppgifter s\u00e5 att det inte l\u00e4ngre g\u00e5r att koppla dem till dig. Vissa uppgifter i bokf\u00f6ringen beh\u00f6ver p g a lagstiftning t ex sparas minst sju \u00e5r medan uppgifter om specialkost raderas s\u00e5 snart evenemanget \u00e4r avslutat.<\/p>\n\n              <\/div>\n            <\/div>\n          <\/div>\n                            <div class=\"Accordion__row\" itemscope itemprop=\"mainEntity\" itemtype=\"https:\/\/schema.org\/Question\">\n            <h3 class=\"Accordion__title\" itemprop=\"name\">\n              <button class=\"Button--unstyled togglehandle\" data-toggle=\"collapse\" data-target=\"vilka-ar-dina-rattigheter-som-registrerad\" aria-expanded=\"false\">\n                Vilka \u00e4r dina r\u00e4ttigheter som registrerad?\n              <\/button>\n            <\/h3>\n            <div class=\"Accordion__text collapse\" id=\"vilka-ar-dina-rattigheter-som-registrerad\" itemscope itemprop=\"acceptedAnswer\" itemtype=\"https:\/\/schema.org\/Answer\">\n              <div itemprop=\"text\">\n                <p>Som registrerad har du enligt g\u00e4llande lagstiftning ett antal r\u00e4ttigheter. H\u00e4r listar vi dessa r\u00e4ttigheter.<\/p>\n<p><strong>R\u00e4tt till registerutdrag (r\u00e4tt till tillg\u00e5ng)<\/strong><\/p>\n<p>Om du vill veta vilka personuppgifter vi behandlar om just dig kan du beg\u00e4ra att f\u00e5 tillg\u00e5ng till uppgifterna. N\u00e4r du l\u00e4mnar en s\u00e5dan beg\u00e4ran kan vi komma att st\u00e4lla en del fr\u00e5gor f\u00f6r att se till att det blir en effektiv hantering av din beg\u00e4ran. Vi kommer ocks\u00e5 vidta \u00e5tg\u00e4rder f\u00f6r att s\u00e4kerst\u00e4lla att uppgifterna beg\u00e4rs av och l\u00e4mnas till r\u00e4tt person.<\/p>\n<p><strong>R\u00e4tt till r\u00e4ttelse <\/strong><\/p>\n<p>Om du uppt\u00e4cker att n\u00e5got \u00e4r fel har du r\u00e4tt att beg\u00e4ra att dina personuppgifter r\u00e4ttas. Du kan ocks\u00e5 komplettera eventuellt ofullst\u00e4ndiga personuppgifter. I vissa fall kan du g\u00f6ra korrigeringar sj\u00e4lv, vilket vi d\u00e5 informerar dig om.<\/p>\n<p><strong>R\u00e4tt till radering <\/strong><\/p>\n<p>Du kan beg\u00e4ra att vi raderar de personuppgifter vi behandlar om dig bland annat om:<\/p>\n<ul>\n<li>Uppgifterna inte l\u00e4ngre \u00e4r n\u00f6dv\u00e4ndiga f\u00f6r de \u00e4ndam\u00e5l som de behandlas f\u00f6r.<\/li>\n<li>Du inv\u00e4nder mot en intresseavv\u00e4gning vi gjort baserat p\u00e5 v\u00e5rt ber\u00e4ttigade intresse, d\u00e4r ditt sk\u00e4l f\u00f6r inv\u00e4ndning v\u00e4ger tyngre \u00e4n v\u00e5rt ber\u00e4ttigade intresse.<\/li>\n<li>Personuppgifterna behandlas p\u00e5 olagligt s\u00e4tt.<\/li>\n<li>Personuppgifterna har samlats in om ett barn (under 13 \u00e5r) som du har f\u00f6r\u00e4ldraansvaret f\u00f6r<\/li>\n<li>Om uppgiften inh\u00e4mtats med st\u00f6d av ditt samtycke och du vill \u00e5terkalla ditt samtycke<\/li>\n<\/ul>\n<p>Vi kan dock ha r\u00e4tt att neka din beg\u00e4ran om det finns legala skyldigheter som hindrar oss fr\u00e5n att omedelbart radera vissa personuppgifter. Det kan ocks\u00e5 vara s\u00e5 att behandlingen \u00e4r n\u00f6dv\u00e4ndig f\u00f6r att vi ska kunna fastst\u00e4lla, g\u00f6ra g\u00e4llande eller f\u00f6rsvara r\u00e4ttsliga anspr\u00e5k.<\/p>\n<p><strong>R\u00e4tt till begr\u00e4nsning <\/strong><\/p>\n<p>Du har r\u00e4tt att beg\u00e4ra att v\u00e5r behandling av dina personuppgifter begr\u00e4nsas. Om du exempelvis beg\u00e4r r\u00e4ttelse eftersom du anser att personuppgifterna vi behandlar \u00e4r felaktiga kan du beg\u00e4ra en begr\u00e4nsad behandling under den tid vi beh\u00f6ver f\u00f6r att kontrollera huruvida personuppgifterna \u00e4r korrekta.<\/p>\n<p>Om, och n\u00e4r, vi inte l\u00e4ngre beh\u00f6ver dina personuppgifter f\u00f6r de fastst\u00e4llda \u00e4ndam\u00e5len \u00e4r v\u00e5r rutin normalt att uppgifterna raderas. Om du beh\u00f6ver personuppgifterna f\u00f6r att kunna fastst\u00e4lla, g\u00f6ra g\u00e4llande eller f\u00f6rsvara r\u00e4ttsliga anspr\u00e5k, kan du beg\u00e4ra begr\u00e4nsad behandling av uppgifterna hos oss. Det inneb\u00e4r att du kan beg\u00e4ra att vi inte rensar och raderar dina uppgifter.<\/p>\n<p>Om du har gjort en inv\u00e4ndning mot personuppgiftsbehandling vi g\u00f6r med st\u00f6d av en intresseavv\u00e4gning som r\u00e4ttslig grund kan du beg\u00e4ra begr\u00e4nsad behandling under den tid vi beh\u00f6ver f\u00f6r att kontrollera huruvida v\u00e5ra ber\u00e4ttigade intressen v\u00e4ger tyngre \u00e4n dina intressen av att f\u00e5 uppgifterna raderade.<\/p>\n<p>Om behandlingen har begr\u00e4nsats enligt n\u00e5gon av situationerna ovan f\u00e5r vi bara, ut\u00f6ver sj\u00e4lva lagringen, behandla uppgifterna f\u00f6r att fastst\u00e4lla, g\u00f6ra g\u00e4llande eller f\u00f6rsvara r\u00e4ttsliga anspr\u00e5k, f\u00f6r att skydda n\u00e5gon annans r\u00e4ttigheter eller ifall du har l\u00e4mnat ditt samtycke.<\/p>\n<p><strong>R\u00e4tt att g\u00f6ra inv\u00e4ndningar mot viss typ av behandling<\/strong><\/p>\n<p>Du har alltid en r\u00e4tt att inv\u00e4nda mot all behandling av personuppgifter som bygger p\u00e5 en intresseavv\u00e4gning. Du har ocks\u00e5 alltid r\u00e4tt att slippa direktmarknadsf\u00f6ring.<\/p>\n<p><strong>R\u00e4tt till dataportabilitet <\/strong><\/p>\n<p>Du har som registrerad r\u00e4tt till dataportabilitet (\u00f6verf\u00f6ring av personuppgifter) om v\u00e5r r\u00e4tt att behandla dina personuppgifter grundar sig antingen p\u00e5 ditt samtycke eller fullg\u00f6rande av ett avtal med dig. En f\u00f6ruts\u00e4ttning f\u00f6r dataportabilitet \u00e4r att \u00f6verf\u00f6ringen \u00e4r tekniskt m\u00f6jlig och kan ske automatiserat.<\/p>\n<p><strong>Hantera dina r\u00e4ttigheter <\/strong>Ans\u00f6kan om registerutdrag eller om du vill \u00e5beropa n\u00e5gon av dina andra r\u00e4ttigheter ska vara skriftligt och egenh\u00e4ndigt undertecknad av den utdraget avser. Vi kommer besvara dina \u00f6nskem\u00e5l utan on\u00f6digt dr\u00f6jsm\u00e5l och senast inom 30 dagar. Maila till\u00a0<a href=\"mailto:dataskydd@almega.se\">dataskydd@almega.se<\/a>. Mailet ska i m\u00f6jligaste m\u00e5n skickas fr\u00e5n den mailadress du \u00e4r registrerad med hos Almega.<\/p>\n\n              <\/div>\n            <\/div>\n          <\/div>\n                            <div class=\"Accordion__row\" itemscope itemprop=\"mainEntity\" itemtype=\"https:\/\/schema.org\/Question\">\n            <h3 class=\"Accordion__title\" itemprop=\"name\">\n              <button class=\"Button--unstyled togglehandle\" data-toggle=\"collapse\" data-target=\"hur-hanterar-vi-personnummer\" aria-expanded=\"false\">\n                Hur hanterar vi personnummer?\n              <\/button>\n            <\/h3>\n            <div class=\"Accordion__text collapse\" id=\"hur-hanterar-vi-personnummer\" itemscope itemprop=\"acceptedAnswer\" itemtype=\"https:\/\/schema.org\/Answer\">\n              <div itemprop=\"text\">\n                <p>I m\u00f6jligaste m\u00e5n undviker vi att behandla personnummer. I vissa fall \u00e4r det dock motiverat med h\u00e4nsyn fr\u00e4mst till att vi beh\u00f6ver ha en s\u00e4ker identifiering. Vad avser behandling av personnummer i form av organisationsnummer f\u00f6r enskild n\u00e4ringsverksamhet s\u00e5 kr\u00e4vs denna behandling s\u00e5 l\u00e4nge f\u00f6retaget \u00e4r medlem genom att organisationsnumret utg\u00f6rs av personnumret.<\/p>\n\n              <\/div>\n            <\/div>\n          <\/div>\n                            <div class=\"Accordion__row\" itemscope itemprop=\"mainEntity\" itemtype=\"https:\/\/schema.org\/Question\">\n            <h3 class=\"Accordion__title\" itemprop=\"name\">\n              <button class=\"Button--unstyled togglehandle\" data-toggle=\"collapse\" data-target=\"hur-skyddas-dina-personuppgifter\" aria-expanded=\"false\">\n                Hur skyddas dina personuppgifter?\n              <\/button>\n            <\/h3>\n            <div class=\"Accordion__text collapse\" id=\"hur-skyddas-dina-personuppgifter\" itemscope itemprop=\"acceptedAnswer\" itemtype=\"https:\/\/schema.org\/Answer\">\n              <div itemprop=\"text\">\n                <p>Vi arbetar aktivt f\u00f6r att s\u00e4kerst\u00e4lla att personuppgifter hanteras p\u00e5 ett s\u00e4kert s\u00e4tt. Det g\u00e4ller s\u00e5v\u00e4l genom tekniska som organisatoriska skydds\u00e5tg\u00e4rder.<\/p>\n\n              <\/div>\n            <\/div>\n          <\/div>\n                            <div class=\"Accordion__row\" itemscope itemprop=\"mainEntity\" itemtype=\"https:\/\/schema.org\/Question\">\n            <h3 class=\"Accordion__title\" itemprop=\"name\">\n              <button class=\"Button--unstyled togglehandle\" data-toggle=\"collapse\" data-target=\"sa-har-behandlar-vi-dina-personuppgifter-vid-medlemskap\" aria-expanded=\"false\">\n                S\u00e5 h\u00e4r behandlar vi dina personuppgifter vid medlemskap\n              <\/button>\n            <\/h3>\n            <div class=\"Accordion__text collapse\" id=\"sa-har-behandlar-vi-dina-personuppgifter-vid-medlemskap\" itemscope itemprop=\"acceptedAnswer\" itemtype=\"https:\/\/schema.org\/Answer\">\n              <div itemprop=\"text\">\n                <p>Som ett led i medlemskapet i Svenskt N\u00e4ringsliv g\u00f6rs \u00e5rligen en insamling av medlemsuppgifter. I samband med insamling av dessa uppgifter l\u00e4mnar medlemsf\u00f6retagen \u00e4ven in personuppgifter i form av fr\u00e4mst kontaktuppgifter till kontaktpersoner. Insamlingen av dessa uppgifter \u00e4r n\u00f6dv\u00e4ndig f\u00f6r att Svenskt N\u00e4ringsliv och Almega ska kunna fullf\u00f6lja sina \u00e5taganden gentemot medlemmarna och f\u00f6ljer ocks\u00e5 av Svenskt N\u00e4ringslivs stadgar \u00a7 22.<\/p>\n<p>Den som l\u00e4mnar in personuppgifter om andra inom ramen f\u00f6r medlemsuppgiftsinsamlingen \u00e4r skyldiga att kontrollera att samtycke inh\u00e4mtats f\u00f6r att l\u00e4mna dessa uppgifter.<\/p>\n<p>Personuppgifterna behandlas i enlighet med vid varje tillf\u00e4lle till\u00e4mplig lag och Svenskt N\u00e4ringsliv arbetar \u00e4ven aktivt f\u00f6r att f\u00f6rhindra att dina personuppgifter missbrukas, sprids, f\u00f6rloras, f\u00f6r\u00e4ndras, f\u00f6rst\u00f6rs eller att obeh\u00f6rig part f\u00e5r tillg\u00e5ng till personuppgifterna.<\/p>\n<p>Personuppgifterna kan komma att behandlas i CRM system som \u00e4r tillg\u00e4ngliga f\u00f6r hela Svenskt N\u00e4ringsliv med ing\u00e5ende medlemsorganisationer. Svenskt N\u00e4ringsliv ska enligt stadgarna \u00a7 3 utg\u00f6ra en fast enhet och de gemensamma systemen \u00e4r den del av att skapa denna enhet. De enda som har tillg\u00e5ng till dessa gemensamma system \u00e4r beh\u00f6riga anv\u00e4ndare.<\/p>\n<p>Svenskt N\u00e4ringsliv och medlemsorganisationerna behandlar personuppgifterna f\u00f6r att informera kontaktpersoner hos medlemmarna om bland annat nyheter, events och liknande Uppgifterna kan ocks\u00e5 komma att behandlas f\u00f6r att utveckla verksamheten. Till detta kommer att Svenskt N\u00e4ringsliv och Almega kan komma att behandla personuppgifterna f\u00f6r att uppfylla skyldigheter enligt lag.<\/p>\n<p>Personuppgifterna sparas till dess att \u00e5taganden som behandlingen grundar sig p\u00e5 inte l\u00e4ngre kr\u00e4ver behandling.<\/p>\n\n              <\/div>\n            <\/div>\n          <\/div>\n                            <div class=\"Accordion__row\" itemscope itemprop=\"mainEntity\" itemtype=\"https:\/\/schema.org\/Question\">\n            <h3 class=\"Accordion__title\" itemprop=\"name\">\n              <button class=\"Button--unstyled togglehandle\" data-toggle=\"collapse\" data-target=\"tillsynsmyndighet\" aria-expanded=\"false\">\n                Tillsynsmyndighet\n              <\/button>\n            <\/h3>\n            <div class=\"Accordion__text collapse\" id=\"tillsynsmyndighet\" itemscope itemprop=\"acceptedAnswer\" itemtype=\"https:\/\/schema.org\/Answer\">\n              <div itemprop=\"text\">\n                <p>Datainspektionen \u00e4r ansvarig myndighet f\u00f6r att \u00f6vervaka till\u00e4mpningen av lagstiftningen kring dataskydd. Om du anser att vi agerar felaktigt kan du kontakta Datainspektionen, se www.datainspektionen.se<\/p>\n\n              <\/div>\n            <\/div>\n          <\/div>\n                            <div class=\"Accordion__row\" itemscope itemprop=\"mainEntity\" itemtype=\"https:\/\/schema.org\/Question\">\n            <h3 class=\"Accordion__title\" itemprop=\"name\">\n              <button class=\"Button--unstyled togglehandle\" data-toggle=\"collapse\" data-target=\"kontakta-oss-vid-fragor-om-hur-vi-hanterar-dina-personuppgifter\" aria-expanded=\"false\">\n                Kontakta oss vid fr\u00e5gor om hur vi hanterar dina personuppgifter\n              <\/button>\n            <\/h3>\n            <div class=\"Accordion__text collapse\" id=\"kontakta-oss-vid-fragor-om-hur-vi-hanterar-dina-personuppgifter\" itemscope itemprop=\"acceptedAnswer\" itemtype=\"https:\/\/schema.org\/Answer\">\n              <div itemprop=\"text\">\n                <p>Om du har fr\u00e5gor om hur vi behandlar personuppgifter eller har en beg\u00e4ran i enlighet med ovan r\u00e4ttigheter \u00e4r du alltid v\u00e4lkommen att kontakta oss p\u00e5: dataskydd@almega.se, eller via telefon p\u00e5: 08-762 69 00.<\/p>\n<p><strong>Kontaktuppgifter<\/strong><br \/>\nAlmegas Dataskyddsombud<br \/>\nAlmega AB<br \/>\nPostadress: Box 55545, 102 04 Stockholm<br \/>\nE-post: dataskydd@almega.se<br \/>\nTelefonnummer: 08-7626900<\/p>\n\n              <\/div>\n            <\/div>\n          <\/div>\n              <\/div>\n    <\/div>\n  <\/div>\n<\/div>\n<\/div>\n<\/div>\n","protected":false},"excerpt":{"rendered":"<p>Om webbplatsen Tack f\u00f6r att du bes\u00f6ker v\u00e5r webbplats, som \u00e4gs av Utbildningsf\u00f6retagen inom Almega. Har du fr\u00e5gor, synpunkter, eller tips till oss som arbetar med webbplatsen \u00e4r du alltid v\u00e4lkommen att kontakta oss. Kontaktperson &hellip;<\/p>\n","protected":false},"author":2,"featured_media":0,"parent":11,"menu_order":0,"comment_status":"closed","ping_status":"closed","template":"","meta":{"_acf_changed":false,"footnotes":""},"article_type":[],"agreement":[],"for-members":[],"class_list":["post-820","page","type-page","status-publish","hentry"],"acf":[],"yoast_head":"<!-- This site is optimized with the Yoast SEO plugin v26.8 - https:\/\/yoast.com\/product\/yoast-seo-wordpress\/ -->\n<title>Om webbplatsen - Utbildningsf\u00f6retagen<\/title>\n<meta name=\"robots\" content=\"index, follow, max-snippet:-1, max-image-preview:large, max-video-preview:-1\" \/>\n<link rel=\"canonical\" href=\"https:\/\/www.utbildningsforetagen.se\/om-oss\/om-webbplatsen\/\" \/>\n<meta property=\"og:locale\" content=\"sv_SE\" \/>\n<meta property=\"og:type\" content=\"article\" \/>\n<meta property=\"og:title\" content=\"Om webbplatsen - Utbildningsf\u00f6retagen\" \/>\n<meta property=\"og:description\" content=\"Om webbplatsen Tack f\u00f6r att du bes\u00f6ker v\u00e5r webbplats, som \u00e4gs av Utbildningsf\u00f6retagen inom Almega. Har du fr\u00e5gor, synpunkter, eller tips till oss som arbetar med webbplatsen \u00e4r du alltid v\u00e4lkommen att kontakta oss. Kontaktperson &hellip;\" \/>\n<meta property=\"og:url\" content=\"https:\/\/www.utbildningsforetagen.se\/om-oss\/om-webbplatsen\/\" \/>\n<meta property=\"og:site_name\" content=\"Utbildningsf\u00f6retagen\" \/>\n<meta property=\"article:modified_time\" content=\"2023-06-09T06:43:08+00:00\" \/>\n<meta name=\"twitter:card\" content=\"summary_large_image\" \/>\n<meta name=\"twitter:label1\" content=\"Ber\u00e4knad l\u00e4stid\" \/>\n\t<meta name=\"twitter:data1\" content=\"1 minut\" \/>\n<script type=\"application\/ld+json\" class=\"yoast-schema-graph\">{\"@context\":\"https:\/\/schema.org\",\"@graph\":[{\"@type\":\"WebPage\",\"@id\":\"https:\/\/www.utbildningsforetagen.se\/om-oss\/om-webbplatsen\/\",\"url\":\"https:\/\/www.utbildningsforetagen.se\/om-oss\/om-webbplatsen\/\",\"name\":\"Om webbplatsen - Utbildningsf\u00f6retagen\",\"isPartOf\":{\"@id\":\"https:\/\/www.utbildningsforetagen.se\/#website\"},\"datePublished\":\"2018-09-20T09:23:09+00:00\",\"dateModified\":\"2023-06-09T06:43:08+00:00\",\"breadcrumb\":{\"@id\":\"https:\/\/www.utbildningsforetagen.se\/om-oss\/om-webbplatsen\/#breadcrumb\"},\"inLanguage\":\"sv-SE\",\"potentialAction\":[{\"@type\":\"ReadAction\",\"target\":[\"https:\/\/www.utbildningsforetagen.se\/om-oss\/om-webbplatsen\/\"]}]},{\"@type\":\"BreadcrumbList\",\"@id\":\"https:\/\/www.utbildningsforetagen.se\/om-oss\/om-webbplatsen\/#breadcrumb\",\"itemListElement\":[{\"@type\":\"ListItem\",\"position\":1,\"name\":\"Home\",\"item\":\"https:\/\/www.utbildningsforetagen.se\/\"},{\"@type\":\"ListItem\",\"position\":2,\"name\":\"Om oss\",\"item\":\"https:\/\/www.utbildningsforetagen.se\/om-oss\/\"},{\"@type\":\"ListItem\",\"position\":3,\"name\":\"Om webbplatsen\"}]},{\"@type\":\"WebSite\",\"@id\":\"https:\/\/www.utbildningsforetagen.se\/#website\",\"url\":\"https:\/\/www.utbildningsforetagen.se\/\",\"name\":\"Utbildningsf\u00f6retagen\",\"description\":\"\",\"potentialAction\":[{\"@type\":\"SearchAction\",\"target\":{\"@type\":\"EntryPoint\",\"urlTemplate\":\"https:\/\/www.utbildningsforetagen.se\/?s={search_term_string}\"},\"query-input\":{\"@type\":\"PropertyValueSpecification\",\"valueRequired\":true,\"valueName\":\"search_term_string\"}}],\"inLanguage\":\"sv-SE\"}]}<\/script>\n<!-- \/ Yoast SEO plugin. -->","yoast_head_json":{"title":"Om webbplatsen - Utbildningsf\u00f6retagen","robots":{"index":"index","follow":"follow","max-snippet":"max-snippet:-1","max-image-preview":"max-image-preview:large","max-video-preview":"max-video-preview:-1"},"canonical":"https:\/\/www.utbildningsforetagen.se\/om-oss\/om-webbplatsen\/","og_locale":"sv_SE","og_type":"article","og_title":"Om webbplatsen - Utbildningsf\u00f6retagen","og_description":"Om webbplatsen Tack f\u00f6r att du bes\u00f6ker v\u00e5r webbplats, som \u00e4gs av Utbildningsf\u00f6retagen inom Almega. Har du fr\u00e5gor, synpunkter, eller tips till oss som arbetar med webbplatsen \u00e4r du alltid v\u00e4lkommen att kontakta oss. Kontaktperson &hellip;","og_url":"https:\/\/www.utbildningsforetagen.se\/om-oss\/om-webbplatsen\/","og_site_name":"Utbildningsf\u00f6retagen","article_modified_time":"2023-06-09T06:43:08+00:00","twitter_card":"summary_large_image","twitter_misc":{"Ber\u00e4knad l\u00e4stid":"1 minut"},"schema":{"@context":"https:\/\/schema.org","@graph":[{"@type":"WebPage","@id":"https:\/\/www.utbildningsforetagen.se\/om-oss\/om-webbplatsen\/","url":"https:\/\/www.utbildningsforetagen.se\/om-oss\/om-webbplatsen\/","name":"Om webbplatsen - Utbildningsf\u00f6retagen","isPartOf":{"@id":"https:\/\/www.utbildningsforetagen.se\/#website"},"datePublished":"2018-09-20T09:23:09+00:00","dateModified":"2023-06-09T06:43:08+00:00","breadcrumb":{"@id":"https:\/\/www.utbildningsforetagen.se\/om-oss\/om-webbplatsen\/#breadcrumb"},"inLanguage":"sv-SE","potentialAction":[{"@type":"ReadAction","target":["https:\/\/www.utbildningsforetagen.se\/om-oss\/om-webbplatsen\/"]}]},{"@type":"BreadcrumbList","@id":"https:\/\/www.utbildningsforetagen.se\/om-oss\/om-webbplatsen\/#breadcrumb","itemListElement":[{"@type":"ListItem","position":1,"name":"Home","item":"https:\/\/www.utbildningsforetagen.se\/"},{"@type":"ListItem","position":2,"name":"Om oss","item":"https:\/\/www.utbildningsforetagen.se\/om-oss\/"},{"@type":"ListItem","position":3,"name":"Om webbplatsen"}]},{"@type":"WebSite","@id":"https:\/\/www.utbildningsforetagen.se\/#website","url":"https:\/\/www.utbildningsforetagen.se\/","name":"Utbildningsf\u00f6retagen","description":"","potentialAction":[{"@type":"SearchAction","target":{"@type":"EntryPoint","urlTemplate":"https:\/\/www.utbildningsforetagen.se\/?s={search_term_string}"},"query-input":{"@type":"PropertyValueSpecification","valueRequired":true,"valueName":"search_term_string"}}],"inLanguage":"sv-SE"}]}},"_links":{"self":[{"href":"https:\/\/www.utbildningsforetagen.se\/api\/wp\/v2\/pages\/820","targetHints":{"allow":["GET"]}}],"collection":[{"href":"https:\/\/www.utbildningsforetagen.se\/api\/wp\/v2\/pages"}],"about":[{"href":"https:\/\/www.utbildningsforetagen.se\/api\/wp\/v2\/types\/page"}],"author":[{"embeddable":true,"href":"https:\/\/www.utbildningsforetagen.se\/api\/wp\/v2\/users\/2"}],"replies":[{"embeddable":true,"href":"https:\/\/www.utbildningsforetagen.se\/api\/wp\/v2\/comments?post=820"}],"version-history":[{"count":7,"href":"https:\/\/www.utbildningsforetagen.se\/api\/wp\/v2\/pages\/820\/revisions"}],"predecessor-version":[{"id":4247,"href":"https:\/\/www.utbildningsforetagen.se\/api\/wp\/v2\/pages\/820\/revisions\/4247"}],"up":[{"embeddable":true,"href":"https:\/\/www.utbildningsforetagen.se\/api\/wp\/v2\/pages\/11"}],"wp:attachment":[{"href":"https:\/\/www.utbildningsforetagen.se\/api\/wp\/v2\/media?parent=820"}],"wp:term":[{"taxonomy":"type","embeddable":true,"href":"https:\/\/www.utbildningsforetagen.se\/api\/wp\/v2\/article_type?post=820"},{"taxonomy":"agreement","embeddable":true,"href":"https:\/\/www.utbildningsforetagen.se\/api\/wp\/v2\/agreement?post=820"},{"taxonomy":"for-members","embeddable":true,"href":"https:\/\/www.utbildningsforetagen.se\/api\/wp\/v2\/for-members?post=820"}],"curies":[{"name":"wp","href":"https:\/\/api.w.org\/{rel}","templated":true}]}}