{"id":681,"date":"2018-09-13T13:24:03","date_gmt":"2018-09-13T11:24:03","guid":{"rendered":"http:\/\/utb.almega.se\/?page_id=681"},"modified":"2023-03-29T16:13:17","modified_gmt":"2023-03-29T14:13:17","slug":"villkor","status":"publish","type":"page","link":"https:\/\/www.utbildningsforetagen.se\/vara-fragor\/villkor\/","title":{"rendered":"Vi f\u00f6rb\u00e4ttrar villkoren"},"content":{"rendered":"<div class=\"wp-block wp-block-core-heading\" id=\"vi-forbattrar-villkoren\">\n<h1 class=\"wp-block-heading\">Vi f\u00f6rb\u00e4ttrar villkoren <\/h1>\n<\/div>\n\n<div class=\"wp-block wp-block-core-paragraph\">\n<p class=\"has-excerpt-font-size\">Almega Utbildningsf\u00f6retagen arbetar f\u00f6r att f\u00f6rb\u00e4ttra svenska utbildningsf\u00f6retags f\u00f6ruts\u00e4ttningar. Vi deltar aktivt och konstruktivt i samh\u00e4llsdebatten kring vuxnas l\u00e4rande och kompetensf\u00f6rs\u00f6rjning.<\/p>\n<\/div>\n\n<div class=\"wp-block wp-block-core-paragraph\">\n<p><strong>Vi p\u00e5verkar politiken.<\/strong> Som den st\u00f6rsta branschorganisationen f\u00f6r utbildningsf\u00f6retag \u00e4r vi remissinstans till regeringen och myndigheter. Varje vecka tr\u00e4ffar vi politiker, tj\u00e4nstem\u00e4n och andra nyckelpersoner. Det inneb\u00e4r att vi \u00e4r med och p\u00e5verkar besluten som r\u00f6r utbildning \u2013 alltid med medlemsf\u00f6retagens b\u00e4sta f\u00f6r \u00f6gonen. <\/p>\n<\/div>\n\n<div class=\"wp-block wp-block-core-paragraph\">\n<p><strong>Vi bevakar omv\u00e4rlden. <\/strong>F\u00f6r att du som medlem ska ligga steget f\u00f6re skickar vi ut exklusiv information om vad som h\u00e4nder i branschen och politiken. Genom v\u00e5ra professionella n\u00e4tverk kan du bygga relationer med andra f\u00f6retag i branschen. <\/p>\n<\/div>\n\n<div class=\"wp-block wp-block-core-paragraph\">\n<p><strong>Vi g\u00f6r skillnad. <\/strong>Med rapporter och seminarier tar vi fram nya innovativa f\u00f6rslag som gynnar medlemsf\u00f6retagens aff\u00e4rsverksamhet och f\u00f6rb\u00e4ttrar kvaliteten i branschen. Vi tar strid f\u00f6r medlemsf\u00f6retagens intressen \u2013 s\u00e5 att du slipper. <\/p>\n<\/div>\n\n\n<div class=\"wp-block-columns is-layout-flex wp-container-core-columns-is-layout-9d6595d7 wp-block-columns-is-layout-flex\">\n<div class=\"wp-block-column is-layout-flow wp-block-column-is-layout-flow\"><\/div>\n<\/div>\n\n\n<div id=\"block-events-block_170b3884cc3a18b5ad5e8af614e1f4e3\" class=\"Listing Listing--event has-secondary-background-color\" >\n  <div class=\"container\">\n          <div class=\"Listing__heading\">\n        <h2>Kommande aktiviteter<\/h2>\n      <\/div>\n        <div class=\"row\">\n                    <div class=\"col-md-3 mb-4\">\n            <article class=\"Blurb Blurb--event Blurb--sm\">\n  <a href=\"https:\/\/www.utbildningsforetagen.se\/aktiviteter\/rekrytering-att-gora-arbetsrattsligt-ratt\/\">\n          <div class=\"Blurb__thumbnail__wrap\">\n        <figure class=\"Blurb__thumbnail\">\n          <img loading=\"lazy\" decoding=\"async\" width=\"580\" height=\"387\" src=\"https:\/\/www.utbildningsforetagen.se\/app\/uploads\/sites\/7\/2026\/02\/rekrytering-ai-580x387.jpg\" class=\"attachment-medium size-medium wp-post-image\" alt=\"\" srcset=\"https:\/\/www.utbildningsforetagen.se\/app\/uploads\/sites\/7\/2026\/02\/rekrytering-ai-580x387.jpg 580w, https:\/\/www.utbildningsforetagen.se\/app\/uploads\/sites\/7\/2026\/02\/rekrytering-ai-1180x787.jpg 1180w, https:\/\/www.utbildningsforetagen.se\/app\/uploads\/sites\/7\/2026\/02\/rekrytering-ai-380x253.jpg 380w, https:\/\/www.utbildningsforetagen.se\/app\/uploads\/sites\/7\/2026\/02\/rekrytering-ai-768x512.jpg 768w, https:\/\/www.utbildningsforetagen.se\/app\/uploads\/sites\/7\/2026\/02\/rekrytering-ai-1536x1024.jpg 1536w, https:\/\/www.utbildningsforetagen.se\/app\/uploads\/sites\/7\/2026\/02\/rekrytering-ai-2048x1366.jpg 2048w\" sizes=\"auto, (max-width: 580px) 100vw, 580px\" \/>\n        <\/figure>\n      <\/div>\n        <div class=\"Blurb__content\">\n      <div class=\"Blurb__body\">\n        <h2 class=\"Blurb__title\">\n          Rekrytera r\u00e4tt \u2013 nya regler, AI och l\u00f6netransparens\n        <\/h2>\n        <div class=\"Blurb__text course-info\">\n          <div class=\"meta\">\n                          <span>Kurs<\/span>\n                                                      <span>Distans<\/span>\n                                                    <span>Medlemspris 995 kr<\/span>\n                      <\/div>\n\n                      <div class=\"date\">\n              <svg class='icon icon--calendar'  width=\"16\" height=\"16\" viewBox=\"0 0 16 16\" fill=\"none\" xmlns=\"http:\/\/www.w3.org\/2000\/svg\">\n<rect x=\"1.5\" y=\"3.99835\" width=\"13\" height=\"10\" stroke=\"black\" stroke-width=\"2\" stroke-miterlimit=\"10\" stroke-linecap=\"round\"\/>\n<path d=\"M1.5 6.79999H14.5\" stroke=\"black\" stroke-width=\"2\" stroke-miterlimit=\"10\"\/>\n<path d=\"M5 0.5V4\" stroke=\"black\" stroke-width=\"2\"\/>\n<path d=\"M11 0.5V4\" stroke=\"black\" stroke-width=\"2\"\/>\n<\/svg>\n\n                12 maj, 13:00 &#8211; 16:00\n            <\/div>\n          \n          \n\n                      <div class=\"checklist\">\n              <ul class=\"checklist__list\">\n                                  <li>AI<\/li>\n                                  <li>tester och automatiserad screening<\/li>\n                                  <li>Diskrimineringslagen \u2013 kravprofil<\/li>\n                                  <li>urval och intervjuer<\/li>\n                                  <li>L\u00f6netransparens \u2013 krav p\u00e5 l\u00f6neinformation i rekryteringsprocessen<\/li>\n                              <\/ul>\n            <\/div>\n          \n          \n          \n\n          \n\n          \n        <\/div>\n      <\/div>\n      <div class=\"Blurb__button Button \">\n                  <div class=\"Button__text\">\n            L\u00e4s mer och boka\n          <\/div>\n                <div class=\"Button__arrow\">\n          <div class=\"Button__line\"><\/div>\n          <svg class='icon icon--arrow-tip'  width=\"11\" height=\"16\" viewBox=\"0 0 11 16\" fill=\"none\" xmlns=\"http:\/\/www.w3.org\/2000\/svg\">\n<path d=\"M0.858398 15L9.2304 7.99664L0.967732 1.00001\" stroke=\"black\" stroke-width=\"2\" stroke-miterlimit=\"10\"\/>\n<\/svg>\n\n          <\/div>\n      <\/div>\n    <\/div>\n  <\/a>\n<\/article>\n\n        <\/div>\n              <div class=\"col-md-3 mb-4\">\n            <article class=\"Blurb Blurb--event Blurb--sm\">\n  <a href=\"https:\/\/www.utbildningsforetagen.se\/aktiviteter\/grundkurs-i-arbetsratt-2-delar\/\">\n          <div class=\"Blurb__thumbnail__wrap\">\n        <figure class=\"Blurb__thumbnail\">\n          <img loading=\"lazy\" decoding=\"async\" width=\"580\" height=\"387\" src=\"https:\/\/www.utbildningsforetagen.se\/app\/uploads\/sites\/7\/2025\/12\/grundkurs-i-arbetsratt-580x387.jpg\" class=\"attachment-medium size-medium wp-post-image\" alt=\"\" srcset=\"https:\/\/www.utbildningsforetagen.se\/app\/uploads\/sites\/7\/2025\/12\/grundkurs-i-arbetsratt-580x387.jpg 580w, https:\/\/www.utbildningsforetagen.se\/app\/uploads\/sites\/7\/2025\/12\/grundkurs-i-arbetsratt-1180x787.jpg 1180w, https:\/\/www.utbildningsforetagen.se\/app\/uploads\/sites\/7\/2025\/12\/grundkurs-i-arbetsratt-380x253.jpg 380w, https:\/\/www.utbildningsforetagen.se\/app\/uploads\/sites\/7\/2025\/12\/grundkurs-i-arbetsratt-768x512.jpg 768w, https:\/\/www.utbildningsforetagen.se\/app\/uploads\/sites\/7\/2025\/12\/grundkurs-i-arbetsratt-1536x1024.jpg 1536w, https:\/\/www.utbildningsforetagen.se\/app\/uploads\/sites\/7\/2025\/12\/grundkurs-i-arbetsratt-2048x1366.jpg 2048w\" sizes=\"auto, (max-width: 580px) 100vw, 580px\" \/>\n        <\/figure>\n      <\/div>\n        <div class=\"Blurb__content\">\n      <div class=\"Blurb__body\">\n        <h2 class=\"Blurb__title\">\n          Grundkurs i Arbetsr\u00e4tt\n        <\/h2>\n        <div class=\"Blurb__text course-info\">\n          <div class=\"meta\">\n                          <span>Kurs<\/span>\n                                                      <span>Distans<\/span>\n                                                    <span>Medlemspris 2495 kr<\/span>\n                      <\/div>\n\n                      <div class=\"date\">\n              <svg class='icon icon--calendar'  width=\"16\" height=\"16\" viewBox=\"0 0 16 16\" fill=\"none\" xmlns=\"http:\/\/www.w3.org\/2000\/svg\">\n<rect x=\"1.5\" y=\"3.99835\" width=\"13\" height=\"10\" stroke=\"black\" stroke-width=\"2\" stroke-miterlimit=\"10\" stroke-linecap=\"round\"\/>\n<path d=\"M1.5 6.79999H14.5\" stroke=\"black\" stroke-width=\"2\" stroke-miterlimit=\"10\"\/>\n<path d=\"M5 0.5V4\" stroke=\"black\" stroke-width=\"2\"\/>\n<path d=\"M11 0.5V4\" stroke=\"black\" stroke-width=\"2\"\/>\n<\/svg>\n\n                                19 maj, 09:00 &#8211; 11:00 och <br>\n                              20 maj, 09:00 &#8211; 11:00<br>\n                          <\/div>\n          \n          \n\n                      <div class=\"checklist\">\n              <ul class=\"checklist__list\">\n                                  <li>Vanliga fr\u00e5gest\u00e4llningar och situationer<\/li>\n                                  <li>Lagstiftning och kollektivavtal<\/li>\n                                  <li>Arbetsgivarens skyldigheter och handlingsutrymme<\/li>\n                              <\/ul>\n            <\/div>\n          \n          \n          \n\n          \n\n          \n        <\/div>\n      <\/div>\n      <div class=\"Blurb__button Button \">\n                  <div class=\"Button__text\">\n            L\u00e4s mer och boka\n          <\/div>\n                <div class=\"Button__arrow\">\n          <div class=\"Button__line\"><\/div>\n          <svg class='icon icon--arrow-tip'  width=\"11\" height=\"16\" viewBox=\"0 0 11 16\" fill=\"none\" xmlns=\"http:\/\/www.w3.org\/2000\/svg\">\n<path d=\"M0.858398 15L9.2304 7.99664L0.967732 1.00001\" stroke=\"black\" stroke-width=\"2\" stroke-miterlimit=\"10\"\/>\n<\/svg>\n\n          <\/div>\n      <\/div>\n    <\/div>\n  <\/a>\n<\/article>\n\n        <\/div>\n              <div class=\"col-md-3 mb-4\">\n            <article class=\"Blurb Blurb--event Blurb--sm\">\n  <a href=\"https:\/\/www.utbildningsforetagen.se\/aktiviteter\/fordjupa-dig-i-arbetsratten-stockholm\/\">\n          <div class=\"Blurb__thumbnail__wrap\">\n        <figure class=\"Blurb__thumbnail\">\n          <img loading=\"lazy\" decoding=\"async\" width=\"580\" height=\"387\" src=\"https:\/\/www.utbildningsforetagen.se\/app\/uploads\/sites\/7\/2025\/12\/ima235889-580x387.jpg\" class=\"attachment-medium size-medium wp-post-image\" alt=\"\" srcset=\"https:\/\/www.utbildningsforetagen.se\/app\/uploads\/sites\/7\/2025\/12\/ima235889-580x387.jpg 580w, https:\/\/www.utbildningsforetagen.se\/app\/uploads\/sites\/7\/2025\/12\/ima235889-1180x787.jpg 1180w, https:\/\/www.utbildningsforetagen.se\/app\/uploads\/sites\/7\/2025\/12\/ima235889-380x254.jpg 380w, https:\/\/www.utbildningsforetagen.se\/app\/uploads\/sites\/7\/2025\/12\/ima235889-768x512.jpg 768w, https:\/\/www.utbildningsforetagen.se\/app\/uploads\/sites\/7\/2025\/12\/ima235889.jpg 1400w\" sizes=\"auto, (max-width: 580px) 100vw, 580px\" \/>\n        <\/figure>\n      <\/div>\n        <div class=\"Blurb__content\">\n      <div class=\"Blurb__body\">\n        <h2 class=\"Blurb__title\">\n          F\u00f6rdjupa dig i Arbetsr\u00e4tten  &#8211; Stockholm\n        <\/h2>\n        <div class=\"Blurb__text course-info\">\n          <div class=\"meta\">\n                          <span>Kurs<\/span>\n                                                      <span>N\u00e4ringslivets Hus, Stockholm<\/span>\n                                                    <span>Medlemspris 3800 kr<\/span>\n                      <\/div>\n\n                      <div class=\"date\">\n              <svg class='icon icon--calendar'  width=\"16\" height=\"16\" viewBox=\"0 0 16 16\" fill=\"none\" xmlns=\"http:\/\/www.w3.org\/2000\/svg\">\n<rect x=\"1.5\" y=\"3.99835\" width=\"13\" height=\"10\" stroke=\"black\" stroke-width=\"2\" stroke-miterlimit=\"10\" stroke-linecap=\"round\"\/>\n<path d=\"M1.5 6.79999H14.5\" stroke=\"black\" stroke-width=\"2\" stroke-miterlimit=\"10\"\/>\n<path d=\"M5 0.5V4\" stroke=\"black\" stroke-width=\"2\"\/>\n<path d=\"M11 0.5V4\" stroke=\"black\" stroke-width=\"2\"\/>\n<\/svg>\n\n                22 maj, 09:30 &#8211; 16:00\n            <\/div>\n          \n          \n\n          \n          \n          \n\n          \n\n          \n        <\/div>\n      <\/div>\n      <div class=\"Blurb__button Button \">\n                  <div class=\"Button__text\">\n            L\u00e4s mer och boka\n          <\/div>\n                <div class=\"Button__arrow\">\n          <div class=\"Button__line\"><\/div>\n          <svg class='icon icon--arrow-tip'  width=\"11\" height=\"16\" viewBox=\"0 0 11 16\" fill=\"none\" xmlns=\"http:\/\/www.w3.org\/2000\/svg\">\n<path d=\"M0.858398 15L9.2304 7.99664L0.967732 1.00001\" stroke=\"black\" stroke-width=\"2\" stroke-miterlimit=\"10\"\/>\n<\/svg>\n\n          <\/div>\n      <\/div>\n    <\/div>\n  <\/a>\n<\/article>\n\n        <\/div>\n              <div class=\"col-md-3 mb-4\">\n            <article class=\"Blurb Blurb--event Blurb--sm\">\n  <a href=\"https:\/\/www.utbildningsforetagen.se\/aktiviteter\/uppsagning-av-personliga-skal\/\">\n          <div class=\"Blurb__thumbnail__wrap\">\n        <figure class=\"Blurb__thumbnail\">\n          <img loading=\"lazy\" decoding=\"async\" width=\"580\" height=\"387\" src=\"https:\/\/www.utbildningsforetagen.se\/app\/uploads\/sites\/7\/2026\/01\/uppsagning-580x387.jpg\" class=\"attachment-medium size-medium wp-post-image\" alt=\"\" srcset=\"https:\/\/www.utbildningsforetagen.se\/app\/uploads\/sites\/7\/2026\/01\/uppsagning-580x387.jpg 580w, https:\/\/www.utbildningsforetagen.se\/app\/uploads\/sites\/7\/2026\/01\/uppsagning-1180x787.jpg 1180w, https:\/\/www.utbildningsforetagen.se\/app\/uploads\/sites\/7\/2026\/01\/uppsagning-380x253.jpg 380w, https:\/\/www.utbildningsforetagen.se\/app\/uploads\/sites\/7\/2026\/01\/uppsagning-768x512.jpg 768w, https:\/\/www.utbildningsforetagen.se\/app\/uploads\/sites\/7\/2026\/01\/uppsagning-1536x1024.jpg 1536w, https:\/\/www.utbildningsforetagen.se\/app\/uploads\/sites\/7\/2026\/01\/uppsagning-2048x1366.jpg 2048w\" sizes=\"auto, (max-width: 580px) 100vw, 580px\" \/>\n        <\/figure>\n      <\/div>\n        <div class=\"Blurb__content\">\n      <div class=\"Blurb__body\">\n        <h2 class=\"Blurb__title\">\n          Personliga sk\u00e4l vid upps\u00e4gning \u2013 en v\u00e4gledning f\u00f6r arbetsgivare\n        <\/h2>\n        <div class=\"Blurb__text course-info\">\n          <div class=\"meta\">\n                          <span>Kurs<\/span>\n                                                      <span>Distans<\/span>\n                                                    <span>Medlemspris 2995 kr<\/span>\n                      <\/div>\n\n                      <div class=\"date\">\n              <svg class='icon icon--calendar'  width=\"16\" height=\"16\" viewBox=\"0 0 16 16\" fill=\"none\" xmlns=\"http:\/\/www.w3.org\/2000\/svg\">\n<rect x=\"1.5\" y=\"3.99835\" width=\"13\" height=\"10\" stroke=\"black\" stroke-width=\"2\" stroke-miterlimit=\"10\" stroke-linecap=\"round\"\/>\n<path d=\"M1.5 6.79999H14.5\" stroke=\"black\" stroke-width=\"2\" stroke-miterlimit=\"10\"\/>\n<path d=\"M5 0.5V4\" stroke=\"black\" stroke-width=\"2\"\/>\n<path d=\"M11 0.5V4\" stroke=\"black\" stroke-width=\"2\"\/>\n<\/svg>\n\n                                26 maj, 13:00 &#8211; 16:00 och <br>\n                              27 maj, 13:00 &#8211; 16:00<br>\n                          <\/div>\n          \n          \n\n                      <div class=\"checklist\">\n              <ul class=\"checklist__list\">\n                                  <li>Arbetsgivarens utredningsskyldighet<\/li>\n                                  <li>Sk\u00e4liga anpassnings\u00e5tg\u00e4rder<\/li>\n                              <\/ul>\n            <\/div>\n          \n          \n          \n\n          \n\n          \n        <\/div>\n      <\/div>\n      <div class=\"Blurb__button Button \">\n                  <div class=\"Button__text\">\n            L\u00e4s mer och boka\n          <\/div>\n                <div class=\"Button__arrow\">\n          <div class=\"Button__line\"><\/div>\n          <svg class='icon icon--arrow-tip'  width=\"11\" height=\"16\" viewBox=\"0 0 11 16\" fill=\"none\" xmlns=\"http:\/\/www.w3.org\/2000\/svg\">\n<path d=\"M0.858398 15L9.2304 7.99664L0.967732 1.00001\" stroke=\"black\" stroke-width=\"2\" stroke-miterlimit=\"10\"\/>\n<\/svg>\n\n          <\/div>\n      <\/div>\n    <\/div>\n  <\/a>\n<\/article>\n\n        <\/div>\n                <\/div>\n      <\/div>\n<\/div>\n","protected":false},"excerpt":{"rendered":"<p>Vi f\u00f6rb\u00e4ttrar villkoren Almega Utbildningsf\u00f6retagen arbetar f\u00f6r att f\u00f6rb\u00e4ttra svenska utbildningsf\u00f6retags f\u00f6ruts\u00e4ttningar. Vi deltar aktivt och konstruktivt i samh\u00e4llsdebatten kring vuxnas l\u00e4rande och kompetensf\u00f6rs\u00f6rjning. Vi p\u00e5verkar politiken. Som den st\u00f6rsta branschorganisationen f\u00f6r utbildningsf\u00f6retag \u00e4r vi &hellip;<\/p>\n","protected":false},"author":1,"featured_media":0,"parent":9,"menu_order":0,"comment_status":"closed","ping_status":"closed","template":"","meta":{"_acf_changed":false,"footnotes":""},"article_type":[],"agreement":[],"for-members":[],"class_list":["post-681","page","type-page","status-publish","hentry"],"acf":[],"yoast_head":"<!-- This site is optimized with the Yoast SEO plugin v26.8 - https:\/\/yoast.com\/product\/yoast-seo-wordpress\/ -->\n<title>Vi f\u00f6rb\u00e4ttrar villkoren - Utbildningsf\u00f6retagen<\/title>\n<meta name=\"robots\" content=\"index, follow, max-snippet:-1, max-image-preview:large, max-video-preview:-1\" \/>\n<link rel=\"canonical\" href=\"https:\/\/www.utbildningsforetagen.se\/vara-fragor\/villkor\/\" \/>\n<meta property=\"og:locale\" content=\"sv_SE\" \/>\n<meta property=\"og:type\" content=\"article\" \/>\n<meta property=\"og:title\" content=\"Vi f\u00f6rb\u00e4ttrar villkoren - Utbildningsf\u00f6retagen\" \/>\n<meta property=\"og:description\" content=\"Vi f\u00f6rb\u00e4ttrar villkoren Almega Utbildningsf\u00f6retagen arbetar f\u00f6r att f\u00f6rb\u00e4ttra svenska utbildningsf\u00f6retags f\u00f6ruts\u00e4ttningar. Vi deltar aktivt och konstruktivt i samh\u00e4llsdebatten kring vuxnas l\u00e4rande och kompetensf\u00f6rs\u00f6rjning. Vi p\u00e5verkar politiken. Som den st\u00f6rsta branschorganisationen f\u00f6r utbildningsf\u00f6retag \u00e4r vi &hellip;\" \/>\n<meta property=\"og:url\" content=\"https:\/\/www.utbildningsforetagen.se\/vara-fragor\/villkor\/\" \/>\n<meta property=\"og:site_name\" content=\"Utbildningsf\u00f6retagen\" \/>\n<meta property=\"article:modified_time\" content=\"2023-03-29T14:13:17+00:00\" \/>\n<meta name=\"twitter:card\" content=\"summary_large_image\" \/>\n<meta name=\"twitter:label1\" content=\"Ber\u00e4knad l\u00e4stid\" \/>\n\t<meta name=\"twitter:data1\" content=\"2 minuter\" \/>\n<script type=\"application\/ld+json\" class=\"yoast-schema-graph\">{\"@context\":\"https:\/\/schema.org\",\"@graph\":[{\"@type\":\"WebPage\",\"@id\":\"https:\/\/www.utbildningsforetagen.se\/vara-fragor\/villkor\/\",\"url\":\"https:\/\/www.utbildningsforetagen.se\/vara-fragor\/villkor\/\",\"name\":\"Vi f\u00f6rb\u00e4ttrar villkoren - Utbildningsf\u00f6retagen\",\"isPartOf\":{\"@id\":\"https:\/\/www.utbildningsforetagen.se\/#website\"},\"datePublished\":\"2018-09-13T11:24:03+00:00\",\"dateModified\":\"2023-03-29T14:13:17+00:00\",\"breadcrumb\":{\"@id\":\"https:\/\/www.utbildningsforetagen.se\/vara-fragor\/villkor\/#breadcrumb\"},\"inLanguage\":\"sv-SE\",\"potentialAction\":[{\"@type\":\"ReadAction\",\"target\":[\"https:\/\/www.utbildningsforetagen.se\/vara-fragor\/villkor\/\"]}]},{\"@type\":\"BreadcrumbList\",\"@id\":\"https:\/\/www.utbildningsforetagen.se\/vara-fragor\/villkor\/#breadcrumb\",\"itemListElement\":[{\"@type\":\"ListItem\",\"position\":1,\"name\":\"Home\",\"item\":\"https:\/\/www.utbildningsforetagen.se\/\"},{\"@type\":\"ListItem\",\"position\":2,\"name\":\"V\u00e5ra fr\u00e5gor\",\"item\":\"https:\/\/www.utbildningsforetagen.se\/vara-fragor\/\"},{\"@type\":\"ListItem\",\"position\":3,\"name\":\"Vi f\u00f6rb\u00e4ttrar villkoren\"}]},{\"@type\":\"WebSite\",\"@id\":\"https:\/\/www.utbildningsforetagen.se\/#website\",\"url\":\"https:\/\/www.utbildningsforetagen.se\/\",\"name\":\"Utbildningsf\u00f6retagen\",\"description\":\"\",\"potentialAction\":[{\"@type\":\"SearchAction\",\"target\":{\"@type\":\"EntryPoint\",\"urlTemplate\":\"https:\/\/www.utbildningsforetagen.se\/?s={search_term_string}\"},\"query-input\":{\"@type\":\"PropertyValueSpecification\",\"valueRequired\":true,\"valueName\":\"search_term_string\"}}],\"inLanguage\":\"sv-SE\"}]}<\/script>\n<!-- \/ Yoast SEO plugin. -->","yoast_head_json":{"title":"Vi f\u00f6rb\u00e4ttrar villkoren - Utbildningsf\u00f6retagen","robots":{"index":"index","follow":"follow","max-snippet":"max-snippet:-1","max-image-preview":"max-image-preview:large","max-video-preview":"max-video-preview:-1"},"canonical":"https:\/\/www.utbildningsforetagen.se\/vara-fragor\/villkor\/","og_locale":"sv_SE","og_type":"article","og_title":"Vi f\u00f6rb\u00e4ttrar villkoren - Utbildningsf\u00f6retagen","og_description":"Vi f\u00f6rb\u00e4ttrar villkoren Almega Utbildningsf\u00f6retagen arbetar f\u00f6r att f\u00f6rb\u00e4ttra svenska utbildningsf\u00f6retags f\u00f6ruts\u00e4ttningar. Vi deltar aktivt och konstruktivt i samh\u00e4llsdebatten kring vuxnas l\u00e4rande och kompetensf\u00f6rs\u00f6rjning. Vi p\u00e5verkar politiken. Som den st\u00f6rsta branschorganisationen f\u00f6r utbildningsf\u00f6retag \u00e4r vi &hellip;","og_url":"https:\/\/www.utbildningsforetagen.se\/vara-fragor\/villkor\/","og_site_name":"Utbildningsf\u00f6retagen","article_modified_time":"2023-03-29T14:13:17+00:00","twitter_card":"summary_large_image","twitter_misc":{"Ber\u00e4knad l\u00e4stid":"2 minuter"},"schema":{"@context":"https:\/\/schema.org","@graph":[{"@type":"WebPage","@id":"https:\/\/www.utbildningsforetagen.se\/vara-fragor\/villkor\/","url":"https:\/\/www.utbildningsforetagen.se\/vara-fragor\/villkor\/","name":"Vi f\u00f6rb\u00e4ttrar villkoren - Utbildningsf\u00f6retagen","isPartOf":{"@id":"https:\/\/www.utbildningsforetagen.se\/#website"},"datePublished":"2018-09-13T11:24:03+00:00","dateModified":"2023-03-29T14:13:17+00:00","breadcrumb":{"@id":"https:\/\/www.utbildningsforetagen.se\/vara-fragor\/villkor\/#breadcrumb"},"inLanguage":"sv-SE","potentialAction":[{"@type":"ReadAction","target":["https:\/\/www.utbildningsforetagen.se\/vara-fragor\/villkor\/"]}]},{"@type":"BreadcrumbList","@id":"https:\/\/www.utbildningsforetagen.se\/vara-fragor\/villkor\/#breadcrumb","itemListElement":[{"@type":"ListItem","position":1,"name":"Home","item":"https:\/\/www.utbildningsforetagen.se\/"},{"@type":"ListItem","position":2,"name":"V\u00e5ra fr\u00e5gor","item":"https:\/\/www.utbildningsforetagen.se\/vara-fragor\/"},{"@type":"ListItem","position":3,"name":"Vi f\u00f6rb\u00e4ttrar villkoren"}]},{"@type":"WebSite","@id":"https:\/\/www.utbildningsforetagen.se\/#website","url":"https:\/\/www.utbildningsforetagen.se\/","name":"Utbildningsf\u00f6retagen","description":"","potentialAction":[{"@type":"SearchAction","target":{"@type":"EntryPoint","urlTemplate":"https:\/\/www.utbildningsforetagen.se\/?s={search_term_string}"},"query-input":{"@type":"PropertyValueSpecification","valueRequired":true,"valueName":"search_term_string"}}],"inLanguage":"sv-SE"}]}},"_links":{"self":[{"href":"https:\/\/www.utbildningsforetagen.se\/api\/wp\/v2\/pages\/681","targetHints":{"allow":["GET"]}}],"collection":[{"href":"https:\/\/www.utbildningsforetagen.se\/api\/wp\/v2\/pages"}],"about":[{"href":"https:\/\/www.utbildningsforetagen.se\/api\/wp\/v2\/types\/page"}],"author":[{"embeddable":true,"href":"https:\/\/www.utbildningsforetagen.se\/api\/wp\/v2\/users\/1"}],"replies":[{"embeddable":true,"href":"https:\/\/www.utbildningsforetagen.se\/api\/wp\/v2\/comments?post=681"}],"version-history":[{"count":4,"href":"https:\/\/www.utbildningsforetagen.se\/api\/wp\/v2\/pages\/681\/revisions"}],"predecessor-version":[{"id":3714,"href":"https:\/\/www.utbildningsforetagen.se\/api\/wp\/v2\/pages\/681\/revisions\/3714"}],"up":[{"embeddable":true,"href":"https:\/\/www.utbildningsforetagen.se\/api\/wp\/v2\/pages\/9"}],"wp:attachment":[{"href":"https:\/\/www.utbildningsforetagen.se\/api\/wp\/v2\/media?parent=681"}],"wp:term":[{"taxonomy":"type","embeddable":true,"href":"https:\/\/www.utbildningsforetagen.se\/api\/wp\/v2\/article_type?post=681"},{"taxonomy":"agreement","embeddable":true,"href":"https:\/\/www.utbildningsforetagen.se\/api\/wp\/v2\/agreement?post=681"},{"taxonomy":"for-members","embeddable":true,"href":"https:\/\/www.utbildningsforetagen.se\/api\/wp\/v2\/for-members?post=681"}],"curies":[{"name":"wp","href":"https:\/\/api.w.org\/{rel}","templated":true}]}}