{"id":5,"date":"2018-09-12T08:16:44","date_gmt":"2018-09-12T06:16:44","guid":{"rendered":"http:\/\/utb.almega.se\/?page_id=5"},"modified":"2023-09-25T09:38:06","modified_gmt":"2023-09-25T07:38:06","slug":"bli-medlem","status":"publish","type":"page","link":"https:\/\/www.utbildningsforetagen.se\/bli-medlem\/","title":{"rendered":"Bli medlem"},"content":{"rendered":"<div id=\"block-hero-block_f4b962b6a245544f533bbfaf6d2cc4fc\" class=\"Hero --has-media has-lightgray-background-color has-paragraph-text\">\n\n      <img loading=\"lazy\" decoding=\"async\" width=\"1180\" height=\"787\" src=\"https:\/\/www.utbildningsforetagen.se\/app\/uploads\/sites\/7\/2018\/09\/rawpixel-683571-unsplash-1180x787.jpg\" class=\"Hero__image\" alt=\"\" srcset=\"https:\/\/www.utbildningsforetagen.se\/app\/uploads\/sites\/7\/2018\/09\/rawpixel-683571-unsplash-1180x787.jpg 1180w, https:\/\/www.utbildningsforetagen.se\/app\/uploads\/sites\/7\/2018\/09\/rawpixel-683571-unsplash-380x253.jpg 380w, https:\/\/www.utbildningsforetagen.se\/app\/uploads\/sites\/7\/2018\/09\/rawpixel-683571-unsplash-580x387.jpg 580w, https:\/\/www.utbildningsforetagen.se\/app\/uploads\/sites\/7\/2018\/09\/rawpixel-683571-unsplash-768x512.jpg 768w\" sizes=\"auto, (max-width: 1180px) 100vw, 1180px\" \/>\n    \n  <div class=\"Hero__inner container has-lightgray-background-color has-background-image\">\n              <div class=\"Hero__title\">\n          <h1><i> Vi blir starkare tillsammans<\/i><\/h1>\n        <\/div>\n                    <div class=\"Hero__text\">\n          <p>Ett medlemskap ger dig som f\u00f6retagare m\u00e5nga f\u00f6rdelar. Du f\u00e5r tillg\u00e5ng till r\u00e5dgivning av Sveriges fr\u00e4msta experter inom arbetsr\u00e4tt, hj\u00e4lp vid f\u00f6rhandling och m\u00f6jlighet att delta i v\u00e5ra medlemsn\u00e4tverk. V\u00e5ra medlemmar \u00e4r landets ledande f\u00f6retag inom utbildning och matchning.<\/p>\n\n        <\/div>\n                    <\/div>\n<\/div>\n\n\n\n<div class=\"wp-block-group has-primary-background-color has-background is-layout-constrained wp-block-group-is-layout-constrained\"><div class=\"wp-block wp-block-core-heading\" id=\"vi-erbjuder-tv\u00c5-former-av-medlemskap\">\n<h4 class=\"wp-block-heading\">VI ERBJUDER TV\u00c5 FORMER AV MEDLEMSKAP<\/h4>\n<\/div>\n\n\n<div class=\"wp-block-columns is-layout-flex wp-container-core-columns-is-layout-9d6595d7 wp-block-columns-is-layout-flex\">\n<div class=\"wp-block-column is-layout-flow wp-block-column-is-layout-flow\"><div class=\"container\">\n  <div id=\"block-related-post-block_63a7eedf999e293f42c2f281315d2506\" class=\"Related-post\">\n          <article class=\"Blurb  Blurb--vertical has-thumbnail\">\n  <a href=\"https:\/\/www.utbildningsforetagen.se\/2021\/02\/arbetsgivar-och-branschmedlemskap\/\">\n          <div class=\"Blurb__thumbnail__wrap\">\n        <figure class=\"Blurb__thumbnail\">\n          <img loading=\"lazy\" decoding=\"async\" width=\"4820\" height=\"3037\" src=\"https:\/\/www.utbildningsforetagen.se\/app\/uploads\/sites\/7\/2018\/09\/john-schnobrich-520019-unsplash-1.jpg\" class=\"attachment-small size-small wp-post-image\" alt=\"\" srcset=\"https:\/\/www.utbildningsforetagen.se\/app\/uploads\/sites\/7\/2018\/09\/john-schnobrich-520019-unsplash-1.jpg 4820w, https:\/\/www.utbildningsforetagen.se\/app\/uploads\/sites\/7\/2018\/09\/john-schnobrich-520019-unsplash-1-380x239.jpg 380w, https:\/\/www.utbildningsforetagen.se\/app\/uploads\/sites\/7\/2018\/09\/john-schnobrich-520019-unsplash-1-580x365.jpg 580w, https:\/\/www.utbildningsforetagen.se\/app\/uploads\/sites\/7\/2018\/09\/john-schnobrich-520019-unsplash-1-768x484.jpg 768w, https:\/\/www.utbildningsforetagen.se\/app\/uploads\/sites\/7\/2018\/09\/john-schnobrich-520019-unsplash-1-1180x743.jpg 1180w\" sizes=\"auto, (max-width: 4820px) 100vw, 4820px\" \/>\n        <\/figure>\n      <\/div>\n        <div class=\"Blurb__content\">\n      <div class=\"Blurb__body\">\n        <div>\n                                <div class=\"Meta d-flex align-items-center Blurb__meta\">\n      <div class=\"Meta__tag item\">\n      Bli medlem\n      <svg class='icon icon--triangle'  width=\"26\" height=\"32\" viewBox=\"0 0 26 32\" fill=\"none\" xmlns=\"http:\/\/www.w3.org\/2000\/svg\">\n<path fill-rule=\"evenodd\" clip-rule=\"evenodd\" d=\"M13.1315 0H0V32H13.1315L26 16L13.1315 0ZM9 18.581C10.6569 18.581 12 17.1946 12 15.4843C12 13.774 10.6569 12.3875 9 12.3875C7.34315 12.3875 6 13.774 6 15.4843C6 17.1946 7.34315 18.581 9 18.581Z\" fill=\"#FDDCC0\"\/>\n<\/svg>\n\n      <\/div>\n    <div class=\"Meta__group\">\n          <div class=\"Meta__date  d-flex align-items-center\">\n        <svg class='icon icon--timestamp'  width=\"16\" height=\"16\" viewBox=\"0 0 16 16\" fill=\"none\" xmlns=\"http:\/\/www.w3.org\/2000\/svg\">\n<path fill-rule=\"evenodd\" clip-rule=\"evenodd\" d=\"M10.4833 10.5818C10.7278 10.8452 10.7278 11.2723 10.4833 11.5357C10.361 11.6674 10.2008 11.7333 10.0405 11.7333C9.88023 11.7333 9.72008 11.6674 9.59781 11.5357L7.65015 9.43814C7.53273 9.31167 7.46667 9.14001 7.46667 8.96109V4.94118C7.46667 4.56868 7.74705 4.26667 8.09288 4.26667C8.4387 4.26667 8.71908 4.56868 8.71908 4.94118V8.68168L10.4833 10.5818ZM8 14.9333C4.177 14.9333 1.06667 11.823 1.06667 8C1.06667 4.177 4.177 1.06667 8 1.06667C11.8232 1.06667 14.9333 4.177 14.9333 8C14.9333 11.823 11.8232 14.9333 8 14.9333ZM8 0C3.58887 0 0 3.58887 0 8C0 12.4111 3.58887 16 8 16C12.4113 16 16 12.4111 16 8C16 3.58887 12.4113 0 8 0Z\" fill=\"black\"\/>\n<\/svg>\n\n          <time datetime=\"2021-02-22T09:55:31+00:00\">22 februari 2021<\/time>\n      <\/div>\n          <\/div>\n<\/div>\n                  <\/div>\n        <h2 class=\"Blurb__title\">\n          Arbetsgivar- och branschmedlemskap\n        <\/h2>\n                  <div class=\"Blurb__text\">\n            Som fullv\u00e4rdig medlem f\u00e5r du tillg\u00e5ng till arbetsgivarservice, hj\u00e4lp vid f\u00f6rhandlingar och st\u00f6d av Sveriges fr\u00e4msta jurister. Ditt f\u00f6retag blir anslutet till v\u00e5rt kollektivavtal. Du kan delta i n\u00e4tverk med branschkollegor inom f\u00f6retags\u00adutbildning, arbetsmarknadstj\u00e4nster och vuxen\u00adutbildning. Ditt f\u00f6retag kan ocks\u00e5 bli auktoriserat utbildnings- eller matchnings\u00adf\u00f6retag.\n\n          <\/div>\n                <div class=\"Blurb__arrow\">\n                                <div class=\"Blurb__arrow__line\">\n              <svg class='icon icon--arrow-tip'  width=\"11\" height=\"16\" viewBox=\"0 0 11 16\" fill=\"none\" xmlns=\"http:\/\/www.w3.org\/2000\/svg\">\n<path d=\"M0.858398 15L9.2304 7.99664L0.967732 1.00001\" stroke=\"black\" stroke-width=\"2\" stroke-miterlimit=\"10\"\/>\n<\/svg>\n\n              <\/div>\n                  <\/div>\n      <\/div>\n    <\/div>\n  <\/a>\n<\/article>\n      <\/div>\n<\/div>\n<\/div>\n\n\n\n<div class=\"wp-block-column is-layout-flow wp-block-column-is-layout-flow\"><div class=\"container\">\n  <div id=\"block-related-post-block_f8d1a377d130b543910e1de6a398723d\" class=\"Related-post aligncenter\">\n          <article class=\"Blurb  Blurb--vertical has-thumbnail\">\n  <a href=\"https:\/\/www.utbildningsforetagen.se\/2021\/02\/branschmedlemskap\/\">\n          <div class=\"Blurb__thumbnail__wrap\">\n        <figure class=\"Blurb__thumbnail\">\n          <img loading=\"lazy\" decoding=\"async\" width=\"4752\" height=\"3168\" src=\"https:\/\/www.utbildningsforetagen.se\/app\/uploads\/sites\/7\/2018\/10\/john-mark-smith-193849-unsplash.jpg\" class=\"attachment-small size-small wp-post-image\" alt=\"\" srcset=\"https:\/\/www.utbildningsforetagen.se\/app\/uploads\/sites\/7\/2018\/10\/john-mark-smith-193849-unsplash.jpg 4752w, https:\/\/www.utbildningsforetagen.se\/app\/uploads\/sites\/7\/2018\/10\/john-mark-smith-193849-unsplash-380x253.jpg 380w, https:\/\/www.utbildningsforetagen.se\/app\/uploads\/sites\/7\/2018\/10\/john-mark-smith-193849-unsplash-580x387.jpg 580w, https:\/\/www.utbildningsforetagen.se\/app\/uploads\/sites\/7\/2018\/10\/john-mark-smith-193849-unsplash-768x512.jpg 768w, https:\/\/www.utbildningsforetagen.se\/app\/uploads\/sites\/7\/2018\/10\/john-mark-smith-193849-unsplash-1180x787.jpg 1180w\" sizes=\"auto, (max-width: 4752px) 100vw, 4752px\" \/>\n        <\/figure>\n      <\/div>\n        <div class=\"Blurb__content\">\n      <div class=\"Blurb__body\">\n        <div>\n                                <div class=\"Meta d-flex align-items-center Blurb__meta\">\n      <div class=\"Meta__tag item\">\n      Bli medlem\n      <svg class='icon icon--triangle'  width=\"26\" height=\"32\" viewBox=\"0 0 26 32\" fill=\"none\" xmlns=\"http:\/\/www.w3.org\/2000\/svg\">\n<path fill-rule=\"evenodd\" clip-rule=\"evenodd\" d=\"M13.1315 0H0V32H13.1315L26 16L13.1315 0ZM9 18.581C10.6569 18.581 12 17.1946 12 15.4843C12 13.774 10.6569 12.3875 9 12.3875C7.34315 12.3875 6 13.774 6 15.4843C6 17.1946 7.34315 18.581 9 18.581Z\" fill=\"#FDDCC0\"\/>\n<\/svg>\n\n      <\/div>\n    <div class=\"Meta__group\">\n          <div class=\"Meta__date  d-flex align-items-center\">\n        <svg class='icon icon--timestamp'  width=\"16\" height=\"16\" viewBox=\"0 0 16 16\" fill=\"none\" xmlns=\"http:\/\/www.w3.org\/2000\/svg\">\n<path fill-rule=\"evenodd\" clip-rule=\"evenodd\" d=\"M10.4833 10.5818C10.7278 10.8452 10.7278 11.2723 10.4833 11.5357C10.361 11.6674 10.2008 11.7333 10.0405 11.7333C9.88023 11.7333 9.72008 11.6674 9.59781 11.5357L7.65015 9.43814C7.53273 9.31167 7.46667 9.14001 7.46667 8.96109V4.94118C7.46667 4.56868 7.74705 4.26667 8.09288 4.26667C8.4387 4.26667 8.71908 4.56868 8.71908 4.94118V8.68168L10.4833 10.5818ZM8 14.9333C4.177 14.9333 1.06667 11.823 1.06667 8C1.06667 4.177 4.177 1.06667 8 1.06667C11.8232 1.06667 14.9333 4.177 14.9333 8C14.9333 11.823 11.8232 14.9333 8 14.9333ZM8 0C3.58887 0 0 3.58887 0 8C0 12.4111 3.58887 16 8 16C12.4113 16 16 12.4111 16 8C16 3.58887 12.4113 0 8 0Z\" fill=\"black\"\/>\n<\/svg>\n\n          <time datetime=\"2021-02-22T09:56:23+00:00\">22 februari 2021<\/time>\n      <\/div>\n          <\/div>\n<\/div>\n                  <\/div>\n        <h2 class=\"Blurb__title\">\n          Branschmedlemskap\n        <\/h2>\n                  <div class=\"Blurb__text\">\n            Som branschmedlem ger du st\u00f6d till branschen. Du kan delta i n\u00e4tverk med branschkollegor inom f\u00f6retags\u00adutbildning, arbetsmarknadstj\u00e4nster och vuxen\u00adutbildning. Ditt f\u00f6retag kan ocks\u00e5 bli auktoriserat utbildnings- eller matchnings\u00adf\u00f6retag.\n\n          <\/div>\n                <div class=\"Blurb__arrow\">\n                                <div class=\"Blurb__arrow__line\">\n              <svg class='icon icon--arrow-tip'  width=\"11\" height=\"16\" viewBox=\"0 0 11 16\" fill=\"none\" xmlns=\"http:\/\/www.w3.org\/2000\/svg\">\n<path d=\"M0.858398 15L9.2304 7.99664L0.967732 1.00001\" stroke=\"black\" stroke-width=\"2\" stroke-miterlimit=\"10\"\/>\n<\/svg>\n\n              <\/div>\n                  <\/div>\n      <\/div>\n    <\/div>\n  <\/a>\n<\/article>\n      <\/div>\n<\/div>\n<\/div>\n<\/div>\n<\/div>\n\n\n\n<div class=\"wp-block-columns is-layout-flex wp-container-core-columns-is-layout-9d6595d7 wp-block-columns-is-layout-flex\">\n<div class=\"wp-block-column is-layout-flow wp-block-column-is-layout-flow\"><\/div>\n<\/div>\n\n\n\n<div class=\"wp-block-columns is-layout-flex wp-container-core-columns-is-layout-9d6595d7 wp-block-columns-is-layout-flex\">\n<div class=\"wp-block-column is-layout-flow wp-block-column-is-layout-flow\"><\/div>\n<\/div>\n\n\n\n<div class=\"wp-block-columns is-layout-flex wp-container-core-columns-is-layout-9d6595d7 wp-block-columns-is-layout-flex\">\n<div class=\"wp-block-column is-layout-flow wp-block-column-is-layout-flow\"><div class=\"wp-block wp-block-core-heading heading-in-sidebar\" id=\"vill-du-veta-mer?\"><a class='Share__link Share__link--url copy-text' href='#' rel='nofollow' data-text='vill-du-veta-mer?' title='Dela url' data-confirmation='L\u00e4nken kopierades till urklipp'><svg class='icon icon--link'  width='18' height='18' viewBox='0 0 18 18' fill='none' xmlns='http:\/\/www.w3.org\/2000\/svg'>\n            <path d='M10.4142 0.514721L6.87868 4.05025L8.29289 5.46447L11.1213 2.63604L15.364 6.87868L12.5355 9.70711L13.9497 11.1213L17.4853 7.58579C17.8763 7.19476 17.8763 6.5626 17.4853 6.17158L11.8284 0.514721C11.4374 0.123691 10.8052 0.123691 10.4142 0.514721Z' fill='black'\/>\n            <path d='M9.7071 12.5355L6.87868 15.364L2.63604 11.1213L5.46446 8.2929L4.05025 6.87868L0.514716 10.4142C0.123686 10.8052 0.123686 11.4374 0.514716 11.8284L6.17157 17.4853C6.5626 17.8763 7.19475 17.8763 7.58578 17.4853L11.1213 13.9497L9.7071 12.5355Z' fill='black'\/>\n            <path d='M6.17157 11.8284C6.5626 12.2195 7.19475 12.2195 7.58578 11.8284L11.8284 7.58579C12.2195 7.19476 12.2195 6.56261 11.8284 6.17158C11.4374 5.78055 10.8052 5.78055 10.4142 6.17158L6.17157 10.4142C5.78054 10.8052 5.78054 11.4374 6.17157 11.8284Z' fill='black'\/>\n            <\/svg> <\/a>\n<h2 class=\"wp-block-heading\"><strong>Vill du veta mer?<\/strong><\/h2>\n<\/div>\n\n<div class=\"wp-block wp-block-core-paragraph\">\n<p>Fyll i formul\u00e4ret s\u00e5 kontaktar vi dig s\u00e5 snart som m\u00f6jligt.<\/p>\n<\/div>\n\n<div class=\"wp-block wp-block-core-heading\" id=\"du-fardigstaller-din-ansokan\">\n<h3 class=\"wp-block-heading\">Du f\u00e4rdigst\u00e4ller din ans\u00f6kan<\/h3>\n<\/div>\n\n<div class=\"wp-block wp-block-core-paragraph\">\n<p>N\u00e4r vi haft kontakt f\u00e4rdigst\u00e4ller du din ans\u00f6kan och skickar in till oss. Som medlem m\u00e5ste du uppfylla villkoren f\u00f6r medlemskap och inleda processen mot att bli ett auktoriserat utbildnings\u00adf\u00f6retag.\u00a0<\/p>\n<\/div>\n\n<div class=\"wp-block wp-block-core-paragraph\">\n<p><a href=\"http:\/\/www.utbildningsforetagen.se\/auktorisation\/villkor-for-medlemskap\/\">H\u00e4r kan du l\u00e4sa om vad som kr\u00e4vs f\u00f6r att bli medlem i Utbildnings\u00adf\u00f6retagen.<\/a>\u00a0<\/p>\n<\/div>\n\n<div id=\"block-accordion-block_e825fec556dbd0b8329fdc5ad6c4b6f8\" class=\"block-accordion container\">\n      <div class=\"Accordion\">\n      <div class=\"Accordion__rows\">\n                            <div class=\"Accordion__row\" itemscope itemprop=\"mainEntity\" itemtype=\"https:\/\/schema.org\/Question\">\n            <h3 class=\"Accordion__title\" itemprop=\"name\">\n              <button class=\"Button--unstyled togglehandle\" data-toggle=\"collapse\" data-target=\"villkor-for-medlemskap\" aria-expanded=\"false\">\n                Villkor f\u00f6r medlemskap\n              <\/button>\n            <\/h3>\n            <div class=\"Accordion__text collapse\" id=\"villkor-for-medlemskap\" itemscope itemprop=\"acceptedAnswer\" itemtype=\"https:\/\/schema.org\/Answer\">\n              <div itemprop=\"text\">\n                <p>F\u00f6r att bli medlem i Utbildningsf\u00f6retagen m\u00e5ste ditt f\u00f6retag uppfylla nedanst\u00e5ende villkor.<\/p>\n<ol>\n<li>Ut\u00f6va verksamhet inom utbildnings- eller matchnings\u00adbranschen sedan minst 12 m\u00e5nader.<\/li>\n<li>F\u00f6lja\u00a0<a href=\"https:\/\/www.almega.se\/app\/uploads\/sites\/7\/2018\/09\/a-stadgar-for-almega-utbildningsforetagen.pdf\">Utbildnings\u00adf\u00f6retagens stadgar<\/a>.<\/li>\n<li>Bedriva aktuell verksamhet i juridisk person.<\/li>\n<li>Visa upp den senaste \u00e5rsredovisningen med revisionsber\u00e4ttelse och i \u00f6vrigt\u00a0styrker ordnad ekonomi.<\/li>\n<li>Uppvisa rating enligt minst niv\u00e5 40 i Creditsafe.<\/li>\n<li>Inte ha n\u00e5gra aktuella \u00e4renden hos Allm\u00e4nna reklamationsn\u00e4mnden (ARN).<\/li>\n<li>Ha l\u00e4mnat in en sj\u00e4lvdeklaration g\u00e4llande\u00a0<a href=\"https:\/\/www.almega.se\/app\/uploads\/sites\/7\/2018\/09\/c-kriterier-for-kvalitetsauktorisation-1.pdf\">kriterier f\u00f6r kvalitetsauktorisation<\/a>.<\/li>\n<li>Uppvisa giltig ansvarsf\u00f6rs\u00e4kring.<\/li>\n<li>Till\u00e4mpa\u00a0<a href=\"https:\/\/www.almega.se\/app\/uploads\/sites\/7\/2018\/09\/d-utbildningsforetagens-allmanna-leveransvillkor.pdf\">Utbildnings\u00adf\u00f6retagens allm\u00e4nna leveransvillkor (standardavtal<\/a>).<\/li>\n<li>F\u00f6lja Utbildnings\u00adf\u00f6retagens\u00a0<a href=\"http:\/\/www.utbildningsforetagen.se\/etiska-regler\/\">etiska regler<\/a>.<\/li>\n<li>S\u00e4kerst\u00e4lla att underleverant\u00f6r \u00e4r momsregistrerad, betalar skatter och avgifter, omfattas av underleverant\u00f6rsf\u00f6rs\u00e4kring samt f\u00f6ljer Utbildnings\u00adf\u00f6retagens etiska regler.<\/li>\n<li>Synligg\u00f6ra att det \u00e4r ett medlems\u00adf\u00f6retag i sin marknadsf\u00f6ring och platsannonsering.<\/li>\n<li>\u00c5rligen redovisa\u00a0<a href=\"https:\/\/www.almega.se\/app\/uploads\/sites\/7\/2018\/09\/f-effekten-av-utbildningarnas-genomforande.pdf\">effekten av utbildningarnas genomf\u00f6rande<\/a>.<\/li>\n<li>Genomg\u00e5\u00a0<a href=\"https:\/\/www.almega.se\/app\/uploads\/sites\/7\/2018\/09\/g-utbildningsforetagens-aterkommande-granskning.pdf\">Utbildnings\u00adf\u00f6retagens \u00e5terkommande granskning<\/a>\u00a0och underst\u00e4lla sig\u00a0<a href=\"https:\/\/www.almega.se\/app\/uploads\/sites\/7\/2018\/09\/h-tillsyn.pdf\">tillsyn<\/a>\u00a0av Utbildnings\u00adf\u00f6retagens auktorisationsn\u00e4mnd.<\/li>\n<\/ol>\n<p><a href=\"https:\/\/www.utbildningsforetagen.se\/bli-medlem\/villkor-for-medlemskap\/\">L\u00e4s hela villkorstexten h\u00e4r.<\/a><\/p>\n\n              <\/div>\n            <\/div>\n          <\/div>\n              <\/div>\n    <\/div>\n  <\/div>\n\n\n<div class=\"wp-block wp-block-core-heading\" id=\"din-ansokan-behandlas\">\n<h3 class=\"wp-block-heading\">Din ans\u00f6kan behandlas<\/h3>\n<\/div>\n\n<div class=\"wp-block wp-block-core-paragraph\">\n<p>N\u00e4r din ans\u00f6kan \u00e4r fullst\u00e4ndig behandlar vi den s\u00e5 skyndsamt som m\u00f6jligt. D\u00e4refter hoppas vi kunna v\u00e4lkomna dig som medlem i Utbildnings\u00adf\u00f6retagen!<\/p>\n<\/div><\/div>\n\n\n\n<div class=\"wp-block-column is-layout-flow wp-block-column-is-layout-flow\"><div class=\"Interest-form container pt-md-4 pb-md-5\">\n\n  <div class=\"gform_wrapper\">\n\n    <form novalidate>\n\n      <div class=\"gform_body\">\n        <ul class=\"gform_fields\">\n          <li class=\"gfield gfield_contains_required\">\n            <label class=\"gfield_label\" for=\"input_first_name\">Ditt f\u00f6rnamn *<\/label>\n            <div class=\"ginput_container ginput_container_text\">\n              <input name=\"input_first_name\" autocomplete=\"given-name\" id=\"input_first_name\" type=\"text\" class=\"large\" placeholder=\"t ex. Alice\" required min=\"2\">\n            <\/div>\n          <\/li>\n\n          <li class=\"gfield gfield_contains_required\">\n            <label class=\"gfield_label\" for=\"input_last_name\">Ditt efternamn *<\/label>\n            <div class=\"ginput_container ginput_container_text\">\n              <input name=\"input_last_name\" autocomplete=\"family-name\" id=\"input_last_name\" type=\"text\" class=\"large\" placeholder=\"t ex. Andersson\" required>\n            <\/div>\n          <\/li>\n\n          <li class=\"gfield gfield_contains_required\">\n            <label class=\"gfield_label\" for=\"input_email\">Din e-postadress *<\/label>\n            <div class=\"ginput_container ginput_container_email\">\n              <input name=\"input_email\" autocomplete=\"email\" id=\"input_email\" type=\"email\" class=\"medium\" placeholder=\"t ex. namn@adress.se\" required>\n            <\/div>\n            <p id=\"email\" class=\"on_error\">E-postadress saknas eller \u00e4r felaktig. Kontrollera formatet och f\u00f6rs\u00f6k igen.<\/p>\n          <\/li>\n\n          <li class=\"gfield gfield_contains_required\">\n            <label class=\"gfield_label\" for=\"input_phone\">Ditt telefonnummer *<\/label>\n            <div class=\"ginput_container ginput_container_text\">\n              <input name=\"input_phone\" autocomplete=\"tel\" id=\"input_phone\" type=\"tel\" value=\"\" class=\"medium\" placeholder=\"t ex. 070 123 45 67\" required>\n            <\/div>\n            <p id=\"phone\" class=\"on_error\">Telefonnummer saknas eller \u00e4r felaktigt. Kontrollera formatet och f\u00f6rs\u00f6k igen.<\/p>\n          <\/li>\n\n          <li class=\"gfield gfield_contains_required\">\n            <label class=\"gfield_label\" for=\"input_orgnr\">F\u00f6retagets organisationsnummer (nnnnnn-nnnn) *<\/label>\n            <div class=\"ginput_container ginput_container_text\">\n              <input autocomplete=\"off\" name=\"input_orgnr\" id=\"input_orgnr\" type=\"text\" value=\"\" class=\"medium\" placeholder=\"t ex. nnnnnn-nnnn\" aria-required=\"true\" aria-live=\"polite\" data-1p-ignore>\n            <\/div>\n            <p id=\"orgnr\" class=\"on_error\">\n              Organisationsnummer saknas eller \u00e4r felaktigt. Om ni inte har ett svenskt organisationsnummer, skicka ist\u00e4llet en manuell intresseanm\u00e4lan till\n              <a href=\"mailto:intresseanmalningar@almega.se\">intresseanmalningar@almega.se<\/a>\n            <\/p>\n                      <\/li>\n\n          <li class=\"gfield gfield_contains_required\">\n                          <label class=\"gfield_label\" for=\"input_company_business\">F\u00f6retagets huvudsakliga verksamhet *<\/label>\n              <div class=\"ginput_container ginput_container_text\">\n                <input name=\"input_company_business\" id=\"input_company_business\" type=\"text\" value=\"\" class=\"medium\" placeholder=\"t ex. Konsultverksamhet\" autocomplete=\"off\" data-1p-ignore required>\n              <\/div>\n                      <\/li>\n\n                      <input type=\"hidden\" name=\"moid\" value=\"29cd80f7-ff07-de11-b4e1-02bf9e69ca65\" >\n          \n        <\/ul>\n\n      <\/div>\n\n      <div class=\"gform_footer top_label\">\n                <input type=\"submit\" class=\"c-accent-1-bg c-accent-1-border gform_button button\" value=\"Skicka in\">\n      <\/div>\n\n    <\/form>\n\n  <\/div>\n\n<\/div>\n<\/div>\n<\/div>\n\n\n\n<div class=\"wp-block-group has-green-background-color has-background is-layout-constrained wp-block-group-is-layout-constrained\">\n<div class=\"wp-block-columns is-layout-flex wp-container-core-columns-is-layout-9d6595d7 wp-block-columns-is-layout-flex\">\n<div class=\"wp-block-column is-layout-flow wp-block-column-is-layout-flow\" style=\"flex-basis:66.66%\"><div class=\"wp-block wp-block-core-heading\" id=\"vad-kostar-ett-medlemskap?\">\n<h3 class=\"wp-block-heading\">Vad kostar ett medlemskap?<\/h3>\n<\/div>\n\n<div class=\"wp-block wp-block-core-paragraph\">\n<p>Kostnaden f\u00f6r ett medlemskap varierar utifr\u00e5n f\u00f6retagets storlek och antal anst\u00e4llda. Kostnaden best\u00e5r av en medlemsavgifter till Utbildningsf\u00f6retagen, Almega och Svenskt N\u00e4ringsliv. <\/p>\n<\/div>\n\n<div class=\"wp-block wp-block-core-paragraph\">\n<p>Medlemsavgiften baseras p\u00e5 den totala l\u00f6nesumman f\u00f6reg\u00e5ende \u00e5r. <\/p>\n<\/div>\n\n<div class=\"wp-block wp-block-core-heading\" id=\"rakna-ut-medlems\u00adavgiften\">\n<h3 class=\"wp-block-heading\">R\u00e4kna ut medlems\u00adavgiften<\/h3>\n<\/div>\n\n<div class=\"wp-block wp-block-core-paragraph\">\n<p><a href=\"https:\/\/www.almega.se\/bli-medlem\/\">H\u00e4r kan du r\u00e4kna ut vad medlems\u00adavgiften blir.<\/a><\/p>\n<\/div>\n\n<div class=\"wp-block wp-block-core-paragraph\">\n<p>Om du har fr\u00e5gor om medlems\u00adavgiften eller kostnaden f\u00f6r ett branschmedlemskap f\u00e5r du g\u00e4rna&nbsp;<a href=\"mailto:per.hammar@almega.se\">kontakta<\/a>&nbsp;oss.<\/p>\n<\/div><\/div>\n<\/div>\n<\/div>\n\n\n\n<div class=\"wp-block-group is-layout-constrained wp-block-group-is-layout-constrained\"><div class=\"wp-block wp-block-core-heading\" id=\"vi-erbjuder\">\n<h4 class=\"wp-block-heading\">Vi erbjuder<\/h4>\n<\/div>\n\n\n<div class=\"wp-block-columns is-layout-flex wp-container-core-columns-is-layout-9d6595d7 wp-block-columns-is-layout-flex\">\n<div class=\"wp-block-column is-layout-flow wp-block-column-is-layout-flow\">\n<figure class=\"wp-block-image size-large\"><img loading=\"lazy\" decoding=\"async\" width=\"1180\" height=\"785\" src=\"https:\/\/www.utbildningsforetagen.se\/app\/uploads\/sites\/7\/2018\/09\/glenn-carstens-peters-203007-unsplash-1180x785.jpg\" alt=\"\" class=\"wp-image-870\" srcset=\"https:\/\/www.utbildningsforetagen.se\/app\/uploads\/sites\/7\/2018\/09\/glenn-carstens-peters-203007-unsplash-1180x785.jpg 1180w, https:\/\/www.utbildningsforetagen.se\/app\/uploads\/sites\/7\/2018\/09\/glenn-carstens-peters-203007-unsplash-380x253.jpg 380w, https:\/\/www.utbildningsforetagen.se\/app\/uploads\/sites\/7\/2018\/09\/glenn-carstens-peters-203007-unsplash-580x386.jpg 580w, https:\/\/www.utbildningsforetagen.se\/app\/uploads\/sites\/7\/2018\/09\/glenn-carstens-peters-203007-unsplash-768x511.jpg 768w\" sizes=\"auto, (max-width: 1180px) 100vw, 1180px\" \/><\/figure>\n\n\n<div id=\"block-iconlink-block_2232f50a2244567a612c863a36f3314d\" class=\"Icon-link Icon-link--arrow-tip\">\n      <a href=\"https:\/\/www.almega.se\/bli-medlem\/kollektivavtal\/\" target=\"_blank\" class=\"Button is-text is-fullwidth Button--arrow-tip\">\n      <div class=\"Button__text\">\n        Moderna och funktionella kollektivavtal\n      <\/div>\n      <div class=\"Button__arrow  arrow-tip \">\n                <div class=\"Button__line\"><\/div>\n                <svg class='icon icon--arrow-tip'  width=\"11\" height=\"16\" viewBox=\"0 0 11 16\" fill=\"none\" xmlns=\"http:\/\/www.w3.org\/2000\/svg\">\n<path d=\"M0.858398 15L9.2304 7.99664L0.967732 1.00001\" stroke=\"black\" stroke-width=\"2\" stroke-miterlimit=\"10\"\/>\n<\/svg>\n\n        <\/div>\n    <\/a>\n  <\/div>\n\n\n<div class=\"wp-block wp-block-core-paragraph\">\n<p>Utbildningsf\u00f6retagen tecknar kollektivavtal om l\u00f6ner och allm\u00e4nna anst\u00e4llningsvillkor med ditt f\u00f6retags intressen f\u00f6r \u00f6gonen. Kollektivavtalen skapar trygghet f\u00f6r s\u00e5v\u00e4l f\u00f6retag som f\u00f6r medarbetarna.<\/p>\n<\/div><\/div>\n\n\n\n<div class=\"wp-block-column is-layout-flow wp-block-column-is-layout-flow\">\n<figure class=\"wp-block-image size-full\"><img loading=\"lazy\" decoding=\"async\" width=\"600\" height=\"400\" src=\"https:\/\/www.utbildningsforetagen.se\/app\/uploads\/sites\/7\/2018\/09\/photo-1515378791036-0648a3ef77b2.jpg\" alt=\"\" class=\"wp-image-1002\" srcset=\"https:\/\/www.utbildningsforetagen.se\/app\/uploads\/sites\/7\/2018\/09\/photo-1515378791036-0648a3ef77b2.jpg 600w, https:\/\/www.utbildningsforetagen.se\/app\/uploads\/sites\/7\/2018\/09\/photo-1515378791036-0648a3ef77b2-380x253.jpg 380w, https:\/\/www.utbildningsforetagen.se\/app\/uploads\/sites\/7\/2018\/09\/photo-1515378791036-0648a3ef77b2-580x387.jpg 580w\" sizes=\"auto, (max-width: 600px) 100vw, 600px\" \/><\/figure>\n\n\n<div id=\"block-iconlink-block_37e8bb71704049a466ffef965fbfc892\" class=\"Icon-link Icon-link--arrow-tip\">\n      <a href=\"https:\/\/www.almega.se\/bli-medlem\/\" target=\"_blank\" class=\"Button is-text is-fullwidth Button--arrow-tip\">\n      <div class=\"Button__text\">\n        Personlig r\u00e5dgivning\n      <\/div>\n      <div class=\"Button__arrow  arrow-tip \">\n                <div class=\"Button__line\"><\/div>\n                <svg class='icon icon--arrow-tip'  width=\"11\" height=\"16\" viewBox=\"0 0 11 16\" fill=\"none\" xmlns=\"http:\/\/www.w3.org\/2000\/svg\">\n<path d=\"M0.858398 15L9.2304 7.99664L0.967732 1.00001\" stroke=\"black\" stroke-width=\"2\" stroke-miterlimit=\"10\"\/>\n<\/svg>\n\n        <\/div>\n    <\/a>\n  <\/div>\n\n\n<div class=\"wp-block wp-block-core-paragraph\">\n<p>V\u00e5ra erfarna f\u00f6rhandlare och experter ger dig personlig r\u00e5dgivning i arbetsr\u00e4tt, arbetsmilj\u00f6, l\u00f6n-, pensions- och f\u00f6rs\u00e4kringsfr\u00e5gor och annat som r\u00f6r din roll som arbetsgivare och f\u00f6retagare. <\/p>\n<\/div><\/div>\n\n\n\n<div class=\"wp-block-column is-layout-flow wp-block-column-is-layout-flow\">\n<figure class=\"wp-block-image size-large\"><img loading=\"lazy\" decoding=\"async\" width=\"1180\" height=\"787\" src=\"https:\/\/www.utbildningsforetagen.se\/app\/uploads\/sites\/7\/2018\/09\/rawpixel-683571-unsplash-1180x787.jpg\" alt=\"\" class=\"wp-image-1114\" srcset=\"https:\/\/www.utbildningsforetagen.se\/app\/uploads\/sites\/7\/2018\/09\/rawpixel-683571-unsplash-1180x787.jpg 1180w, https:\/\/www.utbildningsforetagen.se\/app\/uploads\/sites\/7\/2018\/09\/rawpixel-683571-unsplash-380x253.jpg 380w, https:\/\/www.utbildningsforetagen.se\/app\/uploads\/sites\/7\/2018\/09\/rawpixel-683571-unsplash-580x387.jpg 580w, https:\/\/www.utbildningsforetagen.se\/app\/uploads\/sites\/7\/2018\/09\/rawpixel-683571-unsplash-768x512.jpg 768w\" sizes=\"auto, (max-width: 1180px) 100vw, 1180px\" \/><\/figure>\n\n\n<div id=\"block-iconlink-block_15c4fc09157f18d13e0c8f2a6527d79a\" class=\"Icon-link Icon-link--arrow-tip\">\n      <a href=\"https:\/\/www.if.se\/foretag\" target=\"_blank\" class=\"Button is-text is-fullwidth Button--arrow-tip\">\n      <div class=\"Button__text\">\n        Konkurrenskraftiga f\u00f6rs\u00e4kringar\n      <\/div>\n      <div class=\"Button__arrow  arrow-tip \">\n                <div class=\"Button__line\"><\/div>\n                <svg class='icon icon--arrow-tip'  width=\"11\" height=\"16\" viewBox=\"0 0 11 16\" fill=\"none\" xmlns=\"http:\/\/www.w3.org\/2000\/svg\">\n<path d=\"M0.858398 15L9.2304 7.99664L0.967732 1.00001\" stroke=\"black\" stroke-width=\"2\" stroke-miterlimit=\"10\"\/>\n<\/svg>\n\n        <\/div>\n    <\/a>\n  <\/div>\n\n\n<div class=\"wp-block wp-block-core-paragraph\">\n<p>Vi kan erbjuda konkurrenskraftiga f\u00f6retagsf\u00f6rs\u00e4kringar till v\u00e5ra medlemsf\u00f6retag. Dessutom ges v\u00e5ra medlemmar m\u00f6jligheten att erbjuda sina medarbetare en mycket f\u00f6rm\u00e5nlig gruppf\u00f6rs\u00e4kring. <\/p>\n<\/div><\/div>\n<\/div>\n<\/div>\n\n\n\n<div class=\"wp-block-group has-secondary-background-color has-background is-layout-constrained wp-block-group-is-layout-constrained\">\n<div class=\"wp-block-columns is-layout-flex wp-container-core-columns-is-layout-9d6595d7 wp-block-columns-is-layout-flex\">\n<div class=\"wp-block-column is-layout-flow wp-block-column-is-layout-flow\" style=\"flex-basis:66.66%\"><div class=\"wp-block wp-block-core-heading heading-in-sidebar\" id=\"andra-medlemsformaner\"><a class='Share__link Share__link--url copy-text' href='#' rel='nofollow' data-text='andra-medlemsformaner' title='Dela url' data-confirmation='L\u00e4nken kopierades till urklipp'><svg class='icon icon--link'  width='18' height='18' viewBox='0 0 18 18' fill='none' xmlns='http:\/\/www.w3.org\/2000\/svg'>\n            <path d='M10.4142 0.514721L6.87868 4.05025L8.29289 5.46447L11.1213 2.63604L15.364 6.87868L12.5355 9.70711L13.9497 11.1213L17.4853 7.58579C17.8763 7.19476 17.8763 6.5626 17.4853 6.17158L11.8284 0.514721C11.4374 0.123691 10.8052 0.123691 10.4142 0.514721Z' fill='black'\/>\n            <path d='M9.7071 12.5355L6.87868 15.364L2.63604 11.1213L5.46446 8.2929L4.05025 6.87868L0.514716 10.4142C0.123686 10.8052 0.123686 11.4374 0.514716 11.8284L6.17157 17.4853C6.5626 17.8763 7.19475 17.8763 7.58578 17.4853L11.1213 13.9497L9.7071 12.5355Z' fill='black'\/>\n            <path d='M6.17157 11.8284C6.5626 12.2195 7.19475 12.2195 7.58578 11.8284L11.8284 7.58579C12.2195 7.19476 12.2195 6.56261 11.8284 6.17158C11.4374 5.78055 10.8052 5.78055 10.4142 6.17158L6.17157 10.4142C5.78054 10.8052 5.78054 11.4374 6.17157 11.8284Z' fill='black'\/>\n            <\/svg> <\/a>\n<h2 class=\"wp-block-heading\">Andra medlemsf\u00f6rm\u00e5ner<\/h2>\n<\/div>\n\n<div class=\"wp-block wp-block-core-paragraph\">\n<p class=\"has-excerpt-font-size\">F\u00f6rutom r\u00e5dgivning i arbetsgivare- och avtalsfr\u00e5gor via Almegas jour eller regionala kontaktpersoner, tillg\u00e5ng till&nbsp;<a href=\"https:\/\/www.arbetsgivarguiden.se\/?mof=ALM\">Arbetsgivarguiden<\/a>, som hj\u00e4lper dig att g\u00f6ra r\u00e4tt i djungeln av avtal, lagar och praxis som g\u00e4ller p\u00e5 den svenska arbetsmarknaden ing\u00e5r \u00e4ven detta i ditt medlemskap i Almega:<\/p>\n<\/div>\n\n<div class=\"wp-block wp-block-core-list\">\n<ul class=\"wp-block-list\">\n<li>Juridisk hj\u00e4lp vid arbetsr\u00e4ttsliga tvister, bitr\u00e4de vid f\u00f6rhandlingar med fackliga organisationer <\/li>\n\n\n\n<li>Tillg\u00e5ng till Utbildningsf\u00f6retagens och Almegas utbud av utbildning, alltid senaste informationen om aktuella arbetsgivarfr\u00e5gor <\/li>\n\n\n\n<li>Marknadsbevakning och statistik <\/li>\n\n\n\n<li>Tillg\u00e5ng till r\u00e5dgivning i f\u00f6rs\u00e4kringsfr\u00e5gor som ber\u00f6r dina medarbetare<\/li>\n\n\n\n<li>Tillg\u00e5ng till f\u00f6rs\u00e4kringar i Almegas f\u00f6rs\u00e4kringsutbud, t.e.x. konsultansvarsf\u00f6rs\u00e4kring och sjukv\u00e5rdsf\u00f6rs\u00e4kring<\/li>\n\n\n\n<li>M\u00f6jlighet att p\u00e5verka och vara uppdaterad kring n\u00e4ringspolitiska fr\u00e5gor i branschen som ber\u00f6r ert f\u00f6retag <\/li>\n\n\n\n<li>Tillg\u00e5ng till n\u00e4tverk och arbetsgrupper <\/li>\n<\/ul>\n<\/div><\/div>\n\n\n\n<div class=\"wp-block-column is-layout-flow wp-block-column-is-layout-flow\" style=\"flex-basis:33.33%\">\n<figure class=\"wp-block-image size-full\"><img loading=\"lazy\" decoding=\"async\" width=\"467\" height=\"700\" src=\"https:\/\/www.utbildningsforetagen.se\/app\/uploads\/sites\/7\/2018\/09\/photo-1507206130118-b5907f817163-e1538492267206.jpg\" alt=\"\" class=\"wp-image-1000\"\/><\/figure>\n<\/div>\n<\/div>\n<\/div>\n\n\n\n<div class=\"wp-block-columns is-layout-flex wp-container-core-columns-is-layout-9d6595d7 wp-block-columns-is-layout-flex\">\n<div class=\"wp-block-column is-layout-flow wp-block-column-is-layout-flow\"><\/div>\n<\/div>\n\n\n<div class=\"container\">\n  <div id=\"block-related-post-block_c83a66f2dc987ba8cfc9f972d5548e36\" class=\"Related-post\">\n          <article class=\"Blurb Blurb--page Blurb--vertical has-thumbnail\">\n  <a href=\"https:\/\/www.utbildningsforetagen.se\/om-oss\/vi-almega-och-svenskt-naringsliv\/\">\n          <div class=\"Blurb__thumbnail__wrap\">\n        <figure class=\"Blurb__thumbnail\">\n          <img loading=\"lazy\" decoding=\"async\" width=\"5297\" height=\"3531\" src=\"https:\/\/www.utbildningsforetagen.se\/app\/uploads\/sites\/7\/2018\/09\/maximilien-t-scharner-505543-unsplash.jpg\" class=\"attachment-small size-small wp-post-image\" alt=\"\" srcset=\"https:\/\/www.utbildningsforetagen.se\/app\/uploads\/sites\/7\/2018\/09\/maximilien-t-scharner-505543-unsplash.jpg 5297w, https:\/\/www.utbildningsforetagen.se\/app\/uploads\/sites\/7\/2018\/09\/maximilien-t-scharner-505543-unsplash-380x253.jpg 380w, https:\/\/www.utbildningsforetagen.se\/app\/uploads\/sites\/7\/2018\/09\/maximilien-t-scharner-505543-unsplash-580x387.jpg 580w, https:\/\/www.utbildningsforetagen.se\/app\/uploads\/sites\/7\/2018\/09\/maximilien-t-scharner-505543-unsplash-768x512.jpg 768w, https:\/\/www.utbildningsforetagen.se\/app\/uploads\/sites\/7\/2018\/09\/maximilien-t-scharner-505543-unsplash-1180x787.jpg 1180w\" sizes=\"auto, (max-width: 5297px) 100vw, 5297px\" \/>\n        <\/figure>\n      <\/div>\n        <div class=\"Blurb__content\">\n      <div class=\"Blurb__body\">\n        <div>\n                            <\/div>\n        <h2 class=\"Blurb__title\">\n          Vi, Almega och Svenskt N\u00e4ringsliv\n        <\/h2>\n                  <div class=\"Blurb__text\">\n            Utbildnings\u00adf\u00f6retagen ing\u00e5r i Almega Tj\u00e4nste\u00adf\u00f6rbunden och \u00e4r d\u00e4rmed en del av f\u00f6rbundsgruppen Almega, som \u00e4r Sveriges ledande arbetsgivar\u00adorganisation f\u00f6r tj\u00e4nstesektorn. Medlemmarna i Almegas f\u00f6rbund, ca 11 000 f\u00f6retag med \u00f6ver 550 000 medarbetare tillsammans, representerar &hellip;\n          <\/div>\n                <div class=\"Blurb__arrow\">\n                                <div class=\"Blurb__arrow__line\">\n              <svg class='icon icon--arrow-tip'  width=\"11\" height=\"16\" viewBox=\"0 0 11 16\" fill=\"none\" xmlns=\"http:\/\/www.w3.org\/2000\/svg\">\n<path d=\"M0.858398 15L9.2304 7.99664L0.967732 1.00001\" stroke=\"black\" stroke-width=\"2\" stroke-miterlimit=\"10\"\/>\n<\/svg>\n\n              <\/div>\n                  <\/div>\n      <\/div>\n    <\/div>\n  <\/a>\n<\/article>\n      <\/div>\n<\/div>\n","protected":false},"excerpt":{"rendered":"<p>Utbildningsf\u00f6retagen tecknar kollektivavtal om l\u00f6ner och allm\u00e4nna anst\u00e4llningsvillkor med ditt f\u00f6retags intressen i \u00f6gonen. Vi erbjuder ocks\u00e5 h\u00f6gkvalitativ r\u00e5dgivning och service i arbetsgivarfr\u00e5gor. <\/p>\n","protected":false},"author":1,"featured_media":0,"parent":0,"menu_order":0,"comment_status":"closed","ping_status":"closed","template":"","meta":{"_acf_changed":false,"footnotes":""},"article_type":[],"agreement":[],"for-members":[],"class_list":["post-5","page","type-page","status-publish","hentry"],"acf":[],"yoast_head":"<!-- This site is optimized with the Yoast SEO plugin v26.8 - https:\/\/yoast.com\/product\/yoast-seo-wordpress\/ -->\n<title>Bli medlem - Utbildningsf\u00f6retagen<\/title>\n<meta name=\"robots\" content=\"index, follow, max-snippet:-1, max-image-preview:large, max-video-preview:-1\" \/>\n<link rel=\"canonical\" href=\"https:\/\/www.utbildningsforetagen.se\/bli-medlem\/\" \/>\n<meta property=\"og:locale\" content=\"sv_SE\" \/>\n<meta property=\"og:type\" content=\"article\" \/>\n<meta property=\"og:title\" content=\"Bli medlem - Utbildningsf\u00f6retagen\" \/>\n<meta property=\"og:description\" content=\"Utbildningsf\u00f6retagen tecknar kollektivavtal om l\u00f6ner och allm\u00e4nna anst\u00e4llningsvillkor med ditt f\u00f6retags intressen i \u00f6gonen. Vi erbjuder ocks\u00e5 h\u00f6gkvalitativ r\u00e5dgivning och service i arbetsgivarfr\u00e5gor.\" \/>\n<meta property=\"og:url\" content=\"https:\/\/www.utbildningsforetagen.se\/bli-medlem\/\" \/>\n<meta property=\"og:site_name\" content=\"Utbildningsf\u00f6retagen\" \/>\n<meta property=\"article:modified_time\" content=\"2023-09-25T07:38:06+00:00\" \/>\n<meta property=\"og:image\" content=\"https:\/\/www.utbildningsforetagen.se\/app\/uploads\/sites\/7\/2018\/09\/glenn-carstens-peters-203007-unsplash-1180x785.jpg\" \/>\n<meta name=\"twitter:card\" content=\"summary_large_image\" \/>\n<meta name=\"twitter:label1\" content=\"Ber\u00e4knad l\u00e4stid\" \/>\n\t<meta name=\"twitter:data1\" content=\"3 minuter\" \/>\n<script type=\"application\/ld+json\" class=\"yoast-schema-graph\">{\"@context\":\"https:\/\/schema.org\",\"@graph\":[{\"@type\":\"WebPage\",\"@id\":\"https:\/\/www.utbildningsforetagen.se\/bli-medlem\/\",\"url\":\"https:\/\/www.utbildningsforetagen.se\/bli-medlem\/\",\"name\":\"Bli medlem - Utbildningsf\u00f6retagen\",\"isPartOf\":{\"@id\":\"https:\/\/www.utbildningsforetagen.se\/#website\"},\"primaryImageOfPage\":{\"@id\":\"https:\/\/www.utbildningsforetagen.se\/bli-medlem\/#primaryimage\"},\"image\":{\"@id\":\"https:\/\/www.utbildningsforetagen.se\/bli-medlem\/#primaryimage\"},\"thumbnailUrl\":\"https:\/\/www.utbildningsforetagen.se\/app\/uploads\/sites\/7\/2018\/09\/glenn-carstens-peters-203007-unsplash-1180x785.jpg\",\"datePublished\":\"2018-09-12T06:16:44+00:00\",\"dateModified\":\"2023-09-25T07:38:06+00:00\",\"breadcrumb\":{\"@id\":\"https:\/\/www.utbildningsforetagen.se\/bli-medlem\/#breadcrumb\"},\"inLanguage\":\"sv-SE\",\"potentialAction\":[{\"@type\":\"ReadAction\",\"target\":[\"https:\/\/www.utbildningsforetagen.se\/bli-medlem\/\"]}]},{\"@type\":\"ImageObject\",\"inLanguage\":\"sv-SE\",\"@id\":\"https:\/\/www.utbildningsforetagen.se\/bli-medlem\/#primaryimage\",\"url\":\"https:\/\/www.utbildningsforetagen.se\/app\/uploads\/sites\/7\/2018\/09\/glenn-carstens-peters-203007-unsplash.jpg\",\"contentUrl\":\"https:\/\/www.utbildningsforetagen.se\/app\/uploads\/sites\/7\/2018\/09\/glenn-carstens-peters-203007-unsplash.jpg\",\"width\":4076,\"height\":2712},{\"@type\":\"BreadcrumbList\",\"@id\":\"https:\/\/www.utbildningsforetagen.se\/bli-medlem\/#breadcrumb\",\"itemListElement\":[{\"@type\":\"ListItem\",\"position\":1,\"name\":\"Home\",\"item\":\"https:\/\/www.utbildningsforetagen.se\/\"},{\"@type\":\"ListItem\",\"position\":2,\"name\":\"Bli medlem\"}]},{\"@type\":\"WebSite\",\"@id\":\"https:\/\/www.utbildningsforetagen.se\/#website\",\"url\":\"https:\/\/www.utbildningsforetagen.se\/\",\"name\":\"Utbildningsf\u00f6retagen\",\"description\":\"\",\"potentialAction\":[{\"@type\":\"SearchAction\",\"target\":{\"@type\":\"EntryPoint\",\"urlTemplate\":\"https:\/\/www.utbildningsforetagen.se\/?s={search_term_string}\"},\"query-input\":{\"@type\":\"PropertyValueSpecification\",\"valueRequired\":true,\"valueName\":\"search_term_string\"}}],\"inLanguage\":\"sv-SE\"}]}<\/script>\n<!-- \/ Yoast SEO plugin. -->","yoast_head_json":{"title":"Bli medlem - Utbildningsf\u00f6retagen","robots":{"index":"index","follow":"follow","max-snippet":"max-snippet:-1","max-image-preview":"max-image-preview:large","max-video-preview":"max-video-preview:-1"},"canonical":"https:\/\/www.utbildningsforetagen.se\/bli-medlem\/","og_locale":"sv_SE","og_type":"article","og_title":"Bli medlem - Utbildningsf\u00f6retagen","og_description":"Utbildningsf\u00f6retagen tecknar kollektivavtal om l\u00f6ner och allm\u00e4nna anst\u00e4llningsvillkor med ditt f\u00f6retags intressen i \u00f6gonen. Vi erbjuder ocks\u00e5 h\u00f6gkvalitativ r\u00e5dgivning och service i arbetsgivarfr\u00e5gor.","og_url":"https:\/\/www.utbildningsforetagen.se\/bli-medlem\/","og_site_name":"Utbildningsf\u00f6retagen","article_modified_time":"2023-09-25T07:38:06+00:00","og_image":[{"url":"https:\/\/www.utbildningsforetagen.se\/app\/uploads\/sites\/7\/2018\/09\/glenn-carstens-peters-203007-unsplash-1180x785.jpg","type":"","width":"","height":""}],"twitter_card":"summary_large_image","twitter_misc":{"Ber\u00e4knad l\u00e4stid":"3 minuter"},"schema":{"@context":"https:\/\/schema.org","@graph":[{"@type":"WebPage","@id":"https:\/\/www.utbildningsforetagen.se\/bli-medlem\/","url":"https:\/\/www.utbildningsforetagen.se\/bli-medlem\/","name":"Bli medlem - Utbildningsf\u00f6retagen","isPartOf":{"@id":"https:\/\/www.utbildningsforetagen.se\/#website"},"primaryImageOfPage":{"@id":"https:\/\/www.utbildningsforetagen.se\/bli-medlem\/#primaryimage"},"image":{"@id":"https:\/\/www.utbildningsforetagen.se\/bli-medlem\/#primaryimage"},"thumbnailUrl":"https:\/\/www.utbildningsforetagen.se\/app\/uploads\/sites\/7\/2018\/09\/glenn-carstens-peters-203007-unsplash-1180x785.jpg","datePublished":"2018-09-12T06:16:44+00:00","dateModified":"2023-09-25T07:38:06+00:00","breadcrumb":{"@id":"https:\/\/www.utbildningsforetagen.se\/bli-medlem\/#breadcrumb"},"inLanguage":"sv-SE","potentialAction":[{"@type":"ReadAction","target":["https:\/\/www.utbildningsforetagen.se\/bli-medlem\/"]}]},{"@type":"ImageObject","inLanguage":"sv-SE","@id":"https:\/\/www.utbildningsforetagen.se\/bli-medlem\/#primaryimage","url":"https:\/\/www.utbildningsforetagen.se\/app\/uploads\/sites\/7\/2018\/09\/glenn-carstens-peters-203007-unsplash.jpg","contentUrl":"https:\/\/www.utbildningsforetagen.se\/app\/uploads\/sites\/7\/2018\/09\/glenn-carstens-peters-203007-unsplash.jpg","width":4076,"height":2712},{"@type":"BreadcrumbList","@id":"https:\/\/www.utbildningsforetagen.se\/bli-medlem\/#breadcrumb","itemListElement":[{"@type":"ListItem","position":1,"name":"Home","item":"https:\/\/www.utbildningsforetagen.se\/"},{"@type":"ListItem","position":2,"name":"Bli medlem"}]},{"@type":"WebSite","@id":"https:\/\/www.utbildningsforetagen.se\/#website","url":"https:\/\/www.utbildningsforetagen.se\/","name":"Utbildningsf\u00f6retagen","description":"","potentialAction":[{"@type":"SearchAction","target":{"@type":"EntryPoint","urlTemplate":"https:\/\/www.utbildningsforetagen.se\/?s={search_term_string}"},"query-input":{"@type":"PropertyValueSpecification","valueRequired":true,"valueName":"search_term_string"}}],"inLanguage":"sv-SE"}]}},"_links":{"self":[{"href":"https:\/\/www.utbildningsforetagen.se\/api\/wp\/v2\/pages\/5","targetHints":{"allow":["GET"]}}],"collection":[{"href":"https:\/\/www.utbildningsforetagen.se\/api\/wp\/v2\/pages"}],"about":[{"href":"https:\/\/www.utbildningsforetagen.se\/api\/wp\/v2\/types\/page"}],"author":[{"embeddable":true,"href":"https:\/\/www.utbildningsforetagen.se\/api\/wp\/v2\/users\/1"}],"replies":[{"embeddable":true,"href":"https:\/\/www.utbildningsforetagen.se\/api\/wp\/v2\/comments?post=5"}],"version-history":[{"count":31,"href":"https:\/\/www.utbildningsforetagen.se\/api\/wp\/v2\/pages\/5\/revisions"}],"predecessor-version":[{"id":4338,"href":"https:\/\/www.utbildningsforetagen.se\/api\/wp\/v2\/pages\/5\/revisions\/4338"}],"wp:attachment":[{"href":"https:\/\/www.utbildningsforetagen.se\/api\/wp\/v2\/media?parent=5"}],"wp:term":[{"taxonomy":"type","embeddable":true,"href":"https:\/\/www.utbildningsforetagen.se\/api\/wp\/v2\/article_type?post=5"},{"taxonomy":"agreement","embeddable":true,"href":"https:\/\/www.utbildningsforetagen.se\/api\/wp\/v2\/agreement?post=5"},{"taxonomy":"for-members","embeddable":true,"href":"https:\/\/www.utbildningsforetagen.se\/api\/wp\/v2\/for-members?post=5"}],"curies":[{"name":"wp","href":"https:\/\/api.w.org\/{rel}","templated":true}]}}