{"id":1028,"date":"2018-09-27T10:14:55","date_gmt":"2018-09-27T08:14:55","guid":{"rendered":"http:\/\/www.utb.almega.se\/?page_id=1028"},"modified":"2023-04-18T15:38:46","modified_gmt":"2023-04-18T13:38:46","slug":"under","status":"publish","type":"page","link":"https:\/\/www.utbildningsforetagen.se\/upphandling\/under\/","title":{"rendered":"Under &#8211; formell process"},"content":{"rendered":"<div id=\"block-hero-block_005bda9526ac427ab52b1308a98d7244\" class=\"Hero has-primary-background-color\">\n\n    \n  <div class=\"Hero__inner container has-primary-background-color has-arrow\">\n              <div class=\"Hero__title\">\n          <h1><i> Under \u2013 formell process<\/i><\/h1>\n        <\/div>\n                                <div class=\"Hero__arrow\">\n          <svg class='icon icon--squiggly-arrow'  width=\"282\" height=\"302\" viewBox=\"0 0 282 302\" fill=\"none\" xmlns=\"http:\/\/www.w3.org\/2000\/svg\">\n<path d=\"M108.429 281.19L129.837 295.44L143.97 274.186\" stroke=\"black\" stroke-width=\"4\" stroke-miterlimit=\"10\"\/>\n<path d=\"M43.8871 68.0497C53.3269 84.3998 70.0075 95.6755 88.6244 97.6784C107.24 99.6801 125.826 95.0068 144.209 91.4645C162.592 87.9216 182.067 85.5682 199.674 91.9481C220.515 99.5002 236.316 120.278 236.492 142.446C236.669 164.616 220.178 186.234 198.428 190.49C188.558 192.423 177.815 190.842 169.542 185.112C161.271 179.382 155.88 169.284 156.859 159.269C158.292 144.577 173.761 133.512 188.444 135C203.126 136.491 215.468 148.757 219.176 163.047C222.881 177.337 218.804 192.932 210.416 205.072C202.027 217.212 189.703 226.187 176.514 232.804C167.472 237.341 157.931 240.877 149.144 245.889C140.356 250.899 132.161 257.651 127.746 266.755C123.333 275.858 126.637 283.983 129.929 295.386\" stroke=\"black\" stroke-width=\"4\" stroke-miterlimit=\"10\"\/>\n<\/svg>\n\n          <\/div>\n        <\/div>\n<\/div>\n\n\n<div class=\"wp-block wp-block-core-paragraph\">\n<p class=\"has-excerpt-font-size\">N\u00e4r upphandlingen \u00e4r publicerad \u00e4r utrymmet f\u00f6r dialog och f\u00f6r\u00e4ndringar av f\u00f6rfr\u00e5gningsunderlaget begr\u00e4nsade. D\u00e4remot har anbudsl\u00e4mnare r\u00e4tt att st\u00e4lla fr\u00e5gor och erh\u00e5lla svar under anbudstiden.<\/p>\n<\/div>\n\n<div class=\"wp-block wp-block-core-paragraph\">\n<p>Tyv\u00e4rr upplever m\u00e5nga upphandlande myndigheter det mer eller mindre besv\u00e4rande att svara p\u00e5 m\u00e5nga fr\u00e5gor. Oftast beror antalet st\u00e4llda fr\u00e5gor under anbudstiden p\u00e5 kvaliteten av f\u00f6rarbetet inf\u00f6r upphandlingen och tydligheten i underlagen. Om upphandlingsdokumentens kvalitet \u00e4r resultatet av bristande marknadsanalys, tj\u00e4nstebeskrivning, behovsinventering och okunskap om branschf\u00f6ruts\u00e4ttningar kommer m\u00e5nga fr\u00e5gor att st\u00e4llas. Dessutom kommer fr\u00e5gorna bli sv\u00e5ra att besvara p\u00e5 ett kvalitativt s\u00e4tt.<\/p>\n<\/div>\n\n<div class=\"wp-block wp-block-core-paragraph\">\n<p>Nedan finns ett antal f\u00f6rh\u00e5llningss\u00e4tt som brukar gynna b\u00e5de k\u00f6paren och s\u00e4ljaren under anbudstiden.<\/p>\n<\/div>\n\n\n<div class=\"wp-block-columns is-layout-flex wp-container-core-columns-is-layout-9d6595d7 wp-block-columns-is-layout-flex\">\n<div class=\"wp-block-column is-layout-flow wp-block-column-is-layout-flow\"><\/div>\n<\/div>\n\n\n<div id=\"block-events-block_3d5fe38df36fcc5f9e713703d35aac31\" class=\"Listing Listing--event no-bg\" >\n  <div class=\"container\">\n          <div class=\"Listing__heading\">\n        <h2>Kommande aktiviteter<\/h2>\n      <\/div>\n        <div class=\"row\">\n                    <div class=\"col-md-3 mb-4\">\n            <article class=\"Blurb Blurb--event Blurb--sm\">\n  <a href=\"https:\/\/www.utbildningsforetagen.se\/aktiviteter\/arbetsmiljoarbetet-i-praktiken-samosa\/\">\n          <div class=\"Blurb__thumbnail__wrap\">\n        <figure class=\"Blurb__thumbnail\">\n          <img loading=\"lazy\" decoding=\"async\" width=\"580\" height=\"387\" src=\"https:\/\/www.utbildningsforetagen.se\/app\/uploads\/sites\/7\/2025\/06\/masma111876-580x387.jpg\" class=\"attachment-medium size-medium wp-post-image\" alt=\"\" srcset=\"https:\/\/www.utbildningsforetagen.se\/app\/uploads\/sites\/7\/2025\/06\/masma111876-580x387.jpg 580w, https:\/\/www.utbildningsforetagen.se\/app\/uploads\/sites\/7\/2025\/06\/masma111876-1180x787.jpg 1180w, https:\/\/www.utbildningsforetagen.se\/app\/uploads\/sites\/7\/2025\/06\/masma111876-380x253.jpg 380w, https:\/\/www.utbildningsforetagen.se\/app\/uploads\/sites\/7\/2025\/06\/masma111876-768x512.jpg 768w, https:\/\/www.utbildningsforetagen.se\/app\/uploads\/sites\/7\/2025\/06\/masma111876-1536x1024.jpg 1536w, https:\/\/www.utbildningsforetagen.se\/app\/uploads\/sites\/7\/2025\/06\/masma111876-2048x1366.jpg 2048w\" sizes=\"auto, (max-width: 580px) 100vw, 580px\" \/>\n        <\/figure>\n      <\/div>\n        <div class=\"Blurb__content\">\n      <div class=\"Blurb__body\">\n        <h2 class=\"Blurb__title\">\n          Grundl\u00e4ggande arbetsmilj\u00f6 &#8211; SAM och  OSA\n        <\/h2>\n        <div class=\"Blurb__text course-info\">\n          <div class=\"meta\">\n                          <span>Kurs<\/span>\n                                                      <span>Distans<\/span>\n                                                    <span>Medlemspris 2995 kr<\/span>\n                      <\/div>\n\n                      <div class=\"date\">\n              <svg class='icon icon--calendar'  width=\"16\" height=\"16\" viewBox=\"0 0 16 16\" fill=\"none\" xmlns=\"http:\/\/www.w3.org\/2000\/svg\">\n<rect x=\"1.5\" y=\"3.99835\" width=\"13\" height=\"10\" stroke=\"black\" stroke-width=\"2\" stroke-miterlimit=\"10\" stroke-linecap=\"round\"\/>\n<path d=\"M1.5 6.79999H14.5\" stroke=\"black\" stroke-width=\"2\" stroke-miterlimit=\"10\"\/>\n<path d=\"M5 0.5V4\" stroke=\"black\" stroke-width=\"2\"\/>\n<path d=\"M11 0.5V4\" stroke=\"black\" stroke-width=\"2\"\/>\n<\/svg>\n\n                                6 maj, 09:00 &#8211; 12:00 och <br>\n                              7 maj, 09:00 &#8211; 12:00<br>\n                          <\/div>\n          \n          \n\n                      <div class=\"checklist\">\n              <ul class=\"checklist__list\">\n                                  <li>Arbetsmilj\u00f6lagstiftning<\/li>\n                                  <li>Systematiskt arbetsmilj\u00f6arbete<\/li>\n                                  <li>Organisatorisk och social arbetsmilj\u00f6<\/li>\n                              <\/ul>\n            <\/div>\n          \n          \n          \n\n          \n\n          \n        <\/div>\n      <\/div>\n      <div class=\"Blurb__button Button \">\n                  <div class=\"Button__text\">\n            L\u00e4s mer och boka\n          <\/div>\n                <div class=\"Button__arrow\">\n          <div class=\"Button__line\"><\/div>\n          <svg class='icon icon--arrow-tip'  width=\"11\" height=\"16\" viewBox=\"0 0 11 16\" fill=\"none\" xmlns=\"http:\/\/www.w3.org\/2000\/svg\">\n<path d=\"M0.858398 15L9.2304 7.99664L0.967732 1.00001\" stroke=\"black\" stroke-width=\"2\" stroke-miterlimit=\"10\"\/>\n<\/svg>\n\n          <\/div>\n      <\/div>\n    <\/div>\n  <\/a>\n<\/article>\n\n        <\/div>\n              <div class=\"col-md-3 mb-4\">\n            <article class=\"Blurb Blurb--event Blurb--sm\">\n  <a href=\"https:\/\/www.utbildningsforetagen.se\/aktiviteter\/ferielon\/\">\n          <div class=\"Blurb__thumbnail__wrap\">\n        <figure class=\"Blurb__thumbnail\">\n          <img loading=\"lazy\" decoding=\"async\" width=\"580\" height=\"387\" src=\"https:\/\/www.utbildningsforetagen.se\/app\/uploads\/sites\/7\/2026\/04\/ferielon-580x387.jpg\" class=\"attachment-medium size-medium wp-post-image\" alt=\"\" srcset=\"https:\/\/www.utbildningsforetagen.se\/app\/uploads\/sites\/7\/2026\/04\/ferielon-580x387.jpg 580w, https:\/\/www.utbildningsforetagen.se\/app\/uploads\/sites\/7\/2026\/04\/ferielon-1180x787.jpg 1180w, https:\/\/www.utbildningsforetagen.se\/app\/uploads\/sites\/7\/2026\/04\/ferielon-380x254.jpg 380w, https:\/\/www.utbildningsforetagen.se\/app\/uploads\/sites\/7\/2026\/04\/ferielon-768x512.jpg 768w, https:\/\/www.utbildningsforetagen.se\/app\/uploads\/sites\/7\/2026\/04\/ferielon-1536x1025.jpg 1536w, https:\/\/www.utbildningsforetagen.se\/app\/uploads\/sites\/7\/2026\/04\/ferielon-2048x1366.jpg 2048w\" sizes=\"auto, (max-width: 580px) 100vw, 580px\" \/>\n        <\/figure>\n      <\/div>\n        <div class=\"Blurb__content\">\n      <div class=\"Blurb__body\">\n        <h2 class=\"Blurb__title\">\n          Feriel\u00f6n\n        <\/h2>\n        <div class=\"Blurb__text course-info\">\n          <div class=\"meta\">\n                          <span>Kurs<\/span>\n                                                      <span>Distans<\/span>\n                                                    <span>Medlemspris 1495 kr<\/span>\n                      <\/div>\n\n                      <div class=\"date\">\n              <svg class='icon icon--calendar'  width=\"16\" height=\"16\" viewBox=\"0 0 16 16\" fill=\"none\" xmlns=\"http:\/\/www.w3.org\/2000\/svg\">\n<rect x=\"1.5\" y=\"3.99835\" width=\"13\" height=\"10\" stroke=\"black\" stroke-width=\"2\" stroke-miterlimit=\"10\" stroke-linecap=\"round\"\/>\n<path d=\"M1.5 6.79999H14.5\" stroke=\"black\" stroke-width=\"2\" stroke-miterlimit=\"10\"\/>\n<path d=\"M5 0.5V4\" stroke=\"black\" stroke-width=\"2\"\/>\n<path d=\"M11 0.5V4\" stroke=\"black\" stroke-width=\"2\"\/>\n<\/svg>\n\n                6 maj, 09:00 &#8211; 11:00\n            <\/div>\n          \n          \n\n                      <div class=\"checklist\">\n              <ul class=\"checklist__list\">\n                                  <li>Ferie- och uppeh\u00e5llsl\u00f6n<\/li>\n                                  <li>Teori och praktiska exempel<\/li>\n                              <\/ul>\n            <\/div>\n          \n          \n          \n\n          \n\n          \n        <\/div>\n      <\/div>\n      <div class=\"Blurb__button Button \">\n                  <div class=\"Button__text\">\n            L\u00e4s mer och boka\n          <\/div>\n                <div class=\"Button__arrow\">\n          <div class=\"Button__line\"><\/div>\n          <svg class='icon icon--arrow-tip'  width=\"11\" height=\"16\" viewBox=\"0 0 11 16\" fill=\"none\" xmlns=\"http:\/\/www.w3.org\/2000\/svg\">\n<path d=\"M0.858398 15L9.2304 7.99664L0.967732 1.00001\" stroke=\"black\" stroke-width=\"2\" stroke-miterlimit=\"10\"\/>\n<\/svg>\n\n          <\/div>\n      <\/div>\n    <\/div>\n  <\/a>\n<\/article>\n\n        <\/div>\n              <div class=\"col-md-3 mb-4\">\n            <article class=\"Blurb Blurb--event Blurb--sm\">\n  <a href=\"https:\/\/www.utbildningsforetagen.se\/aktiviteter\/rekrytering-att-gora-arbetsrattsligt-ratt\/\">\n          <div class=\"Blurb__thumbnail__wrap\">\n        <figure class=\"Blurb__thumbnail\">\n          <img loading=\"lazy\" decoding=\"async\" width=\"580\" height=\"387\" src=\"https:\/\/www.utbildningsforetagen.se\/app\/uploads\/sites\/7\/2026\/02\/rekrytering-ai-580x387.jpg\" class=\"attachment-medium size-medium wp-post-image\" alt=\"\" srcset=\"https:\/\/www.utbildningsforetagen.se\/app\/uploads\/sites\/7\/2026\/02\/rekrytering-ai-580x387.jpg 580w, https:\/\/www.utbildningsforetagen.se\/app\/uploads\/sites\/7\/2026\/02\/rekrytering-ai-1180x787.jpg 1180w, https:\/\/www.utbildningsforetagen.se\/app\/uploads\/sites\/7\/2026\/02\/rekrytering-ai-380x253.jpg 380w, https:\/\/www.utbildningsforetagen.se\/app\/uploads\/sites\/7\/2026\/02\/rekrytering-ai-768x512.jpg 768w, https:\/\/www.utbildningsforetagen.se\/app\/uploads\/sites\/7\/2026\/02\/rekrytering-ai-1536x1024.jpg 1536w, https:\/\/www.utbildningsforetagen.se\/app\/uploads\/sites\/7\/2026\/02\/rekrytering-ai-2048x1366.jpg 2048w\" sizes=\"auto, (max-width: 580px) 100vw, 580px\" \/>\n        <\/figure>\n      <\/div>\n        <div class=\"Blurb__content\">\n      <div class=\"Blurb__body\">\n        <h2 class=\"Blurb__title\">\n          Rekrytera r\u00e4tt \u2013 nya regler, AI och l\u00f6netransparens\n        <\/h2>\n        <div class=\"Blurb__text course-info\">\n          <div class=\"meta\">\n                          <span>Kurs<\/span>\n                                                      <span>Distans<\/span>\n                                                    <span>Medlemspris 995 kr<\/span>\n                      <\/div>\n\n                      <div class=\"date\">\n              <svg class='icon icon--calendar'  width=\"16\" height=\"16\" viewBox=\"0 0 16 16\" fill=\"none\" xmlns=\"http:\/\/www.w3.org\/2000\/svg\">\n<rect x=\"1.5\" y=\"3.99835\" width=\"13\" height=\"10\" stroke=\"black\" stroke-width=\"2\" stroke-miterlimit=\"10\" stroke-linecap=\"round\"\/>\n<path d=\"M1.5 6.79999H14.5\" stroke=\"black\" stroke-width=\"2\" stroke-miterlimit=\"10\"\/>\n<path d=\"M5 0.5V4\" stroke=\"black\" stroke-width=\"2\"\/>\n<path d=\"M11 0.5V4\" stroke=\"black\" stroke-width=\"2\"\/>\n<\/svg>\n\n                12 maj, 13:00 &#8211; 16:00\n            <\/div>\n          \n          \n\n                      <div class=\"checklist\">\n              <ul class=\"checklist__list\">\n                                  <li>AI<\/li>\n                                  <li>tester och automatiserad screening<\/li>\n                                  <li>Diskrimineringslagen \u2013 kravprofil<\/li>\n                                  <li>urval och intervjuer<\/li>\n                                  <li>L\u00f6netransparens \u2013 krav p\u00e5 l\u00f6neinformation i rekryteringsprocessen<\/li>\n                              <\/ul>\n            <\/div>\n          \n          \n          \n\n          \n\n          \n        <\/div>\n      <\/div>\n      <div class=\"Blurb__button Button \">\n                  <div class=\"Button__text\">\n            L\u00e4s mer och boka\n          <\/div>\n                <div class=\"Button__arrow\">\n          <div class=\"Button__line\"><\/div>\n          <svg class='icon icon--arrow-tip'  width=\"11\" height=\"16\" viewBox=\"0 0 11 16\" fill=\"none\" xmlns=\"http:\/\/www.w3.org\/2000\/svg\">\n<path d=\"M0.858398 15L9.2304 7.99664L0.967732 1.00001\" stroke=\"black\" stroke-width=\"2\" stroke-miterlimit=\"10\"\/>\n<\/svg>\n\n          <\/div>\n      <\/div>\n    <\/div>\n  <\/a>\n<\/article>\n\n        <\/div>\n              <div class=\"col-md-3 mb-4\">\n            <article class=\"Blurb Blurb--event Blurb--sm\">\n  <a href=\"https:\/\/www.utbildningsforetagen.se\/aktiviteter\/grundkurs-i-arbetsratt-2-delar\/\">\n          <div class=\"Blurb__thumbnail__wrap\">\n        <figure class=\"Blurb__thumbnail\">\n          <img loading=\"lazy\" decoding=\"async\" width=\"580\" height=\"387\" src=\"https:\/\/www.utbildningsforetagen.se\/app\/uploads\/sites\/7\/2025\/12\/grundkurs-i-arbetsratt-580x387.jpg\" class=\"attachment-medium size-medium wp-post-image\" alt=\"\" srcset=\"https:\/\/www.utbildningsforetagen.se\/app\/uploads\/sites\/7\/2025\/12\/grundkurs-i-arbetsratt-580x387.jpg 580w, https:\/\/www.utbildningsforetagen.se\/app\/uploads\/sites\/7\/2025\/12\/grundkurs-i-arbetsratt-1180x787.jpg 1180w, https:\/\/www.utbildningsforetagen.se\/app\/uploads\/sites\/7\/2025\/12\/grundkurs-i-arbetsratt-380x253.jpg 380w, https:\/\/www.utbildningsforetagen.se\/app\/uploads\/sites\/7\/2025\/12\/grundkurs-i-arbetsratt-768x512.jpg 768w, https:\/\/www.utbildningsforetagen.se\/app\/uploads\/sites\/7\/2025\/12\/grundkurs-i-arbetsratt-1536x1024.jpg 1536w, https:\/\/www.utbildningsforetagen.se\/app\/uploads\/sites\/7\/2025\/12\/grundkurs-i-arbetsratt-2048x1366.jpg 2048w\" sizes=\"auto, (max-width: 580px) 100vw, 580px\" \/>\n        <\/figure>\n      <\/div>\n        <div class=\"Blurb__content\">\n      <div class=\"Blurb__body\">\n        <h2 class=\"Blurb__title\">\n          Grundkurs i Arbetsr\u00e4tt\n        <\/h2>\n        <div class=\"Blurb__text course-info\">\n          <div class=\"meta\">\n                          <span>Kurs<\/span>\n                                                      <span>Distans<\/span>\n                                                    <span>Medlemspris 2495 kr<\/span>\n                      <\/div>\n\n                      <div class=\"date\">\n              <svg class='icon icon--calendar'  width=\"16\" height=\"16\" viewBox=\"0 0 16 16\" fill=\"none\" xmlns=\"http:\/\/www.w3.org\/2000\/svg\">\n<rect x=\"1.5\" y=\"3.99835\" width=\"13\" height=\"10\" stroke=\"black\" stroke-width=\"2\" stroke-miterlimit=\"10\" stroke-linecap=\"round\"\/>\n<path d=\"M1.5 6.79999H14.5\" stroke=\"black\" stroke-width=\"2\" stroke-miterlimit=\"10\"\/>\n<path d=\"M5 0.5V4\" stroke=\"black\" stroke-width=\"2\"\/>\n<path d=\"M11 0.5V4\" stroke=\"black\" stroke-width=\"2\"\/>\n<\/svg>\n\n                                19 maj, 09:00 &#8211; 11:00 och <br>\n                              20 maj, 09:00 &#8211; 11:00<br>\n                          <\/div>\n          \n          \n\n                      <div class=\"checklist\">\n              <ul class=\"checklist__list\">\n                                  <li>Vanliga fr\u00e5gest\u00e4llningar och situationer<\/li>\n                                  <li>Lagstiftning och kollektivavtal<\/li>\n                                  <li>Arbetsgivarens skyldigheter och handlingsutrymme<\/li>\n                              <\/ul>\n            <\/div>\n          \n          \n          \n\n          \n\n          \n        <\/div>\n      <\/div>\n      <div class=\"Blurb__button Button \">\n                  <div class=\"Button__text\">\n            L\u00e4s mer och boka\n          <\/div>\n                <div class=\"Button__arrow\">\n          <div class=\"Button__line\"><\/div>\n          <svg class='icon icon--arrow-tip'  width=\"11\" height=\"16\" viewBox=\"0 0 11 16\" fill=\"none\" xmlns=\"http:\/\/www.w3.org\/2000\/svg\">\n<path d=\"M0.858398 15L9.2304 7.99664L0.967732 1.00001\" stroke=\"black\" stroke-width=\"2\" stroke-miterlimit=\"10\"\/>\n<\/svg>\n\n          <\/div>\n      <\/div>\n    <\/div>\n  <\/a>\n<\/article>\n\n        <\/div>\n                <\/div>\n      <\/div>\n<\/div>\n\n\n\n<div class=\"wp-block-columns is-layout-flex wp-container-core-columns-is-layout-9d6595d7 wp-block-columns-is-layout-flex\">\n<div class=\"wp-block-column is-layout-flow wp-block-column-is-layout-flow\"><\/div>\n<\/div>\n\n\n\n<div class=\"wp-block-group has-secondary-background-color has-background is-layout-constrained wp-block-group-is-layout-constrained\"><div class=\"wp-block wp-block-core-heading\" id=\"upphandling-av-utbildningstjanster\">\n<h4 class=\"wp-block-heading\">Upphandling av utbildningstj\u00e4nster<\/h4>\n<\/div>\n\n\n<div class=\"wp-block-columns is-layout-flex wp-container-core-columns-is-layout-9d6595d7 wp-block-columns-is-layout-flex\">\n<div class=\"wp-block-column is-layout-flow wp-block-column-is-layout-flow\"><div id=\"block-iconlink-block_56d1e42a9ba5af928d5c858660aef015\" class=\"Icon-link Icon-link--arrow-tip\">\n      <a href=\"https:\/\/www.utbildningsforetagen.se\/upphandling\/fore\/\" target=\"_blank\" class=\"Button is-button is-fullwidth is-style-outline has-primary-color is-style-outline Button--arrow-tip\">\n      <div class=\"Button__text\">\n        F\u00d6RE \u2013 F\u00d6RBEREDELSER\n      <\/div>\n      <div class=\"Button__arrow  arrow-tip \">\n                <div class=\"Button__line\"><\/div>\n                <svg class='icon icon--arrow-tip'  width=\"11\" height=\"16\" viewBox=\"0 0 11 16\" fill=\"none\" xmlns=\"http:\/\/www.w3.org\/2000\/svg\">\n<path d=\"M0.858398 15L9.2304 7.99664L0.967732 1.00001\" stroke=\"black\" stroke-width=\"2\" stroke-miterlimit=\"10\"\/>\n<\/svg>\n\n        <\/div>\n    <\/a>\n  <\/div>\n<\/div>\n\n\n\n<div class=\"wp-block-column is-layout-flow wp-block-column-is-layout-flow\"><div id=\"block-iconlink-block_00c7b36e249014d4758045c0c2d68155\" class=\"Icon-link Icon-link--arrow-tip\">\n      <a href=\"https:\/\/www.utbildningsforetagen.se\/upphandling\/under\/\" target=\"_blank\" class=\"Button is-button is-fullwidth is-style-outline has-primary-color is-style-outline Button--arrow-tip\">\n      <div class=\"Button__text\">\n        UNDER \u2013 FORMELL PROCESS\n      <\/div>\n      <div class=\"Button__arrow  arrow-tip \">\n                <div class=\"Button__line\"><\/div>\n                <svg class='icon icon--arrow-tip'  width=\"11\" height=\"16\" viewBox=\"0 0 11 16\" fill=\"none\" xmlns=\"http:\/\/www.w3.org\/2000\/svg\">\n<path d=\"M0.858398 15L9.2304 7.99664L0.967732 1.00001\" stroke=\"black\" stroke-width=\"2\" stroke-miterlimit=\"10\"\/>\n<\/svg>\n\n        <\/div>\n    <\/a>\n  <\/div>\n<\/div>\n\n\n\n<div class=\"wp-block-column is-layout-flow wp-block-column-is-layout-flow\"><div id=\"block-iconlink-block_32a23ed28fdcb907dacf9f0223030f81\" class=\"Icon-link Icon-link--arrow-tip\">\n      <a href=\"https:\/\/www.utbildningsforetagen.se\/upphandling\/under\/\" target=\"_blank\" class=\"Button is-button is-fullwidth is-style-outline has-primary-color is-style-outline Button--arrow-tip\">\n      <div class=\"Button__text\">\n        EFTER \u2013 DEN L\u00d6PANDE AFF\u00c4REN\n      <\/div>\n      <div class=\"Button__arrow  arrow-tip \">\n                <div class=\"Button__line\"><\/div>\n                <svg class='icon icon--arrow-tip'  width=\"11\" height=\"16\" viewBox=\"0 0 11 16\" fill=\"none\" xmlns=\"http:\/\/www.w3.org\/2000\/svg\">\n<path d=\"M0.858398 15L9.2304 7.99664L0.967732 1.00001\" stroke=\"black\" stroke-width=\"2\" stroke-miterlimit=\"10\"\/>\n<\/svg>\n\n        <\/div>\n    <\/a>\n  <\/div>\n<\/div>\n<\/div>\n<\/div>\n\n\n\n<div class=\"wp-block-columns is-layout-flex wp-container-core-columns-is-layout-9d6595d7 wp-block-columns-is-layout-flex\">\n<div class=\"wp-block-column is-layout-flow wp-block-column-is-layout-flow\"><\/div>\n<\/div>\n\n\n<div id=\"block-accordion-block_25cdd55d53dcfb93f0d421998cc25139\" class=\"block-accordion is-faq container\" itemscope itemtype=\"https:\/\/schema.org\/FAQPage\">\n      <div class=\"Accordion\">\n      <div class=\"Accordion__rows\">\n                            <div class=\"Accordion__row\" itemscope itemprop=\"mainEntity\" itemtype=\"https:\/\/schema.org\/Question\">\n            <h3 class=\"Accordion__title\">\n              <button class=\"Button--unstyled togglehandle\" itemprop=\"name\" data-toggle=\"collapse\" data-target=\"tidsplan-for-upphandlingen\" aria-expanded=\"false\">\n                Tidsplan f\u00f6r upphandlingen\n              <\/button>\n            <\/h3>\n            <div class=\"Accordion__text collapse\" id=\"tidsplan-for-upphandlingen\" itemscope itemprop=\"acceptedAnswer\" itemtype=\"https:\/\/schema.org\/Answer\">\n              <div itemprop=\"text\">\n                <p>Best\u00e4m en rimlig tid f\u00f6r att inkomma med anbud.<\/p>\n<ul>\n<li>Kr\u00e4ver anbudet m\u00e5nga referenser? Ta med i beaktande att det tar tid att inh\u00e4mta referenser.<\/li>\n<li>Kr\u00e4ver anbudet m\u00e5nga kvalitativa skrivna texter som tar omfattande tid att producera f\u00f6r leverant\u00f6ren?<\/li>\n<li>R\u00e4kna med att m\u00e5nga fr\u00e5gor kommer st\u00e4llas och beh\u00f6va besvaras.<\/li>\n<li>Planera tidigt in tidpunkten f\u00f6r utv\u00e4rdering och tilldelning samt avtalsstart.<\/li>\n<\/ul>\n\n              <\/div>\n            <\/div>\n          <\/div>\n                            <div class=\"Accordion__row\" itemscope itemprop=\"mainEntity\" itemtype=\"https:\/\/schema.org\/Question\">\n            <h3 class=\"Accordion__title\">\n              <button class=\"Button--unstyled togglehandle\" itemprop=\"name\" data-toggle=\"collapse\" data-target=\"fragor-och-svar\" aria-expanded=\"false\">\n                Fr\u00e5gor och svar\n              <\/button>\n            <\/h3>\n            <div class=\"Accordion__text collapse\" id=\"fragor-och-svar\" itemscope itemprop=\"acceptedAnswer\" itemtype=\"https:\/\/schema.org\/Answer\">\n              <div itemprop=\"text\">\n                <ul>\n<li>S\u00e4kerst\u00e4ll informationsfl\u00f6det<br \/>\n\u2013 F\u00f6re publicering, s\u00e4kerst\u00e4ll att projektgruppen finns tillg\u00e4nglig f\u00f6r fr\u00e5gor som m\u00e5ste besvaras under anbudstiden.<\/li>\n<li>Ge tydliga svar p\u00e5 st\u00e4llda fr\u00e5gor<br \/>\n\u2013 Svara inte enbart med en h\u00e4nvisning till en punkt i f\u00f6rfr\u00e5gningsunderlaget<br \/>\n\u2013 Kontakta fr\u00e5gest\u00e4llare vid otydligheter och be om f\u00f6rklaringar<\/li>\n<li>Snabbhet<br \/>\n\u2013 Besvara fr\u00e5gor snabbt och l\u00f6pande<\/li>\n<li>V\u00e4ldigt m\u00e5nga fr\u00e5gor<br \/>\n\u2013 Om det inkommer v\u00e4ldigt mycket fr\u00e5gor tyder detta p\u00e5 otydligheter i upphandlingsunderlagen som p\u00e5verkar sj\u00e4lva aff\u00e4ren f\u00f6r anbudsl\u00e4mnarna. F\u00f6rl\u00e4ng anbudstiden s\u00e5 att alla potentiella viktiga f\u00f6ljdfr\u00e5gor kan hinnas med.<\/li>\n<\/ul>\n\n              <\/div>\n            <\/div>\n          <\/div>\n                            <div class=\"Accordion__row\" itemscope itemprop=\"mainEntity\" itemtype=\"https:\/\/schema.org\/Question\">\n            <h3 class=\"Accordion__title\">\n              <button class=\"Button--unstyled togglehandle\" itemprop=\"name\" data-toggle=\"collapse\" data-target=\"forandringar-av-upphandlingsunderlaget\" aria-expanded=\"false\">\n                F\u00f6r\u00e4ndringar av upphandlingsunderlaget\n              <\/button>\n            <\/h3>\n            <div class=\"Accordion__text collapse\" id=\"forandringar-av-upphandlingsunderlaget\" itemscope itemprop=\"acceptedAnswer\" itemtype=\"https:\/\/schema.org\/Answer\">\n              <div itemprop=\"text\">\n                <p>\u00c4ndra upphandlingsunderlaget vid behov.<\/p>\n<ul>\n<li>Det \u00e4r till\u00e5tet att g\u00f6ra mindre justera upphandlingsunderlaget under anbudstiden s\u00e5 l\u00e4nge inga v\u00e4sentliga f\u00f6r\u00e4ndringar g\u00f6rs.<\/li>\n<li>Var \u00f6ppen f\u00f6r denna l\u00f6sning. Det finns ingen anledning till att p\u00e5talade oklarheter kvarst\u00e5r vid utv\u00e4rdering, tilldelning och avtalstid.<\/li>\n<li>Justeras upphandlingsunderlaget s\u00e5 f\u00f6rl\u00e4ng anbudstiden.<\/li>\n<li>Uppdatera upphandlingsunderlaget direkt vid justeringar.<\/li>\n<\/ul>\n\n              <\/div>\n            <\/div>\n          <\/div>\n                            <div class=\"Accordion__row\" itemscope itemprop=\"mainEntity\" itemtype=\"https:\/\/schema.org\/Question\">\n            <h3 class=\"Accordion__title\">\n              <button class=\"Button--unstyled togglehandle\" itemprop=\"name\" data-toggle=\"collapse\" data-target=\"avbrytande-av-upphandling\" aria-expanded=\"false\">\n                Avbrytande av upphandling\n              <\/button>\n            <\/h3>\n            <div class=\"Accordion__text collapse\" id=\"avbrytande-av-upphandling\" itemscope itemprop=\"acceptedAnswer\" itemtype=\"https:\/\/schema.org\/Answer\">\n              <div itemprop=\"text\">\n                <p>Avbryt vid behov.<\/p>\n<ul>\n<li>M\u00e4rker upphandlande myndighet genom fr\u00e5gorna att upphandlingen \u00e4r underm\u00e5lig riskeras hela den kommande aff\u00e4ren vilket f\u00f6rs\u00e4mrar m\u00f6jligheterna till relevant leverans \u00e4r det b\u00e4ttre att avbryta upphandlingen.<\/li>\n<li>Varken k\u00f6pare eller s\u00e4ljare kommer ha n\u00e5gon nytta av ett avtal som inte fungerar.<\/li>\n<li>Relationerna mellan k\u00f6pare och s\u00e4ljare kommer f\u00f6rs\u00e4mras under ett avtal som inte fungerar.<\/li>\n<li>Ett avbrytande av en upphandling kan faktiskt vara tidsbesparande och inte tv\u00e4rt om.<\/li>\n<\/ul>\n\n              <\/div>\n            <\/div>\n          <\/div>\n                            <div class=\"Accordion__row\" itemscope itemprop=\"mainEntity\" itemtype=\"https:\/\/schema.org\/Question\">\n            <h3 class=\"Accordion__title\">\n              <button class=\"Button--unstyled togglehandle\" itemprop=\"name\" data-toggle=\"collapse\" data-target=\"kvalificering-och-utvardering\" aria-expanded=\"false\">\n                Kvalificering och utv\u00e4rdering\n              <\/button>\n            <\/h3>\n            <div class=\"Accordion__text collapse\" id=\"kvalificering-och-utvardering\" itemscope itemprop=\"acceptedAnswer\" itemtype=\"https:\/\/schema.org\/Answer\">\n              <div itemprop=\"text\">\n                <p>Vem kvalificerar och utv\u00e4rderar anbuden?<\/p>\n<ul>\n<li>S\u00e5 m\u00e5nga som m\u00f6jligt i Projektgruppen b\u00f6r ing\u00e5 i gruppen som kvalificerar och utv\u00e4rderar anbuden.<\/li>\n<li>P\u00e5b\u00f6rja detta arbete s\u00e5 snart som m\u00f6jligt efter anbudstiden g\u00e5tt ut.<\/li>\n<li>Beh\u00f6ver det ske kompletteringar och f\u00e5r s\u00e5dana g\u00f6ras.<\/li>\n<li>T\u00e4nk p\u00e5 upphandlingssekretessen.<\/li>\n<\/ul>\n\n              <\/div>\n            <\/div>\n          <\/div>\n                            <div class=\"Accordion__row\" itemscope itemprop=\"mainEntity\" itemtype=\"https:\/\/schema.org\/Question\">\n            <h3 class=\"Accordion__title\">\n              <button class=\"Button--unstyled togglehandle\" itemprop=\"name\" data-toggle=\"collapse\" data-target=\"tilldelning\" aria-expanded=\"false\">\n                Tilldelning\n              <\/button>\n            <\/h3>\n            <div class=\"Accordion__text collapse\" id=\"tilldelning\" itemscope itemprop=\"acceptedAnswer\" itemtype=\"https:\/\/schema.org\/Answer\">\n              <div itemprop=\"text\">\n                <p>Tilldelningsbeslut.<\/p>\n<ul>\n<li>Skriv tydliga och relevanta tilldelningsbeslut och protokoll. Skicka g\u00e4rna ut alla protokoll, matriser och annat som varit del av utv\u00e4rderingsprocessen.<\/li>\n<li>Ring till anbudsl\u00e4mnare, b\u00e5de vinnare och f\u00f6rlorare, f\u00f6re utskicket av tilldelningsbeslutet. Detta uppskattas och verkar ha en tendens att minska antalet \u00f6verpr\u00f6vningar.<\/li>\n<\/ul>\n\n              <\/div>\n            <\/div>\n          <\/div>\n              <\/div>\n    <\/div>\n  <\/div>\n","protected":false},"excerpt":{"rendered":"<p>N\u00e4r upphandlingen \u00e4r publicerad \u00e4r utrymmet f\u00f6r dialog och f\u00f6r\u00e4ndringar av f\u00f6rfr\u00e5gningsunderlaget begr\u00e4nsade. D\u00e4remot har anbudsl\u00e4mnare r\u00e4tt att st\u00e4lla fr\u00e5gor och erh\u00e5lla svar under anbudstiden. Tyv\u00e4rr upplever m\u00e5nga upphandlande myndigheter det mer eller mindre besv\u00e4rande &hellip;<\/p>\n","protected":false},"author":1,"featured_media":0,"parent":1021,"menu_order":0,"comment_status":"closed","ping_status":"closed","template":"","meta":{"_acf_changed":false,"footnotes":""},"article_type":[],"agreement":[],"for-members":[],"class_list":["post-1028","page","type-page","status-publish","hentry"],"acf":[],"yoast_head":"<!-- This site is optimized with the Yoast SEO plugin v26.8 - https:\/\/yoast.com\/product\/yoast-seo-wordpress\/ -->\n<title>Under - formell process - Utbildningsf\u00f6retagen<\/title>\n<meta name=\"robots\" content=\"index, follow, max-snippet:-1, max-image-preview:large, max-video-preview:-1\" \/>\n<link rel=\"canonical\" href=\"https:\/\/www.utbildningsforetagen.se\/upphandling\/under\/\" \/>\n<meta property=\"og:locale\" content=\"sv_SE\" \/>\n<meta property=\"og:type\" content=\"article\" \/>\n<meta property=\"og:title\" content=\"Under - formell process - Utbildningsf\u00f6retagen\" \/>\n<meta property=\"og:description\" content=\"N\u00e4r upphandlingen \u00e4r publicerad \u00e4r utrymmet f\u00f6r dialog och f\u00f6r\u00e4ndringar av f\u00f6rfr\u00e5gningsunderlaget begr\u00e4nsade. D\u00e4remot har anbudsl\u00e4mnare r\u00e4tt att st\u00e4lla fr\u00e5gor och erh\u00e5lla svar under anbudstiden. Tyv\u00e4rr upplever m\u00e5nga upphandlande myndigheter det mer eller mindre besv\u00e4rande &hellip;\" \/>\n<meta property=\"og:url\" content=\"https:\/\/www.utbildningsforetagen.se\/upphandling\/under\/\" \/>\n<meta property=\"og:site_name\" content=\"Utbildningsf\u00f6retagen\" \/>\n<meta property=\"article:modified_time\" content=\"2023-04-18T13:38:46+00:00\" \/>\n<meta name=\"twitter:card\" content=\"summary_large_image\" \/>\n<meta name=\"twitter:label1\" content=\"Ber\u00e4knad l\u00e4stid\" \/>\n\t<meta name=\"twitter:data1\" content=\"1 minut\" \/>\n<script type=\"application\/ld+json\" class=\"yoast-schema-graph\">{\"@context\":\"https:\/\/schema.org\",\"@graph\":[{\"@type\":\"WebPage\",\"@id\":\"https:\/\/www.utbildningsforetagen.se\/upphandling\/under\/\",\"url\":\"https:\/\/www.utbildningsforetagen.se\/upphandling\/under\/\",\"name\":\"Under - formell process - Utbildningsf\u00f6retagen\",\"isPartOf\":{\"@id\":\"https:\/\/www.utbildningsforetagen.se\/#website\"},\"datePublished\":\"2018-09-27T08:14:55+00:00\",\"dateModified\":\"2023-04-18T13:38:46+00:00\",\"breadcrumb\":{\"@id\":\"https:\/\/www.utbildningsforetagen.se\/upphandling\/under\/#breadcrumb\"},\"inLanguage\":\"sv-SE\",\"potentialAction\":[{\"@type\":\"ReadAction\",\"target\":[\"https:\/\/www.utbildningsforetagen.se\/upphandling\/under\/\"]}]},{\"@type\":\"BreadcrumbList\",\"@id\":\"https:\/\/www.utbildningsforetagen.se\/upphandling\/under\/#breadcrumb\",\"itemListElement\":[{\"@type\":\"ListItem\",\"position\":1,\"name\":\"Home\",\"item\":\"https:\/\/www.utbildningsforetagen.se\/\"},{\"@type\":\"ListItem\",\"position\":2,\"name\":\"Upphandling av utbildningstj\u00e4nster\",\"item\":\"https:\/\/www.utbildningsforetagen.se\/upphandling\/\"},{\"@type\":\"ListItem\",\"position\":3,\"name\":\"Under &#8211; formell process\"}]},{\"@type\":\"WebSite\",\"@id\":\"https:\/\/www.utbildningsforetagen.se\/#website\",\"url\":\"https:\/\/www.utbildningsforetagen.se\/\",\"name\":\"Utbildningsf\u00f6retagen\",\"description\":\"\",\"potentialAction\":[{\"@type\":\"SearchAction\",\"target\":{\"@type\":\"EntryPoint\",\"urlTemplate\":\"https:\/\/www.utbildningsforetagen.se\/?s={search_term_string}\"},\"query-input\":{\"@type\":\"PropertyValueSpecification\",\"valueRequired\":true,\"valueName\":\"search_term_string\"}}],\"inLanguage\":\"sv-SE\"}]}<\/script>\n<!-- \/ Yoast SEO plugin. -->","yoast_head_json":{"title":"Under - formell process - Utbildningsf\u00f6retagen","robots":{"index":"index","follow":"follow","max-snippet":"max-snippet:-1","max-image-preview":"max-image-preview:large","max-video-preview":"max-video-preview:-1"},"canonical":"https:\/\/www.utbildningsforetagen.se\/upphandling\/under\/","og_locale":"sv_SE","og_type":"article","og_title":"Under - formell process - Utbildningsf\u00f6retagen","og_description":"N\u00e4r upphandlingen \u00e4r publicerad \u00e4r utrymmet f\u00f6r dialog och f\u00f6r\u00e4ndringar av f\u00f6rfr\u00e5gningsunderlaget begr\u00e4nsade. D\u00e4remot har anbudsl\u00e4mnare r\u00e4tt att st\u00e4lla fr\u00e5gor och erh\u00e5lla svar under anbudstiden. Tyv\u00e4rr upplever m\u00e5nga upphandlande myndigheter det mer eller mindre besv\u00e4rande &hellip;","og_url":"https:\/\/www.utbildningsforetagen.se\/upphandling\/under\/","og_site_name":"Utbildningsf\u00f6retagen","article_modified_time":"2023-04-18T13:38:46+00:00","twitter_card":"summary_large_image","twitter_misc":{"Ber\u00e4knad l\u00e4stid":"1 minut"},"schema":{"@context":"https:\/\/schema.org","@graph":[{"@type":"WebPage","@id":"https:\/\/www.utbildningsforetagen.se\/upphandling\/under\/","url":"https:\/\/www.utbildningsforetagen.se\/upphandling\/under\/","name":"Under - formell process - Utbildningsf\u00f6retagen","isPartOf":{"@id":"https:\/\/www.utbildningsforetagen.se\/#website"},"datePublished":"2018-09-27T08:14:55+00:00","dateModified":"2023-04-18T13:38:46+00:00","breadcrumb":{"@id":"https:\/\/www.utbildningsforetagen.se\/upphandling\/under\/#breadcrumb"},"inLanguage":"sv-SE","potentialAction":[{"@type":"ReadAction","target":["https:\/\/www.utbildningsforetagen.se\/upphandling\/under\/"]}]},{"@type":"BreadcrumbList","@id":"https:\/\/www.utbildningsforetagen.se\/upphandling\/under\/#breadcrumb","itemListElement":[{"@type":"ListItem","position":1,"name":"Home","item":"https:\/\/www.utbildningsforetagen.se\/"},{"@type":"ListItem","position":2,"name":"Upphandling av utbildningstj\u00e4nster","item":"https:\/\/www.utbildningsforetagen.se\/upphandling\/"},{"@type":"ListItem","position":3,"name":"Under &#8211; formell process"}]},{"@type":"WebSite","@id":"https:\/\/www.utbildningsforetagen.se\/#website","url":"https:\/\/www.utbildningsforetagen.se\/","name":"Utbildningsf\u00f6retagen","description":"","potentialAction":[{"@type":"SearchAction","target":{"@type":"EntryPoint","urlTemplate":"https:\/\/www.utbildningsforetagen.se\/?s={search_term_string}"},"query-input":{"@type":"PropertyValueSpecification","valueRequired":true,"valueName":"search_term_string"}}],"inLanguage":"sv-SE"}]}},"_links":{"self":[{"href":"https:\/\/www.utbildningsforetagen.se\/api\/wp\/v2\/pages\/1028","targetHints":{"allow":["GET"]}}],"collection":[{"href":"https:\/\/www.utbildningsforetagen.se\/api\/wp\/v2\/pages"}],"about":[{"href":"https:\/\/www.utbildningsforetagen.se\/api\/wp\/v2\/types\/page"}],"author":[{"embeddable":true,"href":"https:\/\/www.utbildningsforetagen.se\/api\/wp\/v2\/users\/1"}],"replies":[{"embeddable":true,"href":"https:\/\/www.utbildningsforetagen.se\/api\/wp\/v2\/comments?post=1028"}],"version-history":[{"count":7,"href":"https:\/\/www.utbildningsforetagen.se\/api\/wp\/v2\/pages\/1028\/revisions"}],"predecessor-version":[{"id":3711,"href":"https:\/\/www.utbildningsforetagen.se\/api\/wp\/v2\/pages\/1028\/revisions\/3711"}],"up":[{"embeddable":true,"href":"https:\/\/www.utbildningsforetagen.se\/api\/wp\/v2\/pages\/1021"}],"wp:attachment":[{"href":"https:\/\/www.utbildningsforetagen.se\/api\/wp\/v2\/media?parent=1028"}],"wp:term":[{"taxonomy":"type","embeddable":true,"href":"https:\/\/www.utbildningsforetagen.se\/api\/wp\/v2\/article_type?post=1028"},{"taxonomy":"agreement","embeddable":true,"href":"https:\/\/www.utbildningsforetagen.se\/api\/wp\/v2\/agreement?post=1028"},{"taxonomy":"for-members","embeddable":true,"href":"https:\/\/www.utbildningsforetagen.se\/api\/wp\/v2\/for-members?post=1028"}],"curies":[{"name":"wp","href":"https:\/\/api.w.org\/{rel}","templated":true}]}}