{"id":5440,"date":"2026-03-12T12:01:40","date_gmt":"2026-03-12T11:01:40","guid":{"rendered":"https:\/\/www.utbildningsforetagen.se\/aktiviteter\/grundkurs-i-arbetsratt-boras\/"},"modified":"2026-05-01T07:01:47","modified_gmt":"2026-05-01T05:01:47","slug":"grundkurs-i-arbetsratt-boras","status":"publish","type":"event","link":"https:\/\/www.utbildningsforetagen.se\/aktiviteter\/grundkurs-i-arbetsratt-boras\/","title":{"rendered":"Grundkurs i Arbetsr\u00e4tt, Bor\u00e5s"},"content":{"rendered":"<div class=\"wp-block wp-block-classic-editor\">\n<p class=\"intro\">\u00c4r du ny inom arbetsr\u00e4tten? D\u00e5 \u00e4r den h\u00e4r kursen riktad till dig. Kursen ger dig en bra och tydlig \u00f6versikt \u00f6ver lagstiftning och kollektivavtal och en \u00f6vergripande f\u00f6rst\u00e5else f\u00f6r hur lagar och regler p\u00e5verkar arbetsgivare och anst\u00e4llda i praktiken.&nbsp;<\/p>\n<h2><strong>Kursbeskrivning<\/strong><\/h2>\n<p>Tillsammans g\u00e5r vi igenom vanliga fr\u00e5gest\u00e4llningar och situationer som kan uppst\u00e5 p\u00e5 arbetsplatsen som:<\/p>\n<ul type=\"disc\">\n<li>F\u00f6rhandling och Medbest\u00e4mmandelagen (MBL) \u2013 hur facklig samverkan fungerar<\/li>\n<li>Kollektivavtal \u2013 vad de inneb\u00e4r och varf\u00f6r de \u00e4r viktiga<\/li>\n<li>Arbetsbrist och LAS-fr\u00e5gor \u2013 regler kring upps\u00e4gning och anst\u00e4llningstrygghet<\/li>\n<li>Rekrytering och diskriminering \u2013 juridiska riktlinjer och r\u00e4ttigheter<\/li>\n<li>Introduktion till ledighetslagarna \u2013 vad som g\u00e4ller vid olika typer av ledighet<\/li>\n<\/ul>\n<h2><strong>Kursledare<\/strong><\/h2>\n<p>Maria Gill, arbetsr\u00e4ttsjurist, Almega&nbsp;<\/p>\n<p><\/p>\n<h2>Praktiska detaljer<\/h2>\n<p>Kursen h\u00e5lls p\u00e5 plats p\u00e5 Bor\u00e5s Kongress, Akademiplatsen 2, Bor\u00e5s om inget annat anges i bokningsbekr\u00e4ftelsen.&nbsp;<\/p>\n<p>Kaffe\/te och sm\u00f6rg\u00e5s serveras fr\u00e5n 08.30&nbsp;<\/p>\n<p>Fyll g\u00e4rna i eventuella allergier i bokningen under \u00f6vriga uppgifter.&nbsp;<\/p>\n<p><\/p>\n<h2><strong>Pris<\/strong><\/h2>\n<p>2695 kr ex moms f\u00f6r medlemmar<\/p>\n<p>4900kr ex moms f\u00f6r icke-medlemmar<\/p>\n<p><\/p>\n<h2>Kursm\u00e5l<\/h2>\n<ul type=\"disc\">\n<li>F\u00e5 en grundl\u00e4ggande f\u00f6rst\u00e5else f\u00f6r arbetsr\u00e4ttslig lagstiftning och kollektivavtal, inklusive centrala lagar som Medbest\u00e4mmandelagen (MBL) och Lagen om anst\u00e4llningsskydd (LAS).<\/li>\n<li>Kunna identifiera och f\u00f6rst\u00e5 vanliga arbetsr\u00e4ttsliga fr\u00e5gor och situationer som kan uppst\u00e5 p\u00e5 arbetsplatsen, s\u00e5som arbetsbrist, diskriminering och rekrytering<\/li>\n<\/ul>\n<h2>M\u00e5lgrupp<\/h2>\n<p>Vi v\u00e4nder oss i f\u00f6rsta hand till dig som \u00e4r nyb\u00f6rjare inom arbetsr\u00e4tten och \u00e4r chef, arbetsledare med personalansvar eller p\u00e5 n\u00e5got s\u00e4tt kommer i kontakt med arbetsr\u00e4tten i ditt dagliga arbete.<\/p>\n<h2>Citat<\/h2>\n<p>Vad har tidigare deltagare sagt om kursen:<\/p>\n<p>\u201dV\u00e4ldigt bra kurs, hade g\u00e4rna f\u00e5tt h\u00e5lla p\u00e5 en heldag\u201d<\/p>\n<p>\u201dProfessionellt, l\u00e4ttsamt och pedagogiskt!\u201d<\/p>\n<p>\u201dBra och strukturerat\u201d<\/p>\n<\/div>\n","protected":false},"excerpt":{"rendered":"<p>\u00c4r du ny inom arbetsr\u00e4tten? D\u00e5 \u00e4r den h\u00e4r kursen riktad till dig. Kursen ger dig en bra och tydlig \u00f6versikt \u00f6ver lagstiftning och kollektivavtal och en \u00f6vergripande f\u00f6rst\u00e5else f\u00f6r hur lagar och regler p\u00e5verkar arbetsgivare och anst\u00e4llda i praktiken.&nbsp;<\/p>\n","protected":false},"featured_media":5252,"template":"","eventcat":[27],"eventtype":[55],"eventformat":[57],"agreement":[],"class_list":["post-5440","event","type-event","status-publish","has-post-thumbnail","hentry","eventcat-arbetsratt","eventtype-kurs","eventformat-pa-plats"],"acf":[],"yoast_head":"<!-- This site is optimized with the Yoast SEO plugin v26.8 - https:\/\/yoast.com\/product\/yoast-seo-wordpress\/ -->\n<title>Grundkurs i Arbetsr\u00e4tt, Bor\u00e5s - Utbildningsf\u00f6retagen<\/title>\n<meta name=\"robots\" content=\"index, follow, max-snippet:-1, max-image-preview:large, max-video-preview:-1\" \/>\n<link rel=\"canonical\" href=\"https:\/\/www.utbildningsforetagen.se\/aktiviteter\/grundkurs-i-arbetsratt-boras\/\" \/>\n<meta property=\"og:locale\" content=\"sv_SE\" \/>\n<meta property=\"og:type\" content=\"article\" \/>\n<meta property=\"og:title\" content=\"Grundkurs i Arbetsr\u00e4tt, Bor\u00e5s - Utbildningsf\u00f6retagen\" \/>\n<meta property=\"og:description\" content=\"\u00c4r du ny inom arbetsr\u00e4tten? D\u00e5 \u00e4r den h\u00e4r kursen riktad till dig. Kursen ger dig en bra och tydlig \u00f6versikt \u00f6ver lagstiftning och kollektivavtal och en \u00f6vergripande f\u00f6rst\u00e5else f\u00f6r hur lagar och regler p\u00e5verkar arbetsgivare och anst\u00e4llda i praktiken.&nbsp;\" \/>\n<meta property=\"og:url\" content=\"https:\/\/www.utbildningsforetagen.se\/aktiviteter\/grundkurs-i-arbetsratt-boras\/\" \/>\n<meta property=\"og:site_name\" content=\"Utbildningsf\u00f6retagen\" \/>\n<meta property=\"article:modified_time\" content=\"2026-05-01T05:01:47+00:00\" \/>\n<meta property=\"og:image\" content=\"https:\/\/www.utbildningsforetagen.se\/app\/uploads\/sites\/7\/2025\/06\/ima235821.jpg\" \/>\n\t<meta property=\"og:image:width\" content=\"2500\" \/>\n\t<meta property=\"og:image:height\" content=\"1667\" \/>\n\t<meta property=\"og:image:type\" content=\"image\/jpeg\" \/>\n<meta name=\"twitter:card\" content=\"summary_large_image\" \/>\n<meta name=\"twitter:label1\" content=\"Ber\u00e4knad l\u00e4stid\" \/>\n\t<meta name=\"twitter:data1\" content=\"1 minut\" \/>\n<script type=\"application\/ld+json\" class=\"yoast-schema-graph\">{\"@context\":\"https:\/\/schema.org\",\"@graph\":[{\"@type\":\"WebPage\",\"@id\":\"https:\/\/www.utbildningsforetagen.se\/aktiviteter\/grundkurs-i-arbetsratt-boras\/\",\"url\":\"https:\/\/www.utbildningsforetagen.se\/aktiviteter\/grundkurs-i-arbetsratt-boras\/\",\"name\":\"Grundkurs i Arbetsr\u00e4tt, Bor\u00e5s - Utbildningsf\u00f6retagen\",\"isPartOf\":{\"@id\":\"https:\/\/www.utbildningsforetagen.se\/#website\"},\"primaryImageOfPage\":{\"@id\":\"https:\/\/www.utbildningsforetagen.se\/aktiviteter\/grundkurs-i-arbetsratt-boras\/#primaryimage\"},\"image\":{\"@id\":\"https:\/\/www.utbildningsforetagen.se\/aktiviteter\/grundkurs-i-arbetsratt-boras\/#primaryimage\"},\"thumbnailUrl\":\"https:\/\/www.utbildningsforetagen.se\/app\/uploads\/sites\/7\/2025\/06\/ima235821.jpg\",\"datePublished\":\"2026-03-12T11:01:40+00:00\",\"dateModified\":\"2026-05-01T05:01:47+00:00\",\"breadcrumb\":{\"@id\":\"https:\/\/www.utbildningsforetagen.se\/aktiviteter\/grundkurs-i-arbetsratt-boras\/#breadcrumb\"},\"inLanguage\":\"sv-SE\",\"potentialAction\":[{\"@type\":\"ReadAction\",\"target\":[\"https:\/\/www.utbildningsforetagen.se\/aktiviteter\/grundkurs-i-arbetsratt-boras\/\"]}]},{\"@type\":\"ImageObject\",\"inLanguage\":\"sv-SE\",\"@id\":\"https:\/\/www.utbildningsforetagen.se\/aktiviteter\/grundkurs-i-arbetsratt-boras\/#primaryimage\",\"url\":\"https:\/\/www.utbildningsforetagen.se\/app\/uploads\/sites\/7\/2025\/06\/ima235821.jpg\",\"contentUrl\":\"https:\/\/www.utbildningsforetagen.se\/app\/uploads\/sites\/7\/2025\/06\/ima235821.jpg\",\"width\":2500,\"height\":1667},{\"@type\":\"BreadcrumbList\",\"@id\":\"https:\/\/www.utbildningsforetagen.se\/aktiviteter\/grundkurs-i-arbetsratt-boras\/#breadcrumb\",\"itemListElement\":[{\"@type\":\"ListItem\",\"position\":1,\"name\":\"Home\",\"item\":\"https:\/\/www.utbildningsforetagen.se\/\"},{\"@type\":\"ListItem\",\"position\":2,\"name\":\"Aktiviteter\",\"item\":\"https:\/\/www.utbildningsforetagen.se\/aktiviteter\/\"},{\"@type\":\"ListItem\",\"position\":3,\"name\":\"Grundkurs i Arbetsr\u00e4tt, Bor\u00e5s\"}]},{\"@type\":\"WebSite\",\"@id\":\"https:\/\/www.utbildningsforetagen.se\/#website\",\"url\":\"https:\/\/www.utbildningsforetagen.se\/\",\"name\":\"Utbildningsf\u00f6retagen\",\"description\":\"\",\"potentialAction\":[{\"@type\":\"SearchAction\",\"target\":{\"@type\":\"EntryPoint\",\"urlTemplate\":\"https:\/\/www.utbildningsforetagen.se\/?s={search_term_string}\"},\"query-input\":{\"@type\":\"PropertyValueSpecification\",\"valueRequired\":true,\"valueName\":\"search_term_string\"}}],\"inLanguage\":\"sv-SE\"}]}<\/script>\n<!-- \/ Yoast SEO plugin. -->","yoast_head_json":{"title":"Grundkurs i Arbetsr\u00e4tt, Bor\u00e5s - Utbildningsf\u00f6retagen","robots":{"index":"index","follow":"follow","max-snippet":"max-snippet:-1","max-image-preview":"max-image-preview:large","max-video-preview":"max-video-preview:-1"},"canonical":"https:\/\/www.utbildningsforetagen.se\/aktiviteter\/grundkurs-i-arbetsratt-boras\/","og_locale":"sv_SE","og_type":"article","og_title":"Grundkurs i Arbetsr\u00e4tt, Bor\u00e5s - Utbildningsf\u00f6retagen","og_description":"\u00c4r du ny inom arbetsr\u00e4tten? D\u00e5 \u00e4r den h\u00e4r kursen riktad till dig. Kursen ger dig en bra och tydlig \u00f6versikt \u00f6ver lagstiftning och kollektivavtal och en \u00f6vergripande f\u00f6rst\u00e5else f\u00f6r hur lagar och regler p\u00e5verkar arbetsgivare och anst\u00e4llda i praktiken.&nbsp;","og_url":"https:\/\/www.utbildningsforetagen.se\/aktiviteter\/grundkurs-i-arbetsratt-boras\/","og_site_name":"Utbildningsf\u00f6retagen","article_modified_time":"2026-05-01T05:01:47+00:00","og_image":[{"width":2500,"height":1667,"url":"https:\/\/www.utbildningsforetagen.se\/app\/uploads\/sites\/7\/2025\/06\/ima235821.jpg","type":"image\/jpeg"}],"twitter_card":"summary_large_image","twitter_misc":{"Ber\u00e4knad l\u00e4stid":"1 minut"},"schema":{"@context":"https:\/\/schema.org","@graph":[{"@type":"WebPage","@id":"https:\/\/www.utbildningsforetagen.se\/aktiviteter\/grundkurs-i-arbetsratt-boras\/","url":"https:\/\/www.utbildningsforetagen.se\/aktiviteter\/grundkurs-i-arbetsratt-boras\/","name":"Grundkurs i Arbetsr\u00e4tt, Bor\u00e5s - Utbildningsf\u00f6retagen","isPartOf":{"@id":"https:\/\/www.utbildningsforetagen.se\/#website"},"primaryImageOfPage":{"@id":"https:\/\/www.utbildningsforetagen.se\/aktiviteter\/grundkurs-i-arbetsratt-boras\/#primaryimage"},"image":{"@id":"https:\/\/www.utbildningsforetagen.se\/aktiviteter\/grundkurs-i-arbetsratt-boras\/#primaryimage"},"thumbnailUrl":"https:\/\/www.utbildningsforetagen.se\/app\/uploads\/sites\/7\/2025\/06\/ima235821.jpg","datePublished":"2026-03-12T11:01:40+00:00","dateModified":"2026-05-01T05:01:47+00:00","breadcrumb":{"@id":"https:\/\/www.utbildningsforetagen.se\/aktiviteter\/grundkurs-i-arbetsratt-boras\/#breadcrumb"},"inLanguage":"sv-SE","potentialAction":[{"@type":"ReadAction","target":["https:\/\/www.utbildningsforetagen.se\/aktiviteter\/grundkurs-i-arbetsratt-boras\/"]}]},{"@type":"ImageObject","inLanguage":"sv-SE","@id":"https:\/\/www.utbildningsforetagen.se\/aktiviteter\/grundkurs-i-arbetsratt-boras\/#primaryimage","url":"https:\/\/www.utbildningsforetagen.se\/app\/uploads\/sites\/7\/2025\/06\/ima235821.jpg","contentUrl":"https:\/\/www.utbildningsforetagen.se\/app\/uploads\/sites\/7\/2025\/06\/ima235821.jpg","width":2500,"height":1667},{"@type":"BreadcrumbList","@id":"https:\/\/www.utbildningsforetagen.se\/aktiviteter\/grundkurs-i-arbetsratt-boras\/#breadcrumb","itemListElement":[{"@type":"ListItem","position":1,"name":"Home","item":"https:\/\/www.utbildningsforetagen.se\/"},{"@type":"ListItem","position":2,"name":"Aktiviteter","item":"https:\/\/www.utbildningsforetagen.se\/aktiviteter\/"},{"@type":"ListItem","position":3,"name":"Grundkurs i Arbetsr\u00e4tt, Bor\u00e5s"}]},{"@type":"WebSite","@id":"https:\/\/www.utbildningsforetagen.se\/#website","url":"https:\/\/www.utbildningsforetagen.se\/","name":"Utbildningsf\u00f6retagen","description":"","potentialAction":[{"@type":"SearchAction","target":{"@type":"EntryPoint","urlTemplate":"https:\/\/www.utbildningsforetagen.se\/?s={search_term_string}"},"query-input":{"@type":"PropertyValueSpecification","valueRequired":true,"valueName":"search_term_string"}}],"inLanguage":"sv-SE"}]}},"_links":{"self":[{"href":"https:\/\/www.utbildningsforetagen.se\/api\/wp\/v2\/event\/5440","targetHints":{"allow":["GET"]}}],"collection":[{"href":"https:\/\/www.utbildningsforetagen.se\/api\/wp\/v2\/event"}],"about":[{"href":"https:\/\/www.utbildningsforetagen.se\/api\/wp\/v2\/types\/event"}],"wp:featuredmedia":[{"embeddable":true,"href":"https:\/\/www.utbildningsforetagen.se\/api\/wp\/v2\/media\/5252"}],"wp:attachment":[{"href":"https:\/\/www.utbildningsforetagen.se\/api\/wp\/v2\/media?parent=5440"}],"wp:term":[{"taxonomy":"eventcat","embeddable":true,"href":"https:\/\/www.utbildningsforetagen.se\/api\/wp\/v2\/eventcat?post=5440"},{"taxonomy":"eventtype","embeddable":true,"href":"https:\/\/www.utbildningsforetagen.se\/api\/wp\/v2\/eventtype?post=5440"},{"taxonomy":"eventformat","embeddable":true,"href":"https:\/\/www.utbildningsforetagen.se\/api\/wp\/v2\/eventformat?post=5440"},{"taxonomy":"agreement","embeddable":true,"href":"https:\/\/www.utbildningsforetagen.se\/api\/wp\/v2\/agreement?post=5440"}],"curies":[{"name":"wp","href":"https:\/\/api.w.org\/{rel}","templated":true}]}}