{"id":5394,"date":"2026-01-30T12:01:32","date_gmt":"2026-01-30T11:01:32","guid":{"rendered":"https:\/\/www.utbildningsforetagen.se\/aktiviteter\/friskoleavtalet\/"},"modified":"2026-02-11T01:07:01","modified_gmt":"2026-02-11T00:07:01","slug":"friskoleavtalet","status":"publish","type":"event","link":"https:\/\/www.utbildningsforetagen.se\/aktiviteter\/friskoleavtalet\/","title":{"rendered":"Friskole&shy;avtalet"},"content":{"rendered":"<div class=\"wp-block wp-block-classic-editor\">\n<p class=\"intro\">V\u00e4lkommen till Almegas kollektivavtalskurs f\u00f6r Friskoleavtalen. P\u00e5 Almegas branschanpassade kollektivavtalskurser tar vi upp reglerna som styr relationen mellan arbetsgivare och arbetstagare med ditt branschspecifika kollektivavtal i fokus. Vi ser \u00f6ver de regler och lagar som styr din bransch och varvar teori med praktiska exempel.&nbsp;<\/p>\n<h2><strong>Detta f\u00e5r du i kursen<\/strong><\/h2>\n<p>Under kursen f\u00e5r du en genomg\u00e5ng av de anst\u00e4llningsvillkor som g\u00e4ller i aktuellt kollektivavtal i kombination med de lagar som g\u00e4ller p\u00e5 omr\u00e5det. Vi g\u00e5r igenom villkor vid anst\u00e4llningens ing\u00e5ende, vilka anst\u00e4llningsformer som g\u00e4ller, hur arbetstid hanteras, regler om semester och ferier och vilka fr\u00e5nvaroregler det finns. Vi kommer \u00e4ven att diskutera anst\u00e4llningens upph\u00f6rande, upps\u00e4gningstider och formaliakrav.<\/p>\n<h2><strong>Kursledare<\/strong><\/h2>\n<p>Arbetr\u00e4ttsjurister\/experter fr\u00e5n Almega Utbildning<br \/>&nbsp;<\/p>\n<h2><strong>Praktiska detaljer<\/strong><\/h2>\n<p>Som deltagare har du m\u00f6jlighet att st\u00e4lla fr\u00e5gor via chatt under kursen.<br \/>Information om hur du ansluter dig till kursen skickas i en separat kallelse.&nbsp;<\/p>\n<p>Kursen \u00e4r uppdelad i <strong>tv\u00e5 delar som h\u00e5lls vid tv\u00e5 olika datum<\/strong> och du f\u00e5r en bekr\u00e4ftelse f\u00f6r b\u00e5da delarna.<\/p>\n<p><\/p>\n<h2><strong>Pris<\/strong><\/h2>\n<p>1995 kr exkl moms f\u00f6r medlemmar<br \/>6900 kr exkl moms f\u00f6r icke-medlemmar<\/p>\n<p><\/p>\n<p><\/p>\n<h2>M\u00e5lgrupp<\/h2>\n<p>Vi v\u00e4nder oss i f\u00f6rsta hand till dig som \u00e4r chef eller medarbetare som fattar beslut eller arbetar med villkorsfr\u00e5gor. Avtalskursen ger dig en bra genomg\u00e5ng av kollektivavtalet oavsett om du \u00e4r ny i din roll eller i behov av en repetition.<\/p>\n<\/div>\n","protected":false},"excerpt":{"rendered":"<p>V\u00e4lkommen till Almegas kollektivavtalskurs f\u00f6r Friskoleavtalen. P\u00e5 Almegas branschanpassade kollektivavtalskurser tar vi upp reglerna som styr relationen mellan arbetsgivare och arbetstagare med ditt branschspecifika kollektivavtal i fokus. Vi ser \u00f6ver de regler och lagar som styr din bransch och varvar teori med praktiska exempel.&nbsp;<\/p>\n","protected":false},"featured_media":0,"template":"","eventcat":[43],"eventtype":[55],"eventformat":[54],"agreement":[],"class_list":["post-5394","event","type-event","status-publish","hentry","eventcat-kollektivavtal","eventtype-kurs","eventformat-distans"],"acf":[],"yoast_head":"<!-- This site is optimized with the Yoast SEO plugin v26.8 - https:\/\/yoast.com\/product\/yoast-seo-wordpress\/ -->\n<title>Friskoleavtalet - Utbildningsf\u00f6retagen<\/title>\n<meta name=\"robots\" content=\"index, follow, max-snippet:-1, max-image-preview:large, max-video-preview:-1\" \/>\n<link rel=\"canonical\" href=\"https:\/\/www.utbildningsforetagen.se\/aktiviteter\/friskoleavtalet\/\" \/>\n<meta property=\"og:locale\" content=\"sv_SE\" \/>\n<meta property=\"og:type\" content=\"article\" \/>\n<meta property=\"og:title\" content=\"Friskoleavtalet - Utbildningsf\u00f6retagen\" \/>\n<meta property=\"og:description\" content=\"V\u00e4lkommen till Almegas kollektivavtalskurs f\u00f6r Friskoleavtalen. P\u00e5 Almegas branschanpassade kollektivavtalskurser tar vi upp reglerna som styr relationen mellan arbetsgivare och arbetstagare med ditt branschspecifika kollektivavtal i fokus. Vi ser \u00f6ver de regler och lagar som styr din bransch och varvar teori med praktiska exempel.&nbsp;\" \/>\n<meta property=\"og:url\" content=\"https:\/\/www.utbildningsforetagen.se\/aktiviteter\/friskoleavtalet\/\" \/>\n<meta property=\"og:site_name\" content=\"Utbildningsf\u00f6retagen\" \/>\n<meta property=\"article:modified_time\" content=\"2026-02-11T00:07:01+00:00\" \/>\n<meta name=\"twitter:card\" content=\"summary_large_image\" \/>\n<meta name=\"twitter:label1\" content=\"Ber\u00e4knad l\u00e4stid\" \/>\n\t<meta name=\"twitter:data1\" content=\"1 minut\" \/>\n<script type=\"application\/ld+json\" class=\"yoast-schema-graph\">{\"@context\":\"https:\/\/schema.org\",\"@graph\":[{\"@type\":\"WebPage\",\"@id\":\"https:\/\/www.utbildningsforetagen.se\/aktiviteter\/friskoleavtalet\/\",\"url\":\"https:\/\/www.utbildningsforetagen.se\/aktiviteter\/friskoleavtalet\/\",\"name\":\"Friskoleavtalet - Utbildningsf\u00f6retagen\",\"isPartOf\":{\"@id\":\"https:\/\/www.utbildningsforetagen.se\/#website\"},\"datePublished\":\"2026-01-30T11:01:32+00:00\",\"dateModified\":\"2026-02-11T00:07:01+00:00\",\"breadcrumb\":{\"@id\":\"https:\/\/www.utbildningsforetagen.se\/aktiviteter\/friskoleavtalet\/#breadcrumb\"},\"inLanguage\":\"sv-SE\",\"potentialAction\":[{\"@type\":\"ReadAction\",\"target\":[\"https:\/\/www.utbildningsforetagen.se\/aktiviteter\/friskoleavtalet\/\"]}]},{\"@type\":\"BreadcrumbList\",\"@id\":\"https:\/\/www.utbildningsforetagen.se\/aktiviteter\/friskoleavtalet\/#breadcrumb\",\"itemListElement\":[{\"@type\":\"ListItem\",\"position\":1,\"name\":\"Home\",\"item\":\"https:\/\/www.utbildningsforetagen.se\/\"},{\"@type\":\"ListItem\",\"position\":2,\"name\":\"Aktiviteter\",\"item\":\"https:\/\/www.utbildningsforetagen.se\/aktiviteter\/\"},{\"@type\":\"ListItem\",\"position\":3,\"name\":\"Friskole&shy;avtalet\"}]},{\"@type\":\"WebSite\",\"@id\":\"https:\/\/www.utbildningsforetagen.se\/#website\",\"url\":\"https:\/\/www.utbildningsforetagen.se\/\",\"name\":\"Utbildningsf\u00f6retagen\",\"description\":\"\",\"potentialAction\":[{\"@type\":\"SearchAction\",\"target\":{\"@type\":\"EntryPoint\",\"urlTemplate\":\"https:\/\/www.utbildningsforetagen.se\/?s={search_term_string}\"},\"query-input\":{\"@type\":\"PropertyValueSpecification\",\"valueRequired\":true,\"valueName\":\"search_term_string\"}}],\"inLanguage\":\"sv-SE\"}]}<\/script>\n<!-- \/ Yoast SEO plugin. -->","yoast_head_json":{"title":"Friskoleavtalet - Utbildningsf\u00f6retagen","robots":{"index":"index","follow":"follow","max-snippet":"max-snippet:-1","max-image-preview":"max-image-preview:large","max-video-preview":"max-video-preview:-1"},"canonical":"https:\/\/www.utbildningsforetagen.se\/aktiviteter\/friskoleavtalet\/","og_locale":"sv_SE","og_type":"article","og_title":"Friskoleavtalet - Utbildningsf\u00f6retagen","og_description":"V\u00e4lkommen till Almegas kollektivavtalskurs f\u00f6r Friskoleavtalen. P\u00e5 Almegas branschanpassade kollektivavtalskurser tar vi upp reglerna som styr relationen mellan arbetsgivare och arbetstagare med ditt branschspecifika kollektivavtal i fokus. Vi ser \u00f6ver de regler och lagar som styr din bransch och varvar teori med praktiska exempel.&nbsp;","og_url":"https:\/\/www.utbildningsforetagen.se\/aktiviteter\/friskoleavtalet\/","og_site_name":"Utbildningsf\u00f6retagen","article_modified_time":"2026-02-11T00:07:01+00:00","twitter_card":"summary_large_image","twitter_misc":{"Ber\u00e4knad l\u00e4stid":"1 minut"},"schema":{"@context":"https:\/\/schema.org","@graph":[{"@type":"WebPage","@id":"https:\/\/www.utbildningsforetagen.se\/aktiviteter\/friskoleavtalet\/","url":"https:\/\/www.utbildningsforetagen.se\/aktiviteter\/friskoleavtalet\/","name":"Friskoleavtalet - Utbildningsf\u00f6retagen","isPartOf":{"@id":"https:\/\/www.utbildningsforetagen.se\/#website"},"datePublished":"2026-01-30T11:01:32+00:00","dateModified":"2026-02-11T00:07:01+00:00","breadcrumb":{"@id":"https:\/\/www.utbildningsforetagen.se\/aktiviteter\/friskoleavtalet\/#breadcrumb"},"inLanguage":"sv-SE","potentialAction":[{"@type":"ReadAction","target":["https:\/\/www.utbildningsforetagen.se\/aktiviteter\/friskoleavtalet\/"]}]},{"@type":"BreadcrumbList","@id":"https:\/\/www.utbildningsforetagen.se\/aktiviteter\/friskoleavtalet\/#breadcrumb","itemListElement":[{"@type":"ListItem","position":1,"name":"Home","item":"https:\/\/www.utbildningsforetagen.se\/"},{"@type":"ListItem","position":2,"name":"Aktiviteter","item":"https:\/\/www.utbildningsforetagen.se\/aktiviteter\/"},{"@type":"ListItem","position":3,"name":"Friskole&shy;avtalet"}]},{"@type":"WebSite","@id":"https:\/\/www.utbildningsforetagen.se\/#website","url":"https:\/\/www.utbildningsforetagen.se\/","name":"Utbildningsf\u00f6retagen","description":"","potentialAction":[{"@type":"SearchAction","target":{"@type":"EntryPoint","urlTemplate":"https:\/\/www.utbildningsforetagen.se\/?s={search_term_string}"},"query-input":{"@type":"PropertyValueSpecification","valueRequired":true,"valueName":"search_term_string"}}],"inLanguage":"sv-SE"}]}},"_links":{"self":[{"href":"https:\/\/www.utbildningsforetagen.se\/api\/wp\/v2\/event\/5394","targetHints":{"allow":["GET"]}}],"collection":[{"href":"https:\/\/www.utbildningsforetagen.se\/api\/wp\/v2\/event"}],"about":[{"href":"https:\/\/www.utbildningsforetagen.se\/api\/wp\/v2\/types\/event"}],"wp:attachment":[{"href":"https:\/\/www.utbildningsforetagen.se\/api\/wp\/v2\/media?parent=5394"}],"wp:term":[{"taxonomy":"eventcat","embeddable":true,"href":"https:\/\/www.utbildningsforetagen.se\/api\/wp\/v2\/eventcat?post=5394"},{"taxonomy":"eventtype","embeddable":true,"href":"https:\/\/www.utbildningsforetagen.se\/api\/wp\/v2\/eventtype?post=5394"},{"taxonomy":"eventformat","embeddable":true,"href":"https:\/\/www.utbildningsforetagen.se\/api\/wp\/v2\/eventformat?post=5394"},{"taxonomy":"agreement","embeddable":true,"href":"https:\/\/www.utbildningsforetagen.se\/api\/wp\/v2\/agreement?post=5394"}],"curies":[{"name":"wp","href":"https:\/\/api.w.org\/{rel}","templated":true}]}}