{"id":5097,"date":"2024-07-15T11:52:43","date_gmt":"2024-07-15T09:52:43","guid":{"rendered":"https:\/\/www.utbildningsforetagen.se\/aktiviteter\/vad-maste-jag-veta-nar-jag-ska-saga-upp\/"},"modified":"2025-12-30T03:01:23","modified_gmt":"2025-12-30T02:01:23","slug":"vad-maste-jag-veta-nar-jag-ska-saga-upp","status":"publish","type":"event","link":"https:\/\/www.utbildningsforetagen.se\/aktiviteter\/vad-maste-jag-veta-nar-jag-ska-saga-upp\/","title":{"rendered":"F\u00f6r sm\u00e5&shy;f\u00f6retagare: Vad m\u00e5ste jag veta n\u00e4r jag ska s\u00e4ga upp?"},"content":{"rendered":"<div class=\"wp-block wp-block-classic-editor\">\n<p class=\"intro\">F\u00f6r sm\u00e5f\u00f6retagare med begr\u00e4nsad tid \u00e4r det avg\u00f6rande att f\u00f6rst\u00e5 de mest v\u00e4sentliga aspekterna av arbetsr\u00e4tten. Att s\u00e4ga upp personal kan vara en k\u00e4nslig och komplicerad process. Denna kurs ger dig en snabb och tydlig genomg\u00e5ng av vad du m\u00e5ste veta f\u00f6r att hantera upps\u00e4gningar korrekt och r\u00e4ttvist.<\/p>\n<p>Vi g\u00e5r igenom de viktigaste reglerna och procedurerna f\u00f6r upps\u00e4gning, s\u00e5 att du kan genomf\u00f6ra processen p\u00e5 ett lagenligt och professionellt s\u00e4tt.<\/p>\n<ul type=\"disc\">\n<li>Lagliga grunder f\u00f6r upps\u00e4gning<\/li>\n<li>Upps\u00e4gningsprocessen<\/li>\n<li>Formkrav och upps\u00e4gningsf\u00f6rfarande<\/li>\n<li>F\u00f6rhandling och dialog med fackliga representanter\n<\/li>\n<\/ul>\n<h2><strong>Praktiska detaljer<\/strong>&nbsp;<\/h2>\n<p>Som deltagare har du m\u00f6jlighet att st\u00e4lla fr\u00e5gor via chatten under kursen som besvaras direkt i m\u00e5n av tid samt sammanst\u00e4lls och skickas ut i efterhand. Information om hur du ansluter dig till kursen skickas i en separat kallelse.<\/p>\n<p><a href=\"https:\/\/www.almega.se\/utbildning\/smaforetag\/\">Fler tillf\u00e4llen framtagna f\u00f6r dig som sm\u00e5f\u00f6retagare, l\u00e4s mer och boka<\/a><a href=\"https:\/\/www.almega.se\/utbildning\/smaforetag\/\"><\/a><a href=\"https:\/\/www.almega.se\/utbildning\/smaforetag\/\">&nbsp;h\u00e4r.<\/a><\/p>\n<p><\/p>\n<h2> <strong>Pris f\u00f6r medlemmar<\/strong><\/h2>\n<p>500kr ex moms per person<\/p>\n<p><\/p>\n<h2><strong>\u00c4r du icke-medlem och vill g\u00e5 kursen?<\/strong><\/h2>\n<p>Du \u00e4r sj\u00e4lvklart v\u00e4lkommen att delta, priset \u00e4r d\u00e5 1790 kr exkl moms per person.<br \/>\n&nbsp;<\/p>\n<h2>M\u00e5lgrupp<\/h2>\n<p>Kursen riktar sig till sm\u00e5f\u00f6retagare, med upp till 49 anst\u00e4llda, som snabbt vill f\u00e5 koll p\u00e5 vad de beh\u00f6ver veta n\u00e4r de ska s\u00e4ga upp personal.\n<\/p>\n<h2>Citat<\/h2>\n<p>Vad har tidigare deltagare sagt om kursen:<\/p>\n<p>\u201dBra och tydlig information\u201d<\/p>\n<p>&#8221;J\u00e4ttebra med korta kurser p\u00e5 morgonen&#8221;<\/p>\n<\/div>\n","protected":false},"excerpt":{"rendered":"<p>F\u00f6r sm\u00e5f\u00f6retagare med begr\u00e4nsad tid \u00e4r det avg\u00f6rande att f\u00f6rst\u00e5 de mest v\u00e4sentliga aspekterna av arbetsr\u00e4tten. Att s\u00e4ga upp personal kan vara en k\u00e4nslig och komplicerad process. Denna kurs ger dig en snabb och tydlig genomg\u00e5ng av vad du m\u00e5ste veta f\u00f6r att hantera upps\u00e4gningar korrekt och r\u00e4ttvist.<\/p>\n","protected":false},"featured_media":5254,"template":"","eventcat":[27],"eventtype":[55],"eventformat":[54],"agreement":[],"class_list":["post-5097","event","type-event","status-publish","has-post-thumbnail","hentry","eventcat-arbetsratt","eventtype-kurs","eventformat-distans"],"acf":[],"yoast_head":"<!-- This site is optimized with the Yoast SEO plugin v26.8 - https:\/\/yoast.com\/product\/yoast-seo-wordpress\/ -->\n<title>F\u00f6r sm\u00e5f\u00f6retagare: Vad m\u00e5ste jag veta n\u00e4r jag ska s\u00e4ga upp? - Utbildningsf\u00f6retagen<\/title>\n<meta name=\"robots\" content=\"index, follow, max-snippet:-1, max-image-preview:large, max-video-preview:-1\" \/>\n<link rel=\"canonical\" href=\"https:\/\/www.utbildningsforetagen.se\/aktiviteter\/vad-maste-jag-veta-nar-jag-ska-saga-upp\/\" \/>\n<meta property=\"og:locale\" content=\"sv_SE\" \/>\n<meta property=\"og:type\" content=\"article\" \/>\n<meta property=\"og:title\" content=\"F\u00f6r sm\u00e5f\u00f6retagare: Vad m\u00e5ste jag veta n\u00e4r jag ska s\u00e4ga upp? - Utbildningsf\u00f6retagen\" \/>\n<meta property=\"og:description\" content=\"F\u00f6r sm\u00e5f\u00f6retagare med begr\u00e4nsad tid \u00e4r det avg\u00f6rande att f\u00f6rst\u00e5 de mest v\u00e4sentliga aspekterna av arbetsr\u00e4tten. Att s\u00e4ga upp personal kan vara en k\u00e4nslig och komplicerad process. Denna kurs ger dig en snabb och tydlig genomg\u00e5ng av vad du m\u00e5ste veta f\u00f6r att hantera upps\u00e4gningar korrekt och r\u00e4ttvist.\" \/>\n<meta property=\"og:url\" content=\"https:\/\/www.utbildningsforetagen.se\/aktiviteter\/vad-maste-jag-veta-nar-jag-ska-saga-upp\/\" \/>\n<meta property=\"og:site_name\" content=\"Utbildningsf\u00f6retagen\" \/>\n<meta property=\"article:modified_time\" content=\"2025-12-30T02:01:23+00:00\" \/>\n<meta property=\"og:image\" content=\"https:\/\/www.utbildningsforetagen.se\/app\/uploads\/sites\/7\/2025\/06\/almegaai2-scaled.jpg\" \/>\n\t<meta property=\"og:image:width\" content=\"2560\" \/>\n\t<meta property=\"og:image:height\" content=\"2560\" \/>\n\t<meta property=\"og:image:type\" content=\"image\/jpeg\" \/>\n<meta name=\"twitter:card\" content=\"summary_large_image\" \/>\n<meta name=\"twitter:label1\" content=\"Ber\u00e4knad l\u00e4stid\" \/>\n\t<meta name=\"twitter:data1\" content=\"1 minut\" \/>\n<script type=\"application\/ld+json\" class=\"yoast-schema-graph\">{\"@context\":\"https:\/\/schema.org\",\"@graph\":[{\"@type\":\"WebPage\",\"@id\":\"https:\/\/www.utbildningsforetagen.se\/aktiviteter\/vad-maste-jag-veta-nar-jag-ska-saga-upp\/\",\"url\":\"https:\/\/www.utbildningsforetagen.se\/aktiviteter\/vad-maste-jag-veta-nar-jag-ska-saga-upp\/\",\"name\":\"F\u00f6r sm\u00e5f\u00f6retagare: Vad m\u00e5ste jag veta n\u00e4r jag ska s\u00e4ga upp? - Utbildningsf\u00f6retagen\",\"isPartOf\":{\"@id\":\"https:\/\/www.utbildningsforetagen.se\/#website\"},\"primaryImageOfPage\":{\"@id\":\"https:\/\/www.utbildningsforetagen.se\/aktiviteter\/vad-maste-jag-veta-nar-jag-ska-saga-upp\/#primaryimage\"},\"image\":{\"@id\":\"https:\/\/www.utbildningsforetagen.se\/aktiviteter\/vad-maste-jag-veta-nar-jag-ska-saga-upp\/#primaryimage\"},\"thumbnailUrl\":\"https:\/\/www.utbildningsforetagen.se\/app\/uploads\/sites\/7\/2025\/06\/almegaai2-scaled.jpg\",\"datePublished\":\"2024-07-15T09:52:43+00:00\",\"dateModified\":\"2025-12-30T02:01:23+00:00\",\"breadcrumb\":{\"@id\":\"https:\/\/www.utbildningsforetagen.se\/aktiviteter\/vad-maste-jag-veta-nar-jag-ska-saga-upp\/#breadcrumb\"},\"inLanguage\":\"sv-SE\",\"potentialAction\":[{\"@type\":\"ReadAction\",\"target\":[\"https:\/\/www.utbildningsforetagen.se\/aktiviteter\/vad-maste-jag-veta-nar-jag-ska-saga-upp\/\"]}]},{\"@type\":\"ImageObject\",\"inLanguage\":\"sv-SE\",\"@id\":\"https:\/\/www.utbildningsforetagen.se\/aktiviteter\/vad-maste-jag-veta-nar-jag-ska-saga-upp\/#primaryimage\",\"url\":\"https:\/\/www.utbildningsforetagen.se\/app\/uploads\/sites\/7\/2025\/06\/almegaai2-scaled.jpg\",\"contentUrl\":\"https:\/\/www.utbildningsforetagen.se\/app\/uploads\/sites\/7\/2025\/06\/almegaai2-scaled.jpg\",\"width\":2560,\"height\":2560},{\"@type\":\"BreadcrumbList\",\"@id\":\"https:\/\/www.utbildningsforetagen.se\/aktiviteter\/vad-maste-jag-veta-nar-jag-ska-saga-upp\/#breadcrumb\",\"itemListElement\":[{\"@type\":\"ListItem\",\"position\":1,\"name\":\"Home\",\"item\":\"https:\/\/www.utbildningsforetagen.se\/\"},{\"@type\":\"ListItem\",\"position\":2,\"name\":\"Aktiviteter\",\"item\":\"https:\/\/www.utbildningsforetagen.se\/aktiviteter\/\"},{\"@type\":\"ListItem\",\"position\":3,\"name\":\"F\u00f6r sm\u00e5&shy;f\u00f6retagare: Vad m\u00e5ste jag veta n\u00e4r jag ska s\u00e4ga upp?\"}]},{\"@type\":\"WebSite\",\"@id\":\"https:\/\/www.utbildningsforetagen.se\/#website\",\"url\":\"https:\/\/www.utbildningsforetagen.se\/\",\"name\":\"Utbildningsf\u00f6retagen\",\"description\":\"\",\"potentialAction\":[{\"@type\":\"SearchAction\",\"target\":{\"@type\":\"EntryPoint\",\"urlTemplate\":\"https:\/\/www.utbildningsforetagen.se\/?s={search_term_string}\"},\"query-input\":{\"@type\":\"PropertyValueSpecification\",\"valueRequired\":true,\"valueName\":\"search_term_string\"}}],\"inLanguage\":\"sv-SE\"}]}<\/script>\n<!-- \/ Yoast SEO plugin. -->","yoast_head_json":{"title":"F\u00f6r sm\u00e5f\u00f6retagare: Vad m\u00e5ste jag veta n\u00e4r jag ska s\u00e4ga upp? - Utbildningsf\u00f6retagen","robots":{"index":"index","follow":"follow","max-snippet":"max-snippet:-1","max-image-preview":"max-image-preview:large","max-video-preview":"max-video-preview:-1"},"canonical":"https:\/\/www.utbildningsforetagen.se\/aktiviteter\/vad-maste-jag-veta-nar-jag-ska-saga-upp\/","og_locale":"sv_SE","og_type":"article","og_title":"F\u00f6r sm\u00e5f\u00f6retagare: Vad m\u00e5ste jag veta n\u00e4r jag ska s\u00e4ga upp? - Utbildningsf\u00f6retagen","og_description":"F\u00f6r sm\u00e5f\u00f6retagare med begr\u00e4nsad tid \u00e4r det avg\u00f6rande att f\u00f6rst\u00e5 de mest v\u00e4sentliga aspekterna av arbetsr\u00e4tten. Att s\u00e4ga upp personal kan vara en k\u00e4nslig och komplicerad process. Denna kurs ger dig en snabb och tydlig genomg\u00e5ng av vad du m\u00e5ste veta f\u00f6r att hantera upps\u00e4gningar korrekt och r\u00e4ttvist.","og_url":"https:\/\/www.utbildningsforetagen.se\/aktiviteter\/vad-maste-jag-veta-nar-jag-ska-saga-upp\/","og_site_name":"Utbildningsf\u00f6retagen","article_modified_time":"2025-12-30T02:01:23+00:00","og_image":[{"width":2560,"height":2560,"url":"https:\/\/www.utbildningsforetagen.se\/app\/uploads\/sites\/7\/2025\/06\/almegaai2-scaled.jpg","type":"image\/jpeg"}],"twitter_card":"summary_large_image","twitter_misc":{"Ber\u00e4knad l\u00e4stid":"1 minut"},"schema":{"@context":"https:\/\/schema.org","@graph":[{"@type":"WebPage","@id":"https:\/\/www.utbildningsforetagen.se\/aktiviteter\/vad-maste-jag-veta-nar-jag-ska-saga-upp\/","url":"https:\/\/www.utbildningsforetagen.se\/aktiviteter\/vad-maste-jag-veta-nar-jag-ska-saga-upp\/","name":"F\u00f6r sm\u00e5f\u00f6retagare: Vad m\u00e5ste jag veta n\u00e4r jag ska s\u00e4ga upp? - Utbildningsf\u00f6retagen","isPartOf":{"@id":"https:\/\/www.utbildningsforetagen.se\/#website"},"primaryImageOfPage":{"@id":"https:\/\/www.utbildningsforetagen.se\/aktiviteter\/vad-maste-jag-veta-nar-jag-ska-saga-upp\/#primaryimage"},"image":{"@id":"https:\/\/www.utbildningsforetagen.se\/aktiviteter\/vad-maste-jag-veta-nar-jag-ska-saga-upp\/#primaryimage"},"thumbnailUrl":"https:\/\/www.utbildningsforetagen.se\/app\/uploads\/sites\/7\/2025\/06\/almegaai2-scaled.jpg","datePublished":"2024-07-15T09:52:43+00:00","dateModified":"2025-12-30T02:01:23+00:00","breadcrumb":{"@id":"https:\/\/www.utbildningsforetagen.se\/aktiviteter\/vad-maste-jag-veta-nar-jag-ska-saga-upp\/#breadcrumb"},"inLanguage":"sv-SE","potentialAction":[{"@type":"ReadAction","target":["https:\/\/www.utbildningsforetagen.se\/aktiviteter\/vad-maste-jag-veta-nar-jag-ska-saga-upp\/"]}]},{"@type":"ImageObject","inLanguage":"sv-SE","@id":"https:\/\/www.utbildningsforetagen.se\/aktiviteter\/vad-maste-jag-veta-nar-jag-ska-saga-upp\/#primaryimage","url":"https:\/\/www.utbildningsforetagen.se\/app\/uploads\/sites\/7\/2025\/06\/almegaai2-scaled.jpg","contentUrl":"https:\/\/www.utbildningsforetagen.se\/app\/uploads\/sites\/7\/2025\/06\/almegaai2-scaled.jpg","width":2560,"height":2560},{"@type":"BreadcrumbList","@id":"https:\/\/www.utbildningsforetagen.se\/aktiviteter\/vad-maste-jag-veta-nar-jag-ska-saga-upp\/#breadcrumb","itemListElement":[{"@type":"ListItem","position":1,"name":"Home","item":"https:\/\/www.utbildningsforetagen.se\/"},{"@type":"ListItem","position":2,"name":"Aktiviteter","item":"https:\/\/www.utbildningsforetagen.se\/aktiviteter\/"},{"@type":"ListItem","position":3,"name":"F\u00f6r sm\u00e5&shy;f\u00f6retagare: Vad m\u00e5ste jag veta n\u00e4r jag ska s\u00e4ga upp?"}]},{"@type":"WebSite","@id":"https:\/\/www.utbildningsforetagen.se\/#website","url":"https:\/\/www.utbildningsforetagen.se\/","name":"Utbildningsf\u00f6retagen","description":"","potentialAction":[{"@type":"SearchAction","target":{"@type":"EntryPoint","urlTemplate":"https:\/\/www.utbildningsforetagen.se\/?s={search_term_string}"},"query-input":{"@type":"PropertyValueSpecification","valueRequired":true,"valueName":"search_term_string"}}],"inLanguage":"sv-SE"}]}},"_links":{"self":[{"href":"https:\/\/www.utbildningsforetagen.se\/api\/wp\/v2\/event\/5097","targetHints":{"allow":["GET"]}}],"collection":[{"href":"https:\/\/www.utbildningsforetagen.se\/api\/wp\/v2\/event"}],"about":[{"href":"https:\/\/www.utbildningsforetagen.se\/api\/wp\/v2\/types\/event"}],"wp:featuredmedia":[{"embeddable":true,"href":"https:\/\/www.utbildningsforetagen.se\/api\/wp\/v2\/media\/5254"}],"wp:attachment":[{"href":"https:\/\/www.utbildningsforetagen.se\/api\/wp\/v2\/media?parent=5097"}],"wp:term":[{"taxonomy":"eventcat","embeddable":true,"href":"https:\/\/www.utbildningsforetagen.se\/api\/wp\/v2\/eventcat?post=5097"},{"taxonomy":"eventtype","embeddable":true,"href":"https:\/\/www.utbildningsforetagen.se\/api\/wp\/v2\/eventtype?post=5097"},{"taxonomy":"eventformat","embeddable":true,"href":"https:\/\/www.utbildningsforetagen.se\/api\/wp\/v2\/eventformat?post=5097"},{"taxonomy":"agreement","embeddable":true,"href":"https:\/\/www.utbildningsforetagen.se\/api\/wp\/v2\/agreement?post=5097"}],"curies":[{"name":"wp","href":"https:\/\/api.w.org\/{rel}","templated":true}]}}